{"id":11496,"date":"2022-01-25T12:06:47","date_gmt":"2022-01-25T11:06:47","guid":{"rendered":"https:\/\/www.gigroupholding.com\/switzerland\/privacy-policy-3\/"},"modified":"2023-04-29T14:32:06","modified_gmt":"2023-04-29T12:32:06","slug":"privacy-policy-candidats","status":"publish","type":"page","link":"https:\/\/www.gigroupholding.com\/switzerland\/fr\/privacy-policy-candidats\/","title":{"rendered":"Privacy Policy Candidats"},"content":{"rendered":"\t\t<div data-elementor-type=\"wp-page\" data-elementor-id=\"11496\" class=\"elementor elementor-11496 elementor-11494\" data-elementor-post-type=\"page\">\n\t\t\t\t\t\t<section class=\"elementor-section elementor-top-section elementor-element elementor-element-bf04bd8 header_line_left elementor-section-boxed elementor-section-height-default elementor-section-height-default\" data-id=\"bf04bd8\" data-element_type=\"section\" data-settings=\"{&quot;background_background&quot;:&quot;classic&quot;}\">\n\t\t\t\t\t\t<div class=\"elementor-container elementor-column-gap-default\">\n\t\t\t\t\t<div class=\"elementor-column elementor-col-100 elementor-top-column elementor-element elementor-element-345e8e7\" data-id=\"345e8e7\" data-element_type=\"column\">\n\t\t\t<div class=\"elementor-widget-wrap elementor-element-populated\">\n\t\t\t\t\t\t<div class=\"elementor-element elementor-element-ef2a18c elementor-widget elementor-widget-heading\" data-id=\"ef2a18c\" data-element_type=\"widget\" data-widget_type=\"heading.default\">\n\t\t\t\t<div class=\"elementor-widget-container\">\n\t\t\t<h1 class=\"elementor-heading-title elementor-size-default\">Politique de Confidentialit\u00e9 <br><span class=\"header_span\">Candidats<\/span><\/h1>\t\t<\/div>\n\t\t\t\t<\/div>\n\t\t\t\t<div class=\"elementor-element elementor-element-915a1c9 elementor-widget elementor-widget-spacer\" data-id=\"915a1c9\" data-element_type=\"widget\" data-widget_type=\"spacer.default\">\n\t\t\t\t<div class=\"elementor-widget-container\">\n\t\t\t\t\t<div class=\"elementor-spacer\">\n\t\t\t<div class=\"elementor-spacer-inner\"><\/div>\n\t\t<\/div>\n\t\t\t\t<\/div>\n\t\t\t\t<\/div>\n\t\t\t\t\t<\/div>\n\t\t<\/div>\n\t\t\t\t\t<\/div>\n\t\t<\/section>\n\t\t\t\t<section class=\"elementor-section elementor-top-section elementor-element elementor-element-57407aa elementor-section-boxed elementor-section-height-default elementor-section-height-default\" data-id=\"57407aa\" data-element_type=\"section\">\n\t\t\t\t\t\t<div class=\"elementor-container elementor-column-gap-default\">\n\t\t\t\t\t<div class=\"elementor-column elementor-col-100 elementor-top-column elementor-element elementor-element-74f4156 max-width-940\" data-id=\"74f4156\" data-element_type=\"column\">\n\t\t\t<div class=\"elementor-widget-wrap elementor-element-populated\">\n\t\t\t\t\t\t<div class=\"elementor-element elementor-element-9bb6d57 elementor-widget elementor-widget-text-editor\" data-id=\"9bb6d57\" data-element_type=\"widget\" data-widget_type=\"text-editor.default\">\n\t\t\t\t<div class=\"elementor-widget-container\">\n\t\t\t\t\t\t\t<p><strong>Qui est le responsable du traitement des donn\u00e9es?<\/strong><\/p><p>GI GROUP HUMAN RESOURCES SA, bas\u00e9e \u00e0 Manno, Via Cantonale 2B &#8211; Suisse<\/p><p>EU Pro AG, dont le si\u00e8ge est \u00e0 Saint-Gall, St. Leonhard-Strasse 78 &#8211; Suisse<\/p><p>EU Pro Holding, dont le si\u00e8ge est \u00e0 Saint-Gall, St. Leonhard-Strasse 78 &#8211; Suisse<\/p><p>EU Pro Schaan, dont le si\u00e8ge est \u00e0 Saint-Gall, St. Leonhard-Strasse 78 &#8211; Suisse<\/p><p>EU Pro EAM, bas\u00e9 \u00e0 St. Gallen, St. Leonhard-Strasse 78 &#8211; Suisse<\/p><p>(\u00ab\u00a0Gi Group\u00a0\u00bb)<\/p>\t\t\t\t\t\t<\/div>\n\t\t\t\t<\/div>\n\t\t\t\t<div class=\"elementor-element elementor-element-04544fd elementor-widget elementor-widget-accordion\" data-id=\"04544fd\" data-element_type=\"widget\" data-widget_type=\"accordion.default\">\n\t\t\t\t<div class=\"elementor-widget-container\">\n\t\t\t\t\t<div class=\"elementor-accordion\">\n\t\t\t\t\t\t\t<div class=\"elementor-accordion-item\">\n\t\t\t\t\t<div id=\"elementor-tab-title-4531\" class=\"elementor-tab-title\" data-tab=\"1\" role=\"button\" aria-controls=\"elementor-tab-content-4531\" aria-expanded=\"false\">\n\t\t\t\t\t\t\t\t\t\t\t\t\t<span class=\"elementor-accordion-icon elementor-accordion-icon-left\" aria-hidden=\"true\">\n\t\t\t\t\t\t\t\t\t\t\t\t\t\t\t<span class=\"elementor-accordion-icon-closed\"><i class=\"fas fa-plus\"><\/i><\/span>\n\t\t\t\t\t\t\t\t<span class=\"elementor-accordion-icon-opened\"><i class=\"fas fa-minus\"><\/i><\/span>\n\t\t\t\t\t\t\t\t\t\t\t\t\t\t<\/span>\n\t\t\t\t\t\t\t\t\t\t\t\t<a class=\"elementor-accordion-title\" tabindex=\"0\">Pourquoi vos donn\u00e9es sont-elles trait\u00e9es?<\/a>\n\t\t\t\t\t<\/div>\n\t\t\t\t\t<div id=\"elementor-tab-content-4531\" class=\"elementor-tab-content elementor-clearfix\" data-tab=\"1\" role=\"region\" aria-labelledby=\"elementor-tab-title-4531\"><p><strong>1. Enregistrement sur le portail du Gi Group<\/strong><br \/>Qu&rsquo;est-ce qui l\u00e9gitime l&rsquo;activit\u00e9 de traitement ?<br \/>&#8211; L&rsquo;ex\u00e9cution d&rsquo;un service<\/p><p>Que se passe-t-il si vous ne fournissez pas les donn\u00e9es ?<br \/>&#8211; Si vous refusez de fournir les donn\u00e9es marqu\u00e9es d&rsquo;un ast\u00e9risque, vous ne pourrez pas vous inscrire sur le portail du Gi Group.<\/p><p>Combien de temps conservons-nous vos donn\u00e9es ?<br \/>&#8211; Les donn\u00e9es sont conserv\u00e9es pendant 30 mois \u00e0 compter de leur enregistrement dans la base de donn\u00e9es ou de votre derni\u00e8re interaction avec le site ou les agences, \u00e0 moins que vous ne consentiez \u00e0 une p\u00e9riode de conservation plus longue.<\/p><p><strong>2. Recherche et s\u00e9lection de candidats pour un emploi direct au sein de Gi Group<\/strong><br \/>Qu&rsquo;est-ce qui l\u00e9gitime l&rsquo;activit\u00e9 de traitement ?<br \/>&#8211; Ex\u00e9cution de mesures pr\u00e9contractuelles<\/p><p>Que se passe-t-il si vous ne fournissez pas les donn\u00e9es ?<br \/>&#8211; Si vous refusez de fournir les donn\u00e9es marqu\u00e9es d&rsquo;un ast\u00e9risque, Gi Group ne pourra pas proc\u00e9der aux activit\u00e9s de recherche et de s\u00e9lection et \u00e9valuer votre candidature.<\/p><p>Combien de temps conservons-nous vos donn\u00e9es ?<br \/>&#8211; Les donn\u00e9es sont conserv\u00e9es pendant 30 mois \u00e0 compter de leur saisie dans la base de donn\u00e9es ou de votre derni\u00e8re interaction avec le site ou les agences, \u00e0 moins que vous ne consentiez \u00e0 une p\u00e9riode de conservation plus longue.<\/p><p><strong>3. Recherche et s\u00e9lection de candidats en vue d&rsquo;un placement direct chez Gi Group pour des postes correspondant \u00e0 votre profil, par l&rsquo;envoi d&rsquo;offres d&#8217;emploi.<\/strong><br \/>Qu&rsquo;est-ce qui l\u00e9gitime le traitement ?<br \/>&#8211; Int\u00e9r\u00eat l\u00e9gitime de Gi Group<\/p><p>Que se passe-t-il si vous ne fournissez pas les donn\u00e9es ou si vous vous opposez \u00e0 ce traitement ?<br \/>&#8211; Si vous vous opposez \u00e0 ce traitement, vous pouvez toujours vous inscrire sur le portail du GI Group et soumettre votre candidature pour les postes vacants auxquels vous souhaitez postuler.<\/p><p>Combien de temps conservons-nous vos donn\u00e9es ?<br \/>&#8211; Les donn\u00e9es sont conserv\u00e9es pendant 30 mois \u00e0 compter de leur saisie dans la base de donn\u00e9es ou de votre derni\u00e8re interaction avec le site ou les agences, \u00e0 moins que vous ne consentiez \u00e0 une p\u00e9riode de conservation plus longue.<\/p><p><strong>4. R\u00e9alisation d&rsquo;\u00e9valuations et de tests psycho-aptitudes, comportementaux, techniques ou autres et r\u00e9ception ult\u00e9rieure, par e-mail, des r\u00e9sultats de l&rsquo;\u00e9valuation et des suggestions de d\u00e9veloppement personnel, via des plates-formes et des sites web sp\u00e9cifiques (tels que, par exemple, \u00ab\u00a0Eggup\u00a0\u00bb et \u00ab\u00a0Thomas International\u00a0\u00bb).<\/strong><br \/>Qu&rsquo;est-ce qui l\u00e9gitime l&rsquo;activit\u00e9 de traitement ?<br \/>&#8211; Le consentement de la personne concern\u00e9e au traitement des donn\u00e9es \u00e0 caract\u00e8re personnel.<\/p><p>Que se passe-t-il si vous ne fournissez pas de donn\u00e9es ou de consentement ?<br \/>&#8211; Si vous refusez de donner votre consentement, vous pouvez toujours vous enregistrer sur le portail du GI Group et soumettre votre candidature.<\/p><p>Combien de temps conservons-nous vos donn\u00e9es ?<br \/>&#8211; Les donn\u00e9es sont conserv\u00e9es pendant 30 mois apr\u00e8s l&rsquo;inscription.<\/p><p><strong>5. En cas de poursuite du processus de s\u00e9lection, ex\u00e9cution de l&rsquo;activit\u00e9 de pr\u00e9-embarquement visant \u00e0 l&rsquo;insertion dans Gi Group, par le biais de plateformes et de sites web sp\u00e9ciaux (tels que, par exemple, \u00ab\u00a0Enboarder\u00a0\u00bb).<\/strong><br \/>Qu&rsquo;est-ce qui l\u00e9gitime l&rsquo;activit\u00e9 de traitement ?<br \/>&#8211; L&rsquo;ex\u00e9cution de mesures pr\u00e9contractuelles.<\/p><p>Que se passe-t-il si vous ne fournissez pas de donn\u00e9es ou si vous ne donnez pas votre consentement ?<br \/>&#8211; Si vous refusez de fournir des donn\u00e9es, Gi Group ne pourra pas proc\u00e9der aux activit\u00e9s de pr\u00e9-embauche.<\/p><p>Combien de temps conservons-nous vos donn\u00e9es ?<br \/>&#8211; Les donn\u00e9es sont conserv\u00e9es jusqu&rsquo;\u00e0 la fin de cette phase et au plus tard jusqu&rsquo;\u00e0 la fin de la p\u00e9riode d&rsquo;essai.<\/p><p><strong>6. Envoi d&rsquo;informations et de communications promotionnelles relatives aux services offerts par Gi Group \/ R\u00e9alisation d&rsquo;\u00e9tudes et de recherches statistiques et\/ou de march\u00e9 relatives aux services d&#8217;emploi.<\/strong><br \/>Qu&rsquo;est-ce qui l\u00e9gitime l&rsquo;activit\u00e9 de traitement ?<br \/>&#8211; Le consentement de la personne concern\u00e9e au traitement des donn\u00e9es personnelles.<\/p><p>Que se passe-t-il si vous ne fournissez pas de donn\u00e9es ou de consentement ?<br \/>&#8211; Si vous refusez de donner votre consentement, vous pouvez toujours vous inscrire sur le portail du GI Group et soumettre votre candidature.<\/p><p>Combien de temps conservons-nous vos donn\u00e9es ?<br \/>&#8211; Les donn\u00e9es sont trait\u00e9es aux fins susmentionn\u00e9es jusqu&rsquo;\u00e0 ce que vous r\u00e9voquiez votre consentement.<\/p><p><strong>7. Envoi d&rsquo;informations et de communications promotionnelles relatives aux services offerts par d&rsquo;autres soci\u00e9t\u00e9s du groupe (initiatives de formation, d\u00e9veloppement de carri\u00e8re, coaching, soutien \u00e0 l&rsquo;outplacement, recherche et s\u00e9lection de personnel et recherche de cadres) \/ R\u00e9alisation d&rsquo;\u00e9tudes et de recherches statistiques et\/ou de march\u00e9 relatives aux services de l&#8217;emploi.)<\/strong><br \/>Qu&rsquo;est-ce qui l\u00e9gitime l&rsquo;activit\u00e9 de traitement ?<br \/>&#8211; Le consentement de la personne concern\u00e9e au traitement des donn\u00e9es \u00e0 caract\u00e8re personnel.<\/p><p>Que se passe-t-il si vous ne fournissez pas de donn\u00e9es ou si vous ne donnez pas votre consentement ?<br \/>&#8211; Si vous refusez de donner votre consentement, vous pouvez toujours vous inscrire sur le portail du GI Group et soumettre votre candidature.<\/p><p>Combien de temps conservons-nous vos donn\u00e9es ?<br \/>&#8211; Les donn\u00e9es sont trait\u00e9es aux fins susmentionn\u00e9es jusqu&rsquo;\u00e0 ce que vous r\u00e9voquiez votre consentement.<\/p><\/div>\n\t\t\t\t<\/div>\n\t\t\t\t\t\t\t<div class=\"elementor-accordion-item\">\n\t\t\t\t\t<div id=\"elementor-tab-title-4532\" class=\"elementor-tab-title\" data-tab=\"2\" role=\"button\" aria-controls=\"elementor-tab-content-4532\" aria-expanded=\"false\">\n\t\t\t\t\t\t\t\t\t\t\t\t\t<span class=\"elementor-accordion-icon elementor-accordion-icon-left\" aria-hidden=\"true\">\n\t\t\t\t\t\t\t\t\t\t\t\t\t\t\t<span class=\"elementor-accordion-icon-closed\"><i class=\"fas fa-plus\"><\/i><\/span>\n\t\t\t\t\t\t\t\t<span class=\"elementor-accordion-icon-opened\"><i class=\"fas fa-minus\"><\/i><\/span>\n\t\t\t\t\t\t\t\t\t\t\t\t\t\t<\/span>\n\t\t\t\t\t\t\t\t\t\t\t\t<a class=\"elementor-accordion-title\" tabindex=\"0\">Qui traitera mes donn\u00e9es?<\/a>\n\t\t\t\t\t<\/div>\n\t\t\t\t\t<div id=\"elementor-tab-content-4532\" class=\"elementor-tab-content elementor-clearfix\" data-tab=\"2\" role=\"region\" aria-labelledby=\"elementor-tab-title-4532\"><p>Les donn\u00e9es seront trait\u00e9es par des employ\u00e9s et des collaborateurs express\u00e9ment autoris\u00e9s \u00e0 les traiter.<\/p><p>Les donn\u00e9es seront communiqu\u00e9es \u00e0 des tiers, notamment \u00e0 des entreprises ou entit\u00e9s clientes, \u00e0 d&rsquo;autres acteurs du march\u00e9 en cas de partenariat, \u00e0 des soci\u00e9t\u00e9s du groupe en Suisse ou \u00e0 l&rsquo;\u00e9tranger.<\/p><p>Les donn\u00e9es seront trait\u00e9es par des entit\u00e9s qui effectuent le traitement en notre nom, y compris des soci\u00e9t\u00e9s qui effectuent des services de gestion de sites web, des services de gestion et de maintenance de bases de donn\u00e9es de candidats ; des soci\u00e9t\u00e9s qui effectuent des activit\u00e9s de communication par courrier ; des soci\u00e9t\u00e9s qui effectuent des \u00e9tudes de march\u00e9.<\/p><p>Vos donn\u00e9es peuvent \u00eatre transf\u00e9r\u00e9es \u00e0 des soci\u00e9t\u00e9s qui ne sont pas bas\u00e9es en Suisse ou dans un \u00c9tat appartenant \u00e0 l&rsquo;Espace \u00e9conomique europ\u00e9en (EEE), c&rsquo;est-\u00e0-dire dans des pays qui ne b\u00e9n\u00e9ficient donc pas du m\u00eame niveau de protection standardis\u00e9 au sein de l&rsquo;EEE. C&rsquo;est pourquoi Gi Group a mis en place des mesures appropri\u00e9es pour s&rsquo;assurer que les entreprises qui ne sont pas bas\u00e9es en Suisse ou dans l&rsquo;EEE et qui traitent vos donn\u00e9es personnelles offrent une protection ad\u00e9quate pour ce traitement.<\/p><\/div>\n\t\t\t\t<\/div>\n\t\t\t\t\t\t\t<div class=\"elementor-accordion-item\">\n\t\t\t\t\t<div id=\"elementor-tab-title-4533\" class=\"elementor-tab-title\" data-tab=\"3\" role=\"button\" aria-controls=\"elementor-tab-content-4533\" aria-expanded=\"false\">\n\t\t\t\t\t\t\t\t\t\t\t\t\t<span class=\"elementor-accordion-icon elementor-accordion-icon-left\" aria-hidden=\"true\">\n\t\t\t\t\t\t\t\t\t\t\t\t\t\t\t<span class=\"elementor-accordion-icon-closed\"><i class=\"fas fa-plus\"><\/i><\/span>\n\t\t\t\t\t\t\t\t<span class=\"elementor-accordion-icon-opened\"><i class=\"fas fa-minus\"><\/i><\/span>\n\t\t\t\t\t\t\t\t\t\t\t\t\t\t<\/span>\n\t\t\t\t\t\t\t\t\t\t\t\t<a class=\"elementor-accordion-title\" tabindex=\"0\">Puis-je r\u00e9voquer mon consentement?<\/a>\n\t\t\t\t\t<\/div>\n\t\t\t\t\t<div id=\"elementor-tab-content-4533\" class=\"elementor-tab-content elementor-clearfix\" data-tab=\"3\" role=\"region\" aria-labelledby=\"elementor-tab-title-4533\"><p>Vous pouvez \u00e0 tout moment r\u00e9voquer votre consentement au traitement de vos donn\u00e9es en vous connectant \u00e0 votre compte personnel ou en envoyant un e-mail \u00e0 : <a href=\"mailto:ch.privacy@gigroup.com\">ch.privacy@gigroup.com<\/a>.<\/p><\/div>\n\t\t\t\t<\/div>\n\t\t\t\t\t\t\t<div class=\"elementor-accordion-item\">\n\t\t\t\t\t<div id=\"elementor-tab-title-4534\" class=\"elementor-tab-title\" data-tab=\"4\" role=\"button\" aria-controls=\"elementor-tab-content-4534\" aria-expanded=\"false\">\n\t\t\t\t\t\t\t\t\t\t\t\t\t<span class=\"elementor-accordion-icon elementor-accordion-icon-left\" aria-hidden=\"true\">\n\t\t\t\t\t\t\t\t\t\t\t\t\t\t\t<span class=\"elementor-accordion-icon-closed\"><i class=\"fas fa-plus\"><\/i><\/span>\n\t\t\t\t\t\t\t\t<span class=\"elementor-accordion-icon-opened\"><i class=\"fas fa-minus\"><\/i><\/span>\n\t\t\t\t\t\t\t\t\t\t\t\t\t\t<\/span>\n\t\t\t\t\t\t\t\t\t\t\t\t<a class=\"elementor-accordion-title\" tabindex=\"0\">Quels sont mes droits?<\/a>\n\t\t\t\t\t<\/div>\n\t\t\t\t\t<div id=\"elementor-tab-content-4534\" class=\"elementor-tab-content elementor-clearfix\" data-tab=\"4\" role=\"region\" aria-labelledby=\"elementor-tab-title-4534\"><p>Vous pouvez demander l&rsquo;acc\u00e8s aux donn\u00e9es vous concernant, leur rectification ou leur effacement, ainsi que la limitation du traitement, l&rsquo;opposition au traitement et la portabilit\u00e9 des donn\u00e9es en contactant le responsable du traitement par courrier ordinaire ou en envoyant un courriel \u00e0: <a href=\"mailto:ch.privacy@gigroup.com\">ch.privacy@gigroup.com<\/a>.<\/p><p>Vous pouvez introduire une r\u00e9clamation aupr\u00e8s de l&rsquo;autorit\u00e9 de contr\u00f4le comp\u00e9tente, ainsi qu&rsquo;exercer les autres droits qui vous sont conf\u00e9r\u00e9s par la r\u00e9glementation applicable.<\/p><\/div>\n\t\t\t\t<\/div>\n\t\t\t\t\t\t\t\t<\/div>\n\t\t\t\t<\/div>\n\t\t\t\t<\/div>\n\t\t\t\t\t<\/div>\n\t\t<\/div>\n\t\t\t\t\t<\/div>\n\t\t<\/section>\n\t\t\t\t<\/div>\n\t\t","protected":false},"excerpt":{"rendered":"<p>Politique de Confidentialit\u00e9 Candidats Qui est le responsable du traitement des donn\u00e9es? GI GROUP HUMAN RESOURCES SA, bas\u00e9e \u00e0 Manno, Via Cantonale 2B &#8211; Suisse EU Pro AG, dont le si\u00e8ge est \u00e0 Saint-Gall, St. Leonhard-Strasse 78 &#8211; Suisse EU Pro Holding, dont le si\u00e8ge est \u00e0 Saint-Gall, St. Leonhard-Strasse 78 &#8211; Suisse EU Pro [&hellip;]<\/p>\n","protected":false},"author":1,"featured_media":0,"parent":0,"menu_order":11,"comment_status":"closed","ping_status":"closed","template":"","meta":{"_acf_changed":false,"footnotes":"","_links_to":"","_links_to_target":""},"class_list":["post-11496","page","type-page","status-publish","hentry"],"acf":[],"yoast_head":"<!-- This site is optimized with the Yoast SEO plugin v23.9 - https:\/\/yoast.com\/wordpress\/plugins\/seo\/ -->\n<title>Privacy Policy Candidats - Gi Group Holding Switzerland<\/title>\n<meta name=\"robots\" content=\"index, follow, max-snippet:-1, max-image-preview:large, max-video-preview:-1\" \/>\n<link rel=\"canonical\" href=\"https:\/\/www.gigroupholding.com\/switzerland\/candidates-privacy-policy\/\" \/>\n<meta property=\"og:locale\" content=\"fr_FR\" \/>\n<meta property=\"og:type\" content=\"article\" \/>\n<meta property=\"og:title\" content=\"Privacy Policy Candidats - Gi Group Holding Switzerland\" \/>\n<meta property=\"og:description\" content=\"Politique de Confidentialit\u00e9 Candidats Qui est le responsable du traitement des donn\u00e9es? GI GROUP HUMAN RESOURCES SA, bas\u00e9e \u00e0 Manno, Via Cantonale 2B &#8211; Suisse EU Pro AG, dont le si\u00e8ge est \u00e0 Saint-Gall, St. Leonhard-Strasse 78 &#8211; Suisse EU Pro Holding, dont le si\u00e8ge est \u00e0 Saint-Gall, St. Leonhard-Strasse 78 &#8211; Suisse EU Pro [&hellip;]\" \/>\n<meta property=\"og:url\" content=\"https:\/\/www.gigroupholding.com\/switzerland\/candidates-privacy-policy\/\" \/>\n<meta property=\"og:site_name\" content=\"Gi Group Holding Switzerland\" \/>\n<meta property=\"article:modified_time\" content=\"2023-04-29T12:32:06+00:00\" \/>\n<meta name=\"twitter:card\" content=\"summary_large_image\" \/>\n<meta name=\"twitter:title\" content=\"Privacy Policy Candidats - Gi Group Holding Switzerland\" \/>\n<meta name=\"twitter:label1\" content=\"Dur\u00e9e de lecture estim\u00e9e\" \/>\n\t<meta name=\"twitter:data1\" content=\"6 minutes\" \/>\n<script type=\"application\/ld+json\" class=\"yoast-schema-graph\">{\"@context\":\"https:\/\/schema.org\",\"@graph\":[{\"@type\":\"WebPage\",\"@id\":\"https:\/\/www.gigroupholding.com\/switzerland\/candidates-privacy-policy\/\",\"url\":\"https:\/\/www.gigroupholding.com\/switzerland\/candidates-privacy-policy\/\",\"name\":\"Privacy Policy Candidats - Gi Group Holding Switzerland\",\"isPartOf\":{\"@id\":\"https:\/\/www.gigroupholding.com\/switzerland\/#website\"},\"datePublished\":\"2022-01-25T11:06:47+00:00\",\"dateModified\":\"2023-04-29T12:32:06+00:00\",\"inLanguage\":\"fr-FR\",\"potentialAction\":[{\"@type\":\"ReadAction\",\"target\":[\"https:\/\/www.gigroupholding.com\/switzerland\/candidates-privacy-policy\/\"]}]},{\"@type\":\"WebSite\",\"@id\":\"https:\/\/www.gigroupholding.com\/switzerland\/#website\",\"url\":\"https:\/\/www.gigroupholding.com\/switzerland\/\",\"name\":\"Gi Group Holding Switzerland\",\"description\":\"\",\"potentialAction\":[{\"@type\":\"SearchAction\",\"target\":{\"@type\":\"EntryPoint\",\"urlTemplate\":\"https:\/\/www.gigroupholding.com\/switzerland\/?s={search_term_string}\"},\"query-input\":{\"@type\":\"PropertyValueSpecification\",\"valueRequired\":true,\"valueName\":\"search_term_string\"}}],\"inLanguage\":\"fr-FR\"}]}<\/script>\n<!-- \/ Yoast SEO plugin. -->","yoast_head_json":{"title":"Privacy Policy Candidats - Gi Group Holding Switzerland","robots":{"index":"index","follow":"follow","max-snippet":"max-snippet:-1","max-image-preview":"max-image-preview:large","max-video-preview":"max-video-preview:-1"},"canonical":"https:\/\/www.gigroupholding.com\/switzerland\/candidates-privacy-policy\/","og_locale":"fr_FR","og_type":"article","og_title":"Privacy Policy Candidats - Gi Group Holding Switzerland","og_description":"Politique de Confidentialit\u00e9 Candidats Qui est le responsable du traitement des donn\u00e9es? GI GROUP HUMAN RESOURCES SA, bas\u00e9e \u00e0 Manno, Via Cantonale 2B &#8211; Suisse EU Pro AG, dont le si\u00e8ge est \u00e0 Saint-Gall, St. Leonhard-Strasse 78 &#8211; Suisse EU Pro Holding, dont le si\u00e8ge est \u00e0 Saint-Gall, St. Leonhard-Strasse 78 &#8211; Suisse EU Pro [&hellip;]","og_url":"https:\/\/www.gigroupholding.com\/switzerland\/candidates-privacy-policy\/","og_site_name":"Gi Group Holding Switzerland","article_modified_time":"2023-04-29T12:32:06+00:00","twitter_card":"summary_large_image","twitter_title":"Privacy Policy Candidats - Gi Group Holding Switzerland","twitter_misc":{"Dur\u00e9e de lecture estim\u00e9e":"6 minutes"},"schema":{"@context":"https:\/\/schema.org","@graph":[{"@type":"WebPage","@id":"https:\/\/www.gigroupholding.com\/switzerland\/candidates-privacy-policy\/","url":"https:\/\/www.gigroupholding.com\/switzerland\/candidates-privacy-policy\/","name":"Privacy Policy Candidats - Gi Group Holding Switzerland","isPartOf":{"@id":"https:\/\/www.gigroupholding.com\/switzerland\/#website"},"datePublished":"2022-01-25T11:06:47+00:00","dateModified":"2023-04-29T12:32:06+00:00","inLanguage":"fr-FR","potentialAction":[{"@type":"ReadAction","target":["https:\/\/www.gigroupholding.com\/switzerland\/candidates-privacy-policy\/"]}]},{"@type":"WebSite","@id":"https:\/\/www.gigroupholding.com\/switzerland\/#website","url":"https:\/\/www.gigroupholding.com\/switzerland\/","name":"Gi Group Holding Switzerland","description":"","potentialAction":[{"@type":"SearchAction","target":{"@type":"EntryPoint","urlTemplate":"https:\/\/www.gigroupholding.com\/switzerland\/?s={search_term_string}"},"query-input":{"@type":"PropertyValueSpecification","valueRequired":true,"valueName":"search_term_string"}}],"inLanguage":"fr-FR"}]}},"_links":{"self":[{"href":"https:\/\/www.gigroupholding.com\/switzerland\/fr\/wp-json\/wp\/v2\/pages\/11496","targetHints":{"allow":["GET"]}}],"collection":[{"href":"https:\/\/www.gigroupholding.com\/switzerland\/fr\/wp-json\/wp\/v2\/pages"}],"about":[{"href":"https:\/\/www.gigroupholding.com\/switzerland\/fr\/wp-json\/wp\/v2\/types\/page"}],"author":[{"embeddable":true,"href":"https:\/\/www.gigroupholding.com\/switzerland\/fr\/wp-json\/wp\/v2\/users\/1"}],"replies":[{"embeddable":true,"href":"https:\/\/www.gigroupholding.com\/switzerland\/fr\/wp-json\/wp\/v2\/comments?post=11496"}],"version-history":[{"count":9,"href":"https:\/\/www.gigroupholding.com\/switzerland\/fr\/wp-json\/wp\/v2\/pages\/11496\/revisions"}],"predecessor-version":[{"id":11538,"href":"https:\/\/www.gigroupholding.com\/switzerland\/fr\/wp-json\/wp\/v2\/pages\/11496\/revisions\/11538"}],"wp:attachment":[{"href":"https:\/\/www.gigroupholding.com\/switzerland\/fr\/wp-json\/wp\/v2\/media?parent=11496"}],"curies":[{"name":"wp","href":"https:\/\/api.w.org\/{rel}","templated":true}]}}