{"id":35964,"date":"2026-03-18T12:55:36","date_gmt":"2026-03-18T12:55:36","guid":{"rendered":"https:\/\/www.gigroupholding.com\/portugal\/insights\/ia-forca-trabal-2\/"},"modified":"2026-03-18T15:21:13","modified_gmt":"2026-03-18T15:21:13","slug":"ia-forca-trabalho","status":"publish","type":"sustainable-works","link":"https:\/\/www.gigroupholding.com\/portugal\/insights\/ia-forca-trabalho\/","title":{"rendered":"Como a IA est\u00e1 a transformar a for\u00e7a de trabalho"},"content":{"rendered":"\t\t<div data-elementor-type=\"wp-page\" data-elementor-id=\"35964\" class=\"elementor elementor-35964\" data-elementor-post-type=\"sustainable-works\">\n\t\t\t\t\t\t<section class=\"elementor-section elementor-top-section elementor-element elementor-element-75f75747 elementor-section-full_width elementor-section-stretched one_group_container elementor-section-height-default elementor-section-height-default\" data-id=\"75f75747\" data-element_type=\"section\" data-settings=\"{&quot;stretch_section&quot;:&quot;section-stretched&quot;,&quot;background_background&quot;:&quot;classic&quot;}\">\n\t\t\t\t\t\t<div class=\"elementor-container elementor-column-gap-default\">\n\t\t\t\t\t<div class=\"elementor-column elementor-col-100 elementor-top-column elementor-element elementor-element-1099a81b\" data-id=\"1099a81b\" data-element_type=\"column\">\n\t\t\t<div class=\"elementor-widget-wrap elementor-element-populated\">\n\t\t\t\t\t\t<div class=\"elementor-element elementor-element-541bde11 elementor-widget elementor-widget-heading\" data-id=\"541bde11\" data-element_type=\"widget\" data-widget_type=\"heading.default\">\n\t\t\t\t<div class=\"elementor-widget-container\">\n\t\t\t<h1 class=\"elementor-heading-title elementor-size-default\">Como a IA est\u00e1 a transformar a for\u00e7a de trabalho<\/h1>\t\t<\/div>\n\t\t\t\t<\/div>\n\t\t\t\t<div class=\"elementor-element elementor-element-23ba315 elementor-widget elementor-widget-text-editor\" data-id=\"23ba315\" data-element_type=\"widget\" data-widget_type=\"text-editor.default\">\n\t\t\t\t<div class=\"elementor-widget-container\">\n\t\t\t\t\t\t\t<p>Tend\u00eancias de ado\u00e7\u00e3o, perce\u00e7\u00f5es dos colaboradores e din\u00e2micas geracionais<\/p>\t\t\t\t\t\t<\/div>\n\t\t\t\t<\/div>\n\t\t\t\t\t<\/div>\n\t\t<\/div>\n\t\t\t\t\t<\/div>\n\t\t<\/section>\n\t\t\t\t<section class=\"elementor-section elementor-top-section elementor-element elementor-element-6c38f13f one_group_container elementor-section-boxed elementor-section-height-default elementor-section-height-default\" data-id=\"6c38f13f\" data-element_type=\"section\">\n\t\t\t\t\t\t<div class=\"elementor-container elementor-column-gap-default\">\n\t\t\t\t\t<div class=\"elementor-column elementor-col-100 elementor-top-column elementor-element elementor-element-3ef80aa1\" data-id=\"3ef80aa1\" data-element_type=\"column\">\n\t\t\t<div class=\"elementor-widget-wrap elementor-element-populated\">\n\t\t\t\t\t\t<div class=\"elementor-element elementor-element-6e83a781 elementor-widget__width-initial elementor-widget elementor-widget-text-editor\" data-id=\"6e83a781\" data-element_type=\"widget\" data-widget_type=\"text-editor.default\">\n\t\t\t\t<div class=\"elementor-widget-container\">\n\t\t\t\t\t\t\t<div data-olk-copy-source=\"MessageBody\">\n<p>Desde a imprensa at\u00e9 ao smartphone, algumas das tecnologias mais poderosas criadas pelo ser humano aproximaram as pessoas. Ao mesmo tempo, a tecnologia tamb\u00e9m tem o poder de dividir. Hoje, a intelig\u00eancia artificial generativa (IA) est\u00e1 a transformar o mundo, gerando simultaneamente esperan\u00e7a e preocupa\u00e7\u00e3o, especialmente entre os trabalhadores, no que diz respeito \u00e0 ado\u00e7\u00e3o, \u00e0 mudan\u00e7a e \u00e0s oportunidades de aprendizagem.<\/p>\n<p>De facto, 33% dos trabalhadores esperam que o aumento da ado\u00e7\u00e3o de IA e automa\u00e7\u00e3o tenha um impacto significativo nas suas carreiras nos pr\u00f3ximos tr\u00eas anos, evidenciando o qu\u00e3o estreitamente a mudan\u00e7a tecnol\u00f3gica est\u00e1 agora ligada \u00e0 empregabilidade individual e \u00e0s perspetivas futuras.<\/p>\n<p>Este artigo analisa de que forma a intelig\u00eancia artificial est\u00e1 a transformar a for\u00e7a de trabalho e como essa mudan\u00e7a est\u00e1 a afetar algumas gera\u00e7\u00f5es mais do que outras. Exploramos tamb\u00e9m as tend\u00eancias emergentes de recursos humanos essenciais para compreender o impacto da IA generativa no local de trabalho.<\/p>\n<\/div>\t\t\t\t\t\t<\/div>\n\t\t\t\t<\/div>\n\t\t\t\t<div class=\"elementor-element elementor-element-6270ad68 elementor-widget elementor-widget-heading\" data-id=\"6270ad68\" data-element_type=\"widget\" data-widget_type=\"heading.default\">\n\t\t\t\t<div class=\"elementor-widget-container\">\n\t\t\t<h2 class=\"elementor-heading-title elementor-size-default\">Como \u00e9 que os colaboradores percecionam a IA no trabalho?<\/h2>\t\t<\/div>\n\t\t\t\t<\/div>\n\t\t\t\t<div class=\"elementor-element elementor-element-3db4cddb elementor-widget__width-initial elementor-widget elementor-widget-text-editor\" data-id=\"3db4cddb\" data-element_type=\"widget\" data-widget_type=\"text-editor.default\">\n\t\t\t\t<div class=\"elementor-widget-container\">\n\t\t\t\t\t\t\t<p>A ado\u00e7\u00e3o da IA est\u00e1 a redefinir o local de trabalho moderno. Tal como demonstra o relat\u00f3rio <em>The Generational Equation<\/em> da Gi Group Holding, as perce\u00e7\u00f5es sobre a IA variam entre gera\u00e7\u00f5es, incluindo a Gera\u00e7\u00e3o Z, Gera\u00e7\u00e3o Y (Millennials), Gera\u00e7\u00e3o X e Baby Boomers.<\/p>\n<p>A n\u00edvel global, 51% dos trabalhadores encaram a intelig\u00eancia artificial como uma oportunidade, enquanto 17% a veem sobretudo como uma amea\u00e7a. No entanto, estas perce\u00e7\u00f5es variam significativamente consoante a idade: 55% dos colaboradores da Gera\u00e7\u00e3o Z consideram a IA ben\u00e9fica, em compara\u00e7\u00e3o com apenas 43% dos Baby Boomers. Estes dados mostram como a experi\u00eancia, a confian\u00e7a e as expectativas influenciam a forma como cada gera\u00e7\u00e3o encara a mudan\u00e7a.<\/p>\t\t\t\t\t\t<\/div>\n\t\t\t\t<\/div>\n\t\t\t\t<div class=\"elementor-element elementor-element-723b51d6 elementor-widget elementor-widget-heading\" data-id=\"723b51d6\" data-element_type=\"widget\" data-widget_type=\"heading.default\">\n\t\t\t\t<div class=\"elementor-widget-container\">\n\t\t\t<h2 class=\"elementor-heading-title elementor-size-default\">Como varia a utiliza\u00e7\u00e3o da IA e a press\u00e3o no trabalho entre gera\u00e7\u00f5es?<\/h2>\t\t<\/div>\n\t\t\t\t<\/div>\n\t\t\t\t<div class=\"elementor-element elementor-element-5a73ff73 elementor-widget elementor-widget-text-editor\" data-id=\"5a73ff73\" data-element_type=\"widget\" data-widget_type=\"text-editor.default\">\n\t\t\t\t<div class=\"elementor-widget-container\">\n\t\t\t\t\t\t\t<p>Existe tamb\u00e9m uma diferen\u00e7a clara na utiliza\u00e7\u00e3o. Segundo dados da Gi Group Holding, cerca de metade dos trabalhadores (49%) j\u00e1 utiliza ferramentas de IA generativa no trabalho, seja de forma frequente (33%) ou ocasional (16%).<\/p>\n<p>No entanto, a ado\u00e7\u00e3o varia significativamente entre grupos et\u00e1rios: quase 60% dos colaboradores da Gera\u00e7\u00e3o Z utilizam IA com frequ\u00eancia ou ocasionalmente, em compara\u00e7\u00e3o com 39% dos Baby Boomers.<\/p>\n<p>Estas diferen\u00e7as refletem a forma como cada gera\u00e7\u00e3o vivencia a mudan\u00e7a no trabalho. Os colaboradores mais jovens, entre os 18 e os 35 anos, reportam maior press\u00e3o para adquirir novas compet\u00eancias rapidamente, com 38% a sentirem uma necessidade urgente de adapta\u00e7\u00e3o. Por outro lado, 59% dos trabalhadores entre os 55 e os 64 anos consideram dif\u00edcil adaptar-se a novas tecnologias, muitas vezes devido a diferen\u00e7as no acesso a oportunidades de aprendizagem e ao apoio organizacional.<\/p>\t\t\t\t\t\t<\/div>\n\t\t\t\t<\/div>\n\t\t\t\t<div class=\"elementor-element elementor-element-1eaf4ac0 elementor-widget elementor-widget-heading\" data-id=\"1eaf4ac0\" data-element_type=\"widget\" data-widget_type=\"heading.default\">\n\t\t\t\t<div class=\"elementor-widget-container\">\n\t\t\t<h2 class=\"elementor-heading-title elementor-size-default\">Como diferem as expectativas de aprendizagem entre gera\u00e7\u00f5es?<\/h2>\t\t<\/div>\n\t\t\t\t<\/div>\n\t\t\t\t<div class=\"elementor-element elementor-element-79c67079 elementor-widget__width-initial elementor-widget elementor-widget-text-editor\" data-id=\"79c67079\" data-element_type=\"widget\" data-widget_type=\"text-editor.default\">\n\t\t\t\t<div class=\"elementor-widget-container\">\n\t\t\t\t\t\t\t<p>As diferen\u00e7as na ado\u00e7\u00e3o estendem-se tamb\u00e9m \u00e0s expectativas de aprendizagem. A Gera\u00e7\u00e3o Z e os Millennials procuram cada vez mais percursos de desenvolvimento \u00e1geis, personalizados e carreiras n\u00e3o lineares, encarando a forma\u00e7\u00e3o n\u00e3o como um evento pontual, mas como um processo cont\u00ednuo que evolui em paralelo com as suas fun\u00e7\u00f5es.<\/p>\n<p>Isto refor\u00e7a a necessidade de modelos de aprendizagem integrados no trabalho e adapt\u00e1veis ao longo do tempo, em vez de abordagens fixas ou exclusivamente formais.<\/p>\t\t\t\t\t\t<\/div>\n\t\t\t\t<\/div>\n\t\t\t\t<div class=\"elementor-element elementor-element-5653f25 elementor-widget elementor-widget-heading\" data-id=\"5653f25\" data-element_type=\"widget\" data-widget_type=\"heading.default\">\n\t\t\t\t<div class=\"elementor-widget-container\">\n\t\t\t<h2 class=\"elementor-heading-title elementor-size-default\">Como \u00e9 que os estere\u00f3tipos influenciam a inclus\u00e3o na ado\u00e7\u00e3o da IA?<\/h2>\t\t<\/div>\n\t\t\t\t<\/div>\n\t\t\t\t<div class=\"elementor-element elementor-element-53b1132 elementor-widget elementor-widget-text-editor\" data-id=\"53b1132\" data-element_type=\"widget\" data-widget_type=\"text-editor.default\">\n\t\t\t\t<div class=\"elementor-widget-container\">\n\t\t\t\t\t\t\t<p>As perce\u00e7\u00f5es sobre idade e tecnologia continuam a influenciar a experi\u00eancia de ado\u00e7\u00e3o da IA. Apesar da crescente necessidade de novas compet\u00eancias, 67% dos inquiridos acreditam que os colegas mais velhos n\u00e3o t\u00eam interesse em utilizar tecnologia.<\/p>\n<p>Estas perce\u00e7\u00f5es podem refor\u00e7ar estere\u00f3tipos, em vez de abordar barreiras reais como o acesso \u00e0 forma\u00e7\u00e3o, a confian\u00e7a e a exist\u00eancia de modelos de aprendizagem inclusivos. Os dados evidenciam a import\u00e2ncia de estrat\u00e9gias multigeracionais que promovam a colabora\u00e7\u00e3o e o progresso partilhado.<\/p>\t\t\t\t\t\t<\/div>\n\t\t\t\t<\/div>\n\t\t\t\t<div class=\"elementor-element elementor-element-0a5423c elementor-widget elementor-widget-heading\" data-id=\"0a5423c\" data-element_type=\"widget\" data-widget_type=\"heading.default\">\n\t\t\t\t<div class=\"elementor-widget-container\">\n\t\t\t<h2 class=\"elementor-heading-title elementor-size-default\">Como podem as organiza\u00e7\u00f5es gerir a ado\u00e7\u00e3o da IA entre gera\u00e7\u00f5es?<\/h2>\t\t<\/div>\n\t\t\t\t<\/div>\n\t\t\t\t<div class=\"elementor-element elementor-element-17d009f elementor-widget elementor-widget-text-editor\" data-id=\"17d009f\" data-element_type=\"widget\" data-widget_type=\"text-editor.default\">\n\t\t\t\t<div class=\"elementor-widget-container\">\n\t\t\t\t\t\t\t<p>\u00c0 medida que a IA continua a transformar o mundo do trabalho, o seu impacto n\u00e3o pode ser compreendido apenas do ponto de vista tecnol\u00f3gico. A ado\u00e7\u00e3o, a confian\u00e7a e as expectativas variam significativamente entre gera\u00e7\u00f5es, moldando a forma como as pessoas experienciam a mudan\u00e7a, as oportunidades e os riscos.<\/p>\n<p>Responder a estas diferen\u00e7as exige mais do que capacita\u00e7\u00e3o t\u00e9cnica. Implica adotar abordagens que reconhe\u00e7am diferentes pontos de partida, apoiem a aprendizagem cont\u00ednua e incentivem a colabora\u00e7\u00e3o entre gera\u00e7\u00f5es.<\/p>\n<p>Quando as organiza\u00e7\u00f5es criam condi\u00e7\u00f5es para uma compreens\u00e3o partilhada e um crescimento inclusivo, a IA deixa de ser um fator de divis\u00e3o e passa a ser um motor de liga\u00e7\u00e3o refor\u00e7ando a empregabilidade, promovendo a resili\u00eancia e contribuindo para uma for\u00e7a de trabalho mais adapt\u00e1vel no futuro.<\/p>\t\t\t\t\t\t<\/div>\n\t\t\t\t<\/div>\n\t\t\t\t<div class=\"elementor-element elementor-element-d1226d3 elementor-widget elementor-widget-image\" data-id=\"d1226d3\" data-element_type=\"widget\" data-widget_type=\"image.default\">\n\t\t\t\t<div class=\"elementor-widget-container\">\n\t\t\t\t\t\t\t\t\t\t\t\t\t<img fetchpriority=\"high\" decoding=\"async\" width=\"800\" height=\"600\" src=\"https:\/\/www.gigroupholding.com\/portugal\/wp-content\/uploads\/sites\/10\/2026\/03\/5_800-x-600.png\" class=\"attachment-large size-large wp-image-35959\" alt=\"\" srcset=\"https:\/\/www.gigroupholding.com\/portugal\/wp-content\/uploads\/sites\/10\/2026\/03\/5_800-x-600.png 800w, https:\/\/www.gigroupholding.com\/portugal\/wp-content\/uploads\/sites\/10\/2026\/03\/5_800-x-600-300x225.png 300w, https:\/\/www.gigroupholding.com\/portugal\/wp-content\/uploads\/sites\/10\/2026\/03\/5_800-x-600-768x576.png 768w\" sizes=\"(max-width: 800px) 100vw, 800px\" \/>\t\t\t\t\t\t\t\t\t\t\t\t\t<\/div>\n\t\t\t\t<\/div>\n\t\t\t\t\t<\/div>\n\t\t<\/div>\n\t\t\t\t\t<\/div>\n\t\t<\/section>\n\t\t\t\t<\/div>\n\t\t","protected":false},"excerpt":{"rendered":"<p>Como a IA est\u00e1 a transformar a for\u00e7a de trabalho: tend\u00eancias de ado\u00e7\u00e3o, perce\u00e7\u00f5es dos colaboradores e din\u00e2micas geracionais<\/p>\n","protected":false},"featured_media":35965,"template":"","meta":{"_acf_changed":false,"_links_to":"","_links_to_target":""},"sustainable-category":[],"class_list":["post-35964","sustainable-works","type-sustainable-works","status-publish","has-post-thumbnail","hentry"],"acf":[],"yoast_head":"<!-- This site is optimized with the Yoast SEO plugin v23.9 - https:\/\/yoast.com\/wordpress\/plugins\/seo\/ -->\n<title>Como a IA est\u00e1 a transformar a for\u00e7a de trabalho<\/title>\n<meta name=\"description\" content=\"Como a IA est\u00e1 a transformar a for\u00e7a de trabalho: tend\u00eancias de ado\u00e7\u00e3o, perce\u00e7\u00f5es dos colaboradores e din\u00e2micas geracionais.\" \/>\n<meta name=\"robots\" content=\"index, follow, max-snippet:-1, max-image-preview:large, max-video-preview:-1\" \/>\n<link rel=\"canonical\" href=\"https:\/\/www.gigroupholding.com\/portugal\/insights\/ia-forca-trabalho\/\" \/>\n<meta property=\"og:locale\" content=\"pt_PT\" \/>\n<meta property=\"og:type\" content=\"article\" \/>\n<meta property=\"og:title\" content=\"Como a IA est\u00e1 a transformar a for\u00e7a de trabalho\" \/>\n<meta property=\"og:description\" content=\"Como a IA est\u00e1 a transformar a for\u00e7a de trabalho: tend\u00eancias de ado\u00e7\u00e3o, perce\u00e7\u00f5es dos colaboradores e din\u00e2micas geracionais.\" \/>\n<meta property=\"og:url\" content=\"https:\/\/www.gigroupholding.com\/portugal\/insights\/ia-forca-trabalho\/\" \/>\n<meta property=\"og:site_name\" content=\"Gi Group Holding Portugal\" \/>\n<meta property=\"article:modified_time\" content=\"2026-03-18T15:21:13+00:00\" \/>\n<meta property=\"og:image\" content=\"https:\/\/www.gigroupholding.com\/portugal\/wp-content\/uploads\/sites\/10\/2026\/03\/5_800-x-600-1.png\" \/>\n\t<meta property=\"og:image:width\" content=\"800\" \/>\n\t<meta property=\"og:image:height\" content=\"600\" \/>\n\t<meta property=\"og:image:type\" content=\"image\/png\" \/>\n<meta name=\"twitter:card\" content=\"summary_large_image\" \/>\n<meta name=\"twitter:label1\" content=\"Est. reading time\" \/>\n\t<meta name=\"twitter:data1\" content=\"5 minutes\" \/>\n<script type=\"application\/ld+json\" class=\"yoast-schema-graph\">{\"@context\":\"https:\/\/schema.org\",\"@graph\":[{\"@type\":\"WebPage\",\"@id\":\"https:\/\/www.gigroupholding.com\/portugal\/insights\/ia-forca-trabalho\/\",\"url\":\"https:\/\/www.gigroupholding.com\/portugal\/insights\/ia-forca-trabalho\/\",\"name\":\"Como a IA est\u00e1 a transformar a for\u00e7a de trabalho\",\"isPartOf\":{\"@id\":\"https:\/\/www.gigroupholding.com\/portugal\/#website\"},\"primaryImageOfPage\":{\"@id\":\"https:\/\/www.gigroupholding.com\/portugal\/insights\/ia-forca-trabalho\/#primaryimage\"},\"image\":{\"@id\":\"https:\/\/www.gigroupholding.com\/portugal\/insights\/ia-forca-trabalho\/#primaryimage\"},\"thumbnailUrl\":\"https:\/\/www.gigroupholding.com\/portugal\/wp-content\/uploads\/sites\/10\/2026\/03\/5_800-x-600-1.png\",\"datePublished\":\"2026-03-18T12:55:36+00:00\",\"dateModified\":\"2026-03-18T15:21:13+00:00\",\"description\":\"Como a IA est\u00e1 a transformar a for\u00e7a de trabalho: tend\u00eancias de ado\u00e7\u00e3o, perce\u00e7\u00f5es dos colaboradores e din\u00e2micas geracionais.\",\"breadcrumb\":{\"@id\":\"https:\/\/www.gigroupholding.com\/portugal\/insights\/ia-forca-trabalho\/#breadcrumb\"},\"inLanguage\":\"pt-PT\",\"potentialAction\":[{\"@type\":\"ReadAction\",\"target\":[\"https:\/\/www.gigroupholding.com\/portugal\/insights\/ia-forca-trabalho\/\"]}]},{\"@type\":\"ImageObject\",\"inLanguage\":\"pt-PT\",\"@id\":\"https:\/\/www.gigroupholding.com\/portugal\/insights\/ia-forca-trabalho\/#primaryimage\",\"url\":\"https:\/\/www.gigroupholding.com\/portugal\/wp-content\/uploads\/sites\/10\/2026\/03\/5_800-x-600-1.png\",\"contentUrl\":\"https:\/\/www.gigroupholding.com\/portugal\/wp-content\/uploads\/sites\/10\/2026\/03\/5_800-x-600-1.png\",\"width\":800,\"height\":600},{\"@type\":\"BreadcrumbList\",\"@id\":\"https:\/\/www.gigroupholding.com\/portugal\/insights\/ia-forca-trabalho\/#breadcrumb\",\"itemListElement\":[{\"@type\":\"ListItem\",\"position\":1,\"name\":\"Sustainable works\",\"item\":\"https:\/\/www.gigroupholding.com\/portugal\/blog\/\"},{\"@type\":\"ListItem\",\"position\":2,\"name\":\"Como a IA est\u00e1 a transformar a for\u00e7a de trabalho\"}]},{\"@type\":\"WebSite\",\"@id\":\"https:\/\/www.gigroupholding.com\/portugal\/#website\",\"url\":\"https:\/\/www.gigroupholding.com\/portugal\/\",\"name\":\"Gi Group Holding Portugal\",\"description\":\"O nosso ecossistema global de Servi\u00e7os RH desenvolve o mercado de trabalho, cria valor sustent\u00e1vel e transforma vidas num ambiente profissional positivo.\",\"potentialAction\":[{\"@type\":\"SearchAction\",\"target\":{\"@type\":\"EntryPoint\",\"urlTemplate\":\"https:\/\/www.gigroupholding.com\/portugal\/?s={search_term_string}\"},\"query-input\":{\"@type\":\"PropertyValueSpecification\",\"valueRequired\":true,\"valueName\":\"search_term_string\"}}],\"inLanguage\":\"pt-PT\"}]}<\/script>\n<!-- \/ Yoast SEO plugin. -->","yoast_head_json":{"title":"Como a IA est\u00e1 a transformar a for\u00e7a de trabalho","description":"Como a IA est\u00e1 a transformar a for\u00e7a de trabalho: tend\u00eancias de ado\u00e7\u00e3o, perce\u00e7\u00f5es dos colaboradores e din\u00e2micas geracionais.","robots":{"index":"index","follow":"follow","max-snippet":"max-snippet:-1","max-image-preview":"max-image-preview:large","max-video-preview":"max-video-preview:-1"},"canonical":"https:\/\/www.gigroupholding.com\/portugal\/insights\/ia-forca-trabalho\/","og_locale":"pt_PT","og_type":"article","og_title":"Como a IA est\u00e1 a transformar a for\u00e7a de trabalho","og_description":"Como a IA est\u00e1 a transformar a for\u00e7a de trabalho: tend\u00eancias de ado\u00e7\u00e3o, perce\u00e7\u00f5es dos colaboradores e din\u00e2micas geracionais.","og_url":"https:\/\/www.gigroupholding.com\/portugal\/insights\/ia-forca-trabalho\/","og_site_name":"Gi Group Holding Portugal","article_modified_time":"2026-03-18T15:21:13+00:00","og_image":[{"width":800,"height":600,"url":"https:\/\/www.gigroupholding.com\/portugal\/wp-content\/uploads\/sites\/10\/2026\/03\/5_800-x-600-1.png","type":"image\/png"}],"twitter_card":"summary_large_image","twitter_misc":{"Est. reading time":"5 minutes"},"schema":{"@context":"https:\/\/schema.org","@graph":[{"@type":"WebPage","@id":"https:\/\/www.gigroupholding.com\/portugal\/insights\/ia-forca-trabalho\/","url":"https:\/\/www.gigroupholding.com\/portugal\/insights\/ia-forca-trabalho\/","name":"Como a IA est\u00e1 a transformar a for\u00e7a de trabalho","isPartOf":{"@id":"https:\/\/www.gigroupholding.com\/portugal\/#website"},"primaryImageOfPage":{"@id":"https:\/\/www.gigroupholding.com\/portugal\/insights\/ia-forca-trabalho\/#primaryimage"},"image":{"@id":"https:\/\/www.gigroupholding.com\/portugal\/insights\/ia-forca-trabalho\/#primaryimage"},"thumbnailUrl":"https:\/\/www.gigroupholding.com\/portugal\/wp-content\/uploads\/sites\/10\/2026\/03\/5_800-x-600-1.png","datePublished":"2026-03-18T12:55:36+00:00","dateModified":"2026-03-18T15:21:13+00:00","description":"Como a IA est\u00e1 a transformar a for\u00e7a de trabalho: tend\u00eancias de ado\u00e7\u00e3o, perce\u00e7\u00f5es dos colaboradores e din\u00e2micas geracionais.","breadcrumb":{"@id":"https:\/\/www.gigroupholding.com\/portugal\/insights\/ia-forca-trabalho\/#breadcrumb"},"inLanguage":"pt-PT","potentialAction":[{"@type":"ReadAction","target":["https:\/\/www.gigroupholding.com\/portugal\/insights\/ia-forca-trabalho\/"]}]},{"@type":"ImageObject","inLanguage":"pt-PT","@id":"https:\/\/www.gigroupholding.com\/portugal\/insights\/ia-forca-trabalho\/#primaryimage","url":"https:\/\/www.gigroupholding.com\/portugal\/wp-content\/uploads\/sites\/10\/2026\/03\/5_800-x-600-1.png","contentUrl":"https:\/\/www.gigroupholding.com\/portugal\/wp-content\/uploads\/sites\/10\/2026\/03\/5_800-x-600-1.png","width":800,"height":600},{"@type":"BreadcrumbList","@id":"https:\/\/www.gigroupholding.com\/portugal\/insights\/ia-forca-trabalho\/#breadcrumb","itemListElement":[{"@type":"ListItem","position":1,"name":"Sustainable works","item":"https:\/\/www.gigroupholding.com\/portugal\/blog\/"},{"@type":"ListItem","position":2,"name":"Como a IA est\u00e1 a transformar a for\u00e7a de trabalho"}]},{"@type":"WebSite","@id":"https:\/\/www.gigroupholding.com\/portugal\/#website","url":"https:\/\/www.gigroupholding.com\/portugal\/","name":"Gi Group Holding Portugal","description":"O nosso ecossistema global de Servi\u00e7os RH desenvolve o mercado de trabalho, cria valor sustent\u00e1vel e transforma vidas num ambiente profissional positivo.","potentialAction":[{"@type":"SearchAction","target":{"@type":"EntryPoint","urlTemplate":"https:\/\/www.gigroupholding.com\/portugal\/?s={search_term_string}"},"query-input":{"@type":"PropertyValueSpecification","valueRequired":true,"valueName":"search_term_string"}}],"inLanguage":"pt-PT"}]}},"_links":{"self":[{"href":"https:\/\/www.gigroupholding.com\/portugal\/wp-json\/wp\/v2\/sustainable-works\/35964","targetHints":{"allow":["GET"]}}],"collection":[{"href":"https:\/\/www.gigroupholding.com\/portugal\/wp-json\/wp\/v2\/sustainable-works"}],"about":[{"href":"https:\/\/www.gigroupholding.com\/portugal\/wp-json\/wp\/v2\/types\/sustainable-works"}],"version-history":[{"count":1,"href":"https:\/\/www.gigroupholding.com\/portugal\/wp-json\/wp\/v2\/sustainable-works\/35964\/revisions"}],"predecessor-version":[{"id":35976,"href":"https:\/\/www.gigroupholding.com\/portugal\/wp-json\/wp\/v2\/sustainable-works\/35964\/revisions\/35976"}],"wp:featuredmedia":[{"embeddable":true,"href":"https:\/\/www.gigroupholding.com\/portugal\/wp-json\/wp\/v2\/media\/35965"}],"wp:attachment":[{"href":"https:\/\/www.gigroupholding.com\/portugal\/wp-json\/wp\/v2\/media?parent=35964"}],"wp:term":[{"taxonomy":"sustainable-category","embeddable":true,"href":"https:\/\/www.gigroupholding.com\/portugal\/wp-json\/wp\/v2\/sustainable-category?post=35964"}],"curies":[{"name":"wp","href":"https:\/\/api.w.org\/{rel}","templated":true}]}}