{"id":34475,"date":"2025-08-26T10:59:41","date_gmt":"2025-08-26T10:59:41","guid":{"rendered":"https:\/\/www.gigroupholding.com\/portugal\/?post_type=sustainable-works&#038;p=34475"},"modified":"2025-08-28T14:06:29","modified_gmt":"2025-08-28T14:06:29","slug":"ambicao-sem-perder-o-proposito","status":"publish","type":"sustainable-works","link":"https:\/\/www.gigroupholding.com\/portugal\/insights\/ambicao-sem-perder-o-proposito\/","title":{"rendered":"Ambi\u00e7\u00e3o Sem Perder o Prop\u00f3sito"},"content":{"rendered":"\t\t<div data-elementor-type=\"wp-post\" data-elementor-id=\"34475\" class=\"elementor elementor-34475\" data-elementor-post-type=\"sustainable-works\">\n\t\t\t\t\t\t<section class=\"elementor-section elementor-top-section elementor-element elementor-element-5ac68a17 elementor-section-full_width elementor-section-stretched one_group_container elementor-section-height-default elementor-section-height-default\" data-id=\"5ac68a17\" data-element_type=\"section\" data-settings=\"{&quot;stretch_section&quot;:&quot;section-stretched&quot;,&quot;background_background&quot;:&quot;classic&quot;}\">\n\t\t\t\t\t\t<div class=\"elementor-container elementor-column-gap-default\">\n\t\t\t\t\t<div class=\"elementor-column elementor-col-100 elementor-top-column elementor-element elementor-element-5f8442da\" data-id=\"5f8442da\" data-element_type=\"column\">\n\t\t\t<div class=\"elementor-widget-wrap elementor-element-populated\">\n\t\t\t\t\t\t<div class=\"elementor-element elementor-element-29b4484b elementor-widget elementor-widget-heading\" data-id=\"29b4484b\" data-element_type=\"widget\" data-widget_type=\"heading.default\">\n\t\t\t\t<div class=\"elementor-widget-container\">\n\t\t\t<h1 class=\"elementor-heading-title elementor-size-default\">Ambi\u00e7\u00e3o Sem Perder o Prop\u00f3sito<\/h1>\t\t<\/div>\n\t\t\t\t<\/div>\n\t\t\t\t<div class=\"elementor-element elementor-element-526c4776 elementor-widget elementor-widget-text-editor\" data-id=\"526c4776\" data-element_type=\"widget\" data-widget_type=\"text-editor.default\">\n\t\t\t\t<div class=\"elementor-widget-container\">\n\t\t\t\t\t\t\t<p>O verdadeiro desafio do crescimento empresarial<\/p>\t\t\t\t\t\t<\/div>\n\t\t\t\t<\/div>\n\t\t\t\t\t<\/div>\n\t\t<\/div>\n\t\t\t\t\t<\/div>\n\t\t<\/section>\n\t\t\t\t<section class=\"elementor-section elementor-top-section elementor-element elementor-element-3d659d18 one_group_container elementor-section-boxed elementor-section-height-default elementor-section-height-default\" data-id=\"3d659d18\" data-element_type=\"section\">\n\t\t\t\t\t\t<div class=\"elementor-container elementor-column-gap-default\">\n\t\t\t\t\t<div class=\"elementor-column elementor-col-100 elementor-top-column elementor-element elementor-element-668cee77\" data-id=\"668cee77\" data-element_type=\"column\">\n\t\t\t<div class=\"elementor-widget-wrap elementor-element-populated\">\n\t\t\t\t\t\t<div class=\"elementor-element elementor-element-6ea3de3a elementor-widget__width-initial elementor-widget elementor-widget-text-editor\" data-id=\"6ea3de3a\" data-element_type=\"widget\" data-widget_type=\"text-editor.default\">\n\t\t\t\t<div class=\"elementor-widget-container\">\n\t\t\t\t\t\t\t<p>A ambi\u00e7\u00e3o da empresa, se n\u00e3o for estruturada de forma a n\u00e3o pressionar desmesuradamente as equipas, facilmente compromete a produtividade e o bem-estar.<\/p>\t\t\t\t\t\t<\/div>\n\t\t\t\t<\/div>\n\t\t\t\t<div class=\"elementor-element elementor-element-2e306224 elementor-widget__width-initial elementor-widget elementor-widget-text-editor\" data-id=\"2e306224\" data-element_type=\"widget\" data-widget_type=\"text-editor.default\">\n\t\t\t\t<div class=\"elementor-widget-container\">\n\t\t\t\t\t\t\t<p>Num cen\u00e1rio empresarial em constante transforma\u00e7\u00e3o, a ambi\u00e7\u00e3o de crescimento pode facilmente conduzir \u00e0 perda de identidade, sentido e prop\u00f3sito se n\u00e3o for acompanhada por uma reflex\u00e3o consciente. Mas, quando a velocidade do crescimento ultrapassa a maturidade da organiza\u00e7\u00e3o, o risco \u00e9 evidente: fragmenta\u00e7\u00e3o cultural, perda de alinhamento interno e uma eros\u00e3o silenciosa da identidade corporativa.<\/p><p>Segundo a McKinsey, organiza\u00e7\u00f5es em expans\u00e3o sem um prop\u00f3sito claro enfrentam, a longo prazo, crises na coes\u00e3o cultural e na sustentabilidade da empresa. O risco \u00e9 real: metas financeiras emergem em detrimento da vis\u00e3o comum, levando a uma desconex\u00e3o interna e a um desgaste -emocional das equipas. Ali\u00e1s, v\u00e1rios estudos mostram que empresas focadas apenas no crescimento financeiro registam n\u00edveis de rotatividade at\u00e9 48 % superiores \u00e0 m\u00e9dia. Este ciclo desgasta a cultura interna. A t\u00edtulo de exemplo, o \u201cEmployee Sentiment Study 2025\u201d da Aon revela que 46% dos colaboradores nacionais est\u00e1 \u00e0 procura de novas oportunidades profissionais ou considera mudar de emprego nos pr\u00f3ximos 12 meses.<\/p><p>A ambi\u00e7\u00e3o da empresa, se n\u00e3o for estruturada de forma a n\u00e3o pressionar desmesuradamente as equipas, facilmente compromete a produtividade e o bem-estar, e prejudica a sustentabilidade do pr\u00f3prio crescimento. Por isso, para garantir um desenvolvimento sustent\u00e1vel, torna-se fundamental que as organiza\u00e7\u00f5es articulem ambi\u00e7\u00e3o com responsabilidade, sem abdicar da sua dire\u00e7\u00e3o estrat\u00e9gica.<\/p><p>Esse equil\u00edbrio come\u00e7a por uma redefini\u00e7\u00e3o clara de prop\u00f3sito. Integrar o crescimento com uma miss\u00e3o social e humana n\u00e3o s\u00f3 alinha equipas em torno de um significado partilhado, como refor\u00e7a a coes\u00e3o interna e o foco coletivo. Em paralelo, importa cultivar uma cultura organizacional forte, j\u00e1 que dados revelam que empresas com culturas saud\u00e1veis crescem entre 1,5 a 2,5 vezes mais em receita e valoriza\u00e7\u00e3o de mercado.<\/p><p>A par disso, a sa\u00fade mental dos colaboradores deve ser encarada como um ativo de gest\u00e3o e n\u00e3o como um tema perif\u00e9rico. Promover equil\u00edbrio, flexibilidade e apoio emocional permite mitigar riscos como o<em>\u00a0burnout<\/em>\u00a0e refor\u00e7ar a motiva\u00e7\u00e3o e o compromisso. A reten\u00e7\u00e3o de talento, por sua vez, exige investimento cont\u00ednuo em reconhecimento, progress\u00e3o, forma\u00e7\u00e3o e lideran\u00e7a emp\u00e1tica \u2014 fatores que t\u00eam impacto direto na redu\u00e7\u00e3o do<em>\u00a0turnover\u00a0<\/em>e no desempenho sustentado das equipas.<\/p><p>Este o paradoxo do progresso desafia as empresas a crescer com responsabilidade, sem perder o seu rumo. Crescimento sustent\u00e1vel n\u00e3o \u00e9 o oposto de crescimento r\u00e1pido \u2014 \u00e9 crescimento com sentido, resili\u00eancia e humanidade. E alinhar ambi\u00e7\u00e3o com responsabilidade \u00e9 o caminho para prosperar com valor \u2013 para dentro e para fora.<\/p>\t\t\t\t\t\t<\/div>\n\t\t\t\t<\/div>\n\t\t\t\t<div class=\"elementor-element elementor-element-17ba059d elementor-widget elementor-widget-spacer\" data-id=\"17ba059d\" data-element_type=\"widget\" data-widget_type=\"spacer.default\">\n\t\t\t\t<div class=\"elementor-widget-container\">\n\t\t\t\t\t<div class=\"elementor-spacer\">\n\t\t\t<div class=\"elementor-spacer-inner\"><\/div>\n\t\t<\/div>\n\t\t\t\t<\/div>\n\t\t\t\t<\/div>\n\t\t\t\t\t<\/div>\n\t\t<\/div>\n\t\t\t\t\t<\/div>\n\t\t<\/section>\n\t\t\t\t<section class=\"elementor-section elementor-top-section elementor-element elementor-element-2c16a686 elementor-section-boxed elementor-section-height-default elementor-section-height-default\" data-id=\"2c16a686\" data-element_type=\"section\">\n\t\t\t\t\t\t<div class=\"elementor-container elementor-column-gap-default\">\n\t\t\t\t\t<div class=\"elementor-column elementor-col-100 elementor-top-column elementor-element elementor-element-1e98b6bd\" data-id=\"1e98b6bd\" data-element_type=\"column\">\n\t\t\t<div class=\"elementor-widget-wrap elementor-element-populated\">\n\t\t\t\t\t\t<div class=\"elementor-element elementor-element-4a2d76cf elementor-position-top elementor-widget elementor-widget-image-box\" data-id=\"4a2d76cf\" data-element_type=\"widget\" data-widget_type=\"image-box.default\">\n\t\t\t\t<div class=\"elementor-widget-container\">\n\t\t\t<div class=\"elementor-image-box-wrapper\"><figure class=\"elementor-image-box-img\"><img decoding=\"async\" width=\"150\" height=\"150\" src=\"https:\/\/www.gigroupholding.com\/portugal\/wp-content\/uploads\/sites\/10\/2024\/09\/foto-thomas-1-13-150x150.png\" class=\"attachment-thumbnail size-thumbnail wp-image-30147\" alt=\"foto thomas artigos\" srcset=\"https:\/\/www.gigroupholding.com\/portugal\/wp-content\/uploads\/sites\/10\/2024\/09\/foto-thomas-1-13-150x150.png 150w, https:\/\/www.gigroupholding.com\/portugal\/wp-content\/uploads\/sites\/10\/2024\/09\/foto-thomas-1-13-300x300.png 300w, https:\/\/www.gigroupholding.com\/portugal\/wp-content\/uploads\/sites\/10\/2024\/09\/foto-thomas-1-13-1024x1024.png 1024w, https:\/\/www.gigroupholding.com\/portugal\/wp-content\/uploads\/sites\/10\/2024\/09\/foto-thomas-1-13-768x768.png 768w, https:\/\/www.gigroupholding.com\/portugal\/wp-content\/uploads\/sites\/10\/2024\/09\/foto-thomas-1-13.png 1080w\" sizes=\"(max-width: 150px) 100vw, 150px\" \/><\/figure><div class=\"elementor-image-box-content\"><h3 class=\"elementor-image-box-title\">Thomas Marra<\/h3><p class=\"elementor-image-box-description\">Country Manager da Gi Group Portugal<\/p><\/div><\/div>\t\t<\/div>\n\t\t\t\t<\/div>\n\t\t\t\t\t<\/div>\n\t\t<\/div>\n\t\t\t\t\t<\/div>\n\t\t<\/section>\n\t\t\t\t<\/div>\n\t\t","protected":false},"excerpt":{"rendered":"<p>A ambi\u00e7\u00e3o da empresa, se n\u00e3o for estruturada de forma a n\u00e3o pressionar desmesuradamente as equipas, facilmente compromete a produtividade e o bem-estar.<\/p>\n","protected":false},"featured_media":34483,"template":"","meta":{"_acf_changed":false,"_links_to":"","_links_to_target":""},"sustainable-category":[],"class_list":["post-34475","sustainable-works","type-sustainable-works","status-publish","has-post-thumbnail","hentry"],"acf":[],"yoast_head":"<!-- This site is optimized with the Yoast SEO plugin v23.9 - https:\/\/yoast.com\/wordpress\/plugins\/seo\/ -->\n<title>Ambi\u00e7\u00e3o Sem Perder o Prop\u00f3sito<\/title>\n<meta name=\"description\" content=\"Crescer com responsabilidade \u00e9 vital: alinhar ambi\u00e7\u00e3o, prop\u00f3sito e bem-estar garante sustentabilidade e coes\u00e3o nas empresas.\" \/>\n<meta name=\"robots\" content=\"index, follow, max-snippet:-1, max-image-preview:large, max-video-preview:-1\" \/>\n<link rel=\"canonical\" href=\"https:\/\/www.gigroupholding.com\/portugal\/insights\/ambicao-sem-perder-o-proposito\/\" \/>\n<meta property=\"og:locale\" content=\"pt_PT\" \/>\n<meta property=\"og:type\" content=\"article\" \/>\n<meta property=\"og:title\" content=\"Ambi\u00e7\u00e3o Sem Perder o Prop\u00f3sito\" \/>\n<meta property=\"og:description\" content=\"Crescer com responsabilidade \u00e9 vital: alinhar ambi\u00e7\u00e3o, prop\u00f3sito e bem-estar garante sustentabilidade e coes\u00e3o nas empresas.\" \/>\n<meta property=\"og:url\" content=\"https:\/\/www.gigroupholding.com\/portugal\/insights\/ambicao-sem-perder-o-proposito\/\" \/>\n<meta property=\"og:site_name\" content=\"Gi Group Holding Portugal\" \/>\n<meta property=\"article:modified_time\" content=\"2025-08-28T14:06:29+00:00\" \/>\n<meta property=\"og:image\" content=\"https:\/\/www.gigroupholding.com\/portugal\/wp-content\/uploads\/sites\/10\/2025\/08\/b5de606c-4a4f-40f9-bf53-ee011a7b4967-1.jpg\" \/>\n\t<meta property=\"og:image:width\" content=\"800\" \/>\n\t<meta property=\"og:image:height\" content=\"518\" \/>\n\t<meta property=\"og:image:type\" content=\"image\/jpeg\" \/>\n<meta name=\"twitter:card\" content=\"summary_large_image\" \/>\n<meta name=\"twitter:label1\" content=\"Est. reading time\" \/>\n\t<meta name=\"twitter:data1\" content=\"3 minutes\" \/>\n<script type=\"application\/ld+json\" class=\"yoast-schema-graph\">{\"@context\":\"https:\/\/schema.org\",\"@graph\":[{\"@type\":\"WebPage\",\"@id\":\"https:\/\/www.gigroupholding.com\/portugal\/insights\/ambicao-sem-perder-o-proposito\/\",\"url\":\"https:\/\/www.gigroupholding.com\/portugal\/insights\/ambicao-sem-perder-o-proposito\/\",\"name\":\"Ambi\u00e7\u00e3o Sem Perder o Prop\u00f3sito\",\"isPartOf\":{\"@id\":\"https:\/\/www.gigroupholding.com\/portugal\/#website\"},\"primaryImageOfPage\":{\"@id\":\"https:\/\/www.gigroupholding.com\/portugal\/insights\/ambicao-sem-perder-o-proposito\/#primaryimage\"},\"image\":{\"@id\":\"https:\/\/www.gigroupholding.com\/portugal\/insights\/ambicao-sem-perder-o-proposito\/#primaryimage\"},\"thumbnailUrl\":\"https:\/\/www.gigroupholding.com\/portugal\/wp-content\/uploads\/sites\/10\/2025\/08\/b5de606c-4a4f-40f9-bf53-ee011a7b4967-1.jpg\",\"datePublished\":\"2025-08-26T10:59:41+00:00\",\"dateModified\":\"2025-08-28T14:06:29+00:00\",\"description\":\"Crescer com responsabilidade \u00e9 vital: alinhar ambi\u00e7\u00e3o, prop\u00f3sito e bem-estar garante sustentabilidade e coes\u00e3o nas empresas.\",\"breadcrumb\":{\"@id\":\"https:\/\/www.gigroupholding.com\/portugal\/insights\/ambicao-sem-perder-o-proposito\/#breadcrumb\"},\"inLanguage\":\"pt-PT\",\"potentialAction\":[{\"@type\":\"ReadAction\",\"target\":[\"https:\/\/www.gigroupholding.com\/portugal\/insights\/ambicao-sem-perder-o-proposito\/\"]}]},{\"@type\":\"ImageObject\",\"inLanguage\":\"pt-PT\",\"@id\":\"https:\/\/www.gigroupholding.com\/portugal\/insights\/ambicao-sem-perder-o-proposito\/#primaryimage\",\"url\":\"https:\/\/www.gigroupholding.com\/portugal\/wp-content\/uploads\/sites\/10\/2025\/08\/b5de606c-4a4f-40f9-bf53-ee011a7b4967-1.jpg\",\"contentUrl\":\"https:\/\/www.gigroupholding.com\/portugal\/wp-content\/uploads\/sites\/10\/2025\/08\/b5de606c-4a4f-40f9-bf53-ee011a7b4967-1.jpg\",\"width\":800,\"height\":518,\"caption\":\"duas pessoas a conversar sentadas numa mesa de trabalho\"},{\"@type\":\"BreadcrumbList\",\"@id\":\"https:\/\/www.gigroupholding.com\/portugal\/insights\/ambicao-sem-perder-o-proposito\/#breadcrumb\",\"itemListElement\":[{\"@type\":\"ListItem\",\"position\":1,\"name\":\"Sustainable works\",\"item\":\"https:\/\/www.gigroupholding.com\/portugal\/blog\/\"},{\"@type\":\"ListItem\",\"position\":2,\"name\":\"Ambi\u00e7\u00e3o Sem Perder o Prop\u00f3sito\"}]},{\"@type\":\"WebSite\",\"@id\":\"https:\/\/www.gigroupholding.com\/portugal\/#website\",\"url\":\"https:\/\/www.gigroupholding.com\/portugal\/\",\"name\":\"Gi Group Holding Portugal\",\"description\":\"O nosso ecossistema global de Servi\u00e7os RH desenvolve o mercado de trabalho, cria valor sustent\u00e1vel e transforma vidas num ambiente profissional positivo.\",\"potentialAction\":[{\"@type\":\"SearchAction\",\"target\":{\"@type\":\"EntryPoint\",\"urlTemplate\":\"https:\/\/www.gigroupholding.com\/portugal\/?s={search_term_string}\"},\"query-input\":{\"@type\":\"PropertyValueSpecification\",\"valueRequired\":true,\"valueName\":\"search_term_string\"}}],\"inLanguage\":\"pt-PT\"}]}<\/script>\n<!-- \/ Yoast SEO plugin. -->","yoast_head_json":{"title":"Ambi\u00e7\u00e3o Sem Perder o Prop\u00f3sito","description":"Crescer com responsabilidade \u00e9 vital: alinhar ambi\u00e7\u00e3o, prop\u00f3sito e bem-estar garante sustentabilidade e coes\u00e3o nas empresas.","robots":{"index":"index","follow":"follow","max-snippet":"max-snippet:-1","max-image-preview":"max-image-preview:large","max-video-preview":"max-video-preview:-1"},"canonical":"https:\/\/www.gigroupholding.com\/portugal\/insights\/ambicao-sem-perder-o-proposito\/","og_locale":"pt_PT","og_type":"article","og_title":"Ambi\u00e7\u00e3o Sem Perder o Prop\u00f3sito","og_description":"Crescer com responsabilidade \u00e9 vital: alinhar ambi\u00e7\u00e3o, prop\u00f3sito e bem-estar garante sustentabilidade e coes\u00e3o nas empresas.","og_url":"https:\/\/www.gigroupholding.com\/portugal\/insights\/ambicao-sem-perder-o-proposito\/","og_site_name":"Gi Group Holding Portugal","article_modified_time":"2025-08-28T14:06:29+00:00","og_image":[{"width":800,"height":518,"url":"https:\/\/www.gigroupholding.com\/portugal\/wp-content\/uploads\/sites\/10\/2025\/08\/b5de606c-4a4f-40f9-bf53-ee011a7b4967-1.jpg","type":"image\/jpeg"}],"twitter_card":"summary_large_image","twitter_misc":{"Est. reading time":"3 minutes"},"schema":{"@context":"https:\/\/schema.org","@graph":[{"@type":"WebPage","@id":"https:\/\/www.gigroupholding.com\/portugal\/insights\/ambicao-sem-perder-o-proposito\/","url":"https:\/\/www.gigroupholding.com\/portugal\/insights\/ambicao-sem-perder-o-proposito\/","name":"Ambi\u00e7\u00e3o Sem Perder o Prop\u00f3sito","isPartOf":{"@id":"https:\/\/www.gigroupholding.com\/portugal\/#website"},"primaryImageOfPage":{"@id":"https:\/\/www.gigroupholding.com\/portugal\/insights\/ambicao-sem-perder-o-proposito\/#primaryimage"},"image":{"@id":"https:\/\/www.gigroupholding.com\/portugal\/insights\/ambicao-sem-perder-o-proposito\/#primaryimage"},"thumbnailUrl":"https:\/\/www.gigroupholding.com\/portugal\/wp-content\/uploads\/sites\/10\/2025\/08\/b5de606c-4a4f-40f9-bf53-ee011a7b4967-1.jpg","datePublished":"2025-08-26T10:59:41+00:00","dateModified":"2025-08-28T14:06:29+00:00","description":"Crescer com responsabilidade \u00e9 vital: alinhar ambi\u00e7\u00e3o, prop\u00f3sito e bem-estar garante sustentabilidade e coes\u00e3o nas empresas.","breadcrumb":{"@id":"https:\/\/www.gigroupholding.com\/portugal\/insights\/ambicao-sem-perder-o-proposito\/#breadcrumb"},"inLanguage":"pt-PT","potentialAction":[{"@type":"ReadAction","target":["https:\/\/www.gigroupholding.com\/portugal\/insights\/ambicao-sem-perder-o-proposito\/"]}]},{"@type":"ImageObject","inLanguage":"pt-PT","@id":"https:\/\/www.gigroupholding.com\/portugal\/insights\/ambicao-sem-perder-o-proposito\/#primaryimage","url":"https:\/\/www.gigroupholding.com\/portugal\/wp-content\/uploads\/sites\/10\/2025\/08\/b5de606c-4a4f-40f9-bf53-ee011a7b4967-1.jpg","contentUrl":"https:\/\/www.gigroupholding.com\/portugal\/wp-content\/uploads\/sites\/10\/2025\/08\/b5de606c-4a4f-40f9-bf53-ee011a7b4967-1.jpg","width":800,"height":518,"caption":"duas pessoas a conversar sentadas numa mesa de trabalho"},{"@type":"BreadcrumbList","@id":"https:\/\/www.gigroupholding.com\/portugal\/insights\/ambicao-sem-perder-o-proposito\/#breadcrumb","itemListElement":[{"@type":"ListItem","position":1,"name":"Sustainable works","item":"https:\/\/www.gigroupholding.com\/portugal\/blog\/"},{"@type":"ListItem","position":2,"name":"Ambi\u00e7\u00e3o Sem Perder o Prop\u00f3sito"}]},{"@type":"WebSite","@id":"https:\/\/www.gigroupholding.com\/portugal\/#website","url":"https:\/\/www.gigroupholding.com\/portugal\/","name":"Gi Group Holding Portugal","description":"O nosso ecossistema global de Servi\u00e7os RH desenvolve o mercado de trabalho, cria valor sustent\u00e1vel e transforma vidas num ambiente profissional positivo.","potentialAction":[{"@type":"SearchAction","target":{"@type":"EntryPoint","urlTemplate":"https:\/\/www.gigroupholding.com\/portugal\/?s={search_term_string}"},"query-input":{"@type":"PropertyValueSpecification","valueRequired":true,"valueName":"search_term_string"}}],"inLanguage":"pt-PT"}]}},"_links":{"self":[{"href":"https:\/\/www.gigroupholding.com\/portugal\/wp-json\/wp\/v2\/sustainable-works\/34475","targetHints":{"allow":["GET"]}}],"collection":[{"href":"https:\/\/www.gigroupholding.com\/portugal\/wp-json\/wp\/v2\/sustainable-works"}],"about":[{"href":"https:\/\/www.gigroupholding.com\/portugal\/wp-json\/wp\/v2\/types\/sustainable-works"}],"version-history":[{"count":8,"href":"https:\/\/www.gigroupholding.com\/portugal\/wp-json\/wp\/v2\/sustainable-works\/34475\/revisions"}],"predecessor-version":[{"id":34488,"href":"https:\/\/www.gigroupholding.com\/portugal\/wp-json\/wp\/v2\/sustainable-works\/34475\/revisions\/34488"}],"wp:featuredmedia":[{"embeddable":true,"href":"https:\/\/www.gigroupholding.com\/portugal\/wp-json\/wp\/v2\/media\/34483"}],"wp:attachment":[{"href":"https:\/\/www.gigroupholding.com\/portugal\/wp-json\/wp\/v2\/media?parent=34475"}],"wp:term":[{"taxonomy":"sustainable-category","embeddable":true,"href":"https:\/\/www.gigroupholding.com\/portugal\/wp-json\/wp\/v2\/sustainable-category?post=34475"}],"curies":[{"name":"wp","href":"https:\/\/api.w.org\/{rel}","templated":true}]}}