{"id":12200,"date":"2023-02-07T10:00:00","date_gmt":"2023-02-07T10:00:00","guid":{"rendered":"https:\/\/www.gigroupholding.com\/portugal\/insights\/wageflation_aumento_salarios-2\/"},"modified":"2023-02-06T15:03:25","modified_gmt":"2023-02-06T15:03:25","slug":"diploma-competencias-requisitos-para-contratacao","status":"publish","type":"sustainable-works","link":"https:\/\/www.gigroupholding.com\/portugal\/insights\/diploma-competencias-requisitos-para-contratacao\/","title":{"rendered":"Diploma vs. compet\u00eancias: novos requisitos para contrata\u00e7\u00e3o"},"content":{"rendered":"\t\t<div data-elementor-type=\"wp-post\" data-elementor-id=\"12200\" class=\"elementor elementor-12200\" data-elementor-post-type=\"sustainable-works\">\n\t\t\t\t\t\t<section class=\"elementor-section elementor-top-section elementor-element elementor-element-f40795b elementor-section-full_width elementor-section-stretched one_group_container elementor-section-height-default elementor-section-height-default\" data-id=\"f40795b\" data-element_type=\"section\" data-settings=\"{&quot;stretch_section&quot;:&quot;section-stretched&quot;,&quot;background_background&quot;:&quot;classic&quot;}\">\n\t\t\t\t\t\t<div class=\"elementor-container elementor-column-gap-default\">\n\t\t\t\t\t<div class=\"elementor-column elementor-col-100 elementor-top-column elementor-element elementor-element-8ad38a6\" data-id=\"8ad38a6\" data-element_type=\"column\">\n\t\t\t<div class=\"elementor-widget-wrap elementor-element-populated\">\n\t\t\t\t\t\t<div class=\"elementor-element elementor-element-2a7d85e elementor-widget elementor-widget-heading\" data-id=\"2a7d85e\" data-element_type=\"widget\" data-widget_type=\"heading.default\">\n\t\t\t\t<div class=\"elementor-widget-container\">\n\t\t\t<h1 class=\"elementor-heading-title elementor-size-default\">Diploma vs. compet\u00eancias: novos requisitos para contrata\u00e7\u00e3o<\/h1>\t\t<\/div>\n\t\t\t\t<\/div>\n\t\t\t\t<div class=\"elementor-element elementor-element-abefe85 elementor-widget elementor-widget-text-editor\" data-id=\"abefe85\" data-element_type=\"widget\" data-widget_type=\"text-editor.default\">\n\t\t\t\t<div class=\"elementor-widget-container\">\n\t\t\t\t\t\t\t<p><em>O grau acad\u00e9mico ainda tem import\u00e2ncia nos requisitos para contrata\u00e7\u00e3o? As novas tend\u00eancias demonstram que n\u00e3o ser\u00e1 bem assim.<\/em><\/p>\t\t\t\t\t\t<\/div>\n\t\t\t\t<\/div>\n\t\t\t\t\t<\/div>\n\t\t<\/div>\n\t\t\t\t\t<\/div>\n\t\t<\/section>\n\t\t\t\t<section class=\"elementor-section elementor-top-section elementor-element elementor-element-c1efde8 one_group_container elementor-section-boxed elementor-section-height-default elementor-section-height-default\" data-id=\"c1efde8\" data-element_type=\"section\">\n\t\t\t\t\t\t<div class=\"elementor-container elementor-column-gap-default\">\n\t\t\t\t\t<div class=\"elementor-column elementor-col-100 elementor-top-column elementor-element elementor-element-73e7135\" data-id=\"73e7135\" data-element_type=\"column\">\n\t\t\t<div class=\"elementor-widget-wrap elementor-element-populated\">\n\t\t\t\t\t\t<div class=\"elementor-element elementor-element-245dde1 elementor-widget elementor-widget-text-editor\" data-id=\"245dde1\" data-element_type=\"widget\" data-widget_type=\"text-editor.default\">\n\t\t\t\t<div class=\"elementor-widget-container\">\n\t\t\t\t\t\t\t<p>As dificuldades em contratar tornaram-se cada vez mais comuns, sentindo-se num n\u00famero de setores progressivamente superior. Para contornarem este obst\u00e1culo, algumas empresas mostram-se mais flex\u00edveis, quanto aos requisitos para contrata\u00e7\u00e3o. Ali\u00e1s, n\u00e3o se trata apenas de uma abertura para solu\u00e7\u00f5es de trabalho \u00e0 dist\u00e2ncia, por exemplo. Al\u00e9m disso, est\u00e1 a ser equacionada a disponibilidade para receber pessoas com menos compet\u00eancias acad\u00e9micas.<\/p><h2>\u00a0<\/h2><h2>\u00c9 mesmo necess\u00e1ria uma licenciatura?<\/h2><p>Empresas como a Google, a Delta Air Lines ou a IBM, por exemplo, j\u00e1 reduziram os seus requisitos para contrata\u00e7\u00e3o, em algumas posi\u00e7\u00f5es, incluindo a exig\u00eancia de licenciatura. Contudo, a ced\u00eancia neste crit\u00e9rio de sele\u00e7\u00e3o tem como contraponto a prefer\u00eancia por determinadas compet\u00eancias e experi\u00eancia. Como relata um artigo do <em>Wall Street Journal<\/em>, as <a href=\"https:\/\/www.wsj.com\/articles\/employers-rethink-need-for-college-degrees-in-tight-labor-market-11669432133?st=9wb3jmlvo07pwg8&amp;reflink=article_email_share\">contrata\u00e7\u00f5es come\u00e7aram a aumentar<\/a>, em alguns empregos p\u00fablicos, nos EUA, a partir do momento em que as entidades implementaram novos crit\u00e9rios.<\/p><p>O mesmo artigo cita a vice-presidente executiva da cadeia Walmart Inc., o maior empregador privado dos EUA, declarando que o objetivo da empresa consiste em remover \u201co foco do modo como algu\u00e9m adquiriu as suas compet\u00eancias, passando do privil\u00e9gio do grau de forma\u00e7\u00e3o para a valoriza\u00e7\u00e3o das compet\u00eancias em si\u201d.<\/p><p>Esta tend\u00eancia nos requisitos para contrata\u00e7\u00e3o tamb\u00e9m come\u00e7a, sem d\u00favida, a ganhar terreno na Europa. Ali\u00e1s, Portugal \u00e9 exemplo disso. O Minist\u00e9rio da Educa\u00e7\u00e3o enfrentou a necessidade de <a href=\"https:\/\/rr.sapo.pt\/noticia\/pais\/2022\/09\/09\/escolas-ja-tem-novas-regras-para-contratar-professores-para-dar-aulas\/299134\/\">alterar as regras que definem os requisitos para dar aulas<\/a>, na sequ\u00eancia da falta cr\u00f3nica de professores. Assim, em setembro de 2022, publicou-se um diploma que prev\u00ea a possibilidade de as escolas, em caso de necessidade, poderem recorrer aos licenciados com cr\u00e9ditos na \u00e1rea na qual pretendem dar aulas, dispensando a forma\u00e7\u00e3o em ensino.<\/p><p>Ademais, o mesmo ocorreu na <a href=\"https:\/\/www.portugal.gov.pt\/pt\/gc23\/comunicacao\/noticia?i=admissao-de-candidatos-a-policia-de-seguranca-publica-vai-ter-novos-requisitos\">contrata\u00e7\u00e3o de pol\u00edcias<\/a>. Em maio de 2022, o Governo anunciou novos requisitos, para \u201ccriar uma maior motiva\u00e7\u00e3o e atratividade das for\u00e7as e dos servi\u00e7os de seguran\u00e7a\u201d. Neste caso, optou-se por aumentar a idade m\u00e1xima para 30 anos e descer a m\u00ednima para 18. Al\u00e9m disso, passou a aceitar-se candidaturas de quem ainda frequenta o 12.\u00ba ano de escolaridade.<\/p>\t\t\t\t\t\t<\/div>\n\t\t\t\t<\/div>\n\t\t\t\t<div class=\"elementor-element elementor-element-af168ad elementor-widget elementor-widget-image\" data-id=\"af168ad\" data-element_type=\"widget\" data-widget_type=\"image.default\">\n\t\t\t\t<div class=\"elementor-widget-container\">\n\t\t\t\t\t\t\t\t\t\t\t\t\t<img fetchpriority=\"high\" decoding=\"async\" width=\"800\" height=\"534\" src=\"https:\/\/www.gigroupholding.com\/portugal\/wp-content\/uploads\/sites\/10\/2023\/02\/business-job-interview-concept-1024x683.jpg\" class=\"attachment-large size-large wp-image-12209\" alt=\"\" srcset=\"https:\/\/www.gigroupholding.com\/portugal\/wp-content\/uploads\/sites\/10\/2023\/02\/business-job-interview-concept-1024x683.jpg 1024w, https:\/\/www.gigroupholding.com\/portugal\/wp-content\/uploads\/sites\/10\/2023\/02\/business-job-interview-concept-300x200.jpg 300w, https:\/\/www.gigroupholding.com\/portugal\/wp-content\/uploads\/sites\/10\/2023\/02\/business-job-interview-concept-768x512.jpg 768w, https:\/\/www.gigroupholding.com\/portugal\/wp-content\/uploads\/sites\/10\/2023\/02\/business-job-interview-concept-1536x1024.jpg 1536w, https:\/\/www.gigroupholding.com\/portugal\/wp-content\/uploads\/sites\/10\/2023\/02\/business-job-interview-concept-2048x1365.jpg 2048w\" sizes=\"(max-width: 800px) 100vw, 800px\" \/>\t\t\t\t\t\t\t\t\t\t\t\t\t<\/div>\n\t\t\t\t<\/div>\n\t\t\t\t<div class=\"elementor-element elementor-element-245a444 elementor-widget elementor-widget-text-editor\" data-id=\"245a444\" data-element_type=\"widget\" data-widget_type=\"text-editor.default\">\n\t\t\t\t<div class=\"elementor-widget-container\">\n\t\t\t\t\t\t\t<h2>Que compet\u00eancias s\u00e3o mais valorizadas nos requisitos para contrata\u00e7\u00e3o?<\/h2><p>Neste contexto, as compet\u00eancias conquistam, sem d\u00favida, cada vez mais relev\u00e2ncia nos requisitos para contrata\u00e7\u00e3o. Num <a href=\"https:\/\/www.researchgate.net\/publication\/332854437_ENSINO_SUPERIOR_E_EMPREGABILIDADE_PERCECOES_DE_ESTUDANTES_E_GRADUADOS_EMPREGADORES_E_ACADEMICOS\">estudo<\/a> sobre o tema, investigadores afirmam que \u201cpossuir um grau acad\u00e9mico funciona cada vez menos como fator diferenciador no acesso ao emprego\u201d, sendo que \u201cv\u00e1rios estudos apontam para a evid\u00eancia de que os empregadores est\u00e3o crescentemente interessados noutro tipo de compet\u00eancias pessoais e sociais. As antigas credenciais, por si, pouco contam diante da personalidade e das <em>soft skills<\/em> dos graduados\u201d.<\/p><p>Nesse artigo, elencam-se as compet\u00eancias mais procuradas pelos empregadores, a saber:<\/p><ul><li>responsabilidade;<\/li><li>disponibilidade para aprender, para a mudan\u00e7a e a adapta\u00e7\u00e3o aos contextos de trabalho;<\/li><li>compreens\u00e3o dos m\u00e9todos e das regras do trabalho;<\/li><li>capacidade de trabalhar em equipa;<\/li><li>sentido de compromisso;<\/li><li>bom senso.<\/li><\/ul><p>As transforma\u00e7\u00f5es tornaram-se vis\u00edveis, resta agora perceber se estamos perante mudan\u00e7as estruturais nos requisitos para contrata\u00e7\u00e3o ou apenas respostas tempor\u00e1rias, para resolver problemas conjunturais. Independentemente do caso, a experi\u00eancia demonstrar\u00e1, certamente, se possuir um diploma faz assim tanta diferen\u00e7a, na garantia de um bom desempenho profissional.<\/p>\t\t\t\t\t\t<\/div>\n\t\t\t\t<\/div>\n\t\t\t\t\t<\/div>\n\t\t<\/div>\n\t\t\t\t\t<\/div>\n\t\t<\/section>\n\t\t\t\t<section class=\"elementor-section elementor-top-section elementor-element elementor-element-1bdc380 one_group_container elementor-section-boxed elementor-section-height-default elementor-section-height-default\" data-id=\"1bdc380\" data-element_type=\"section\">\n\t\t\t\t\t\t<div class=\"elementor-container elementor-column-gap-default\">\n\t\t\t\t\t<div class=\"elementor-column elementor-col-100 elementor-top-column elementor-element elementor-element-35b19e3\" data-id=\"35b19e3\" data-element_type=\"column\">\n\t\t\t<div class=\"elementor-widget-wrap elementor-element-populated\">\n\t\t\t\t\t\t<div class=\"elementor-element elementor-element-b7ebdb3 elementor-widget elementor-widget-image\" data-id=\"b7ebdb3\" data-element_type=\"widget\" data-widget_type=\"image.default\">\n\t\t\t\t<div class=\"elementor-widget-container\">\n\t\t\t\t\t\t\t\t\t\t\t\t\t\t<a href=\"https:\/\/www.linkedin.com\/in\/thomas-marra-a97312b\/\">\n\t\t\t\t\t\t\t<img decoding=\"async\" src=\"https:\/\/www.gigroupholding.com\/portugal\/wp-content\/uploads\/sites\/10\/elementor\/thumbs\/Design-sem-nome-9-1-2-pxvznbseunqvahhqg45wfzxa78o91o7dzok583yaf8.png\" title=\"Design sem nome (9)\" alt=\"Design sem nome (9)\" loading=\"lazy\" \/>\t\t\t\t\t\t\t\t<\/a>\n\t\t\t\t\t\t\t\t\t\t\t\t\t<\/div>\n\t\t\t\t<\/div>\n\t\t\t\t<div class=\"elementor-element elementor-element-40655f8 elementor-widget elementor-widget-heading\" data-id=\"40655f8\" data-element_type=\"widget\" data-widget_type=\"heading.default\">\n\t\t\t\t<div class=\"elementor-widget-container\">\n\t\t\t<p class=\"elementor-heading-title elementor-size-default\">Rui Rocheta<\/p>\t\t<\/div>\n\t\t\t\t<\/div>\n\t\t\t\t\t<\/div>\n\t\t<\/div>\n\t\t\t\t\t<\/div>\n\t\t<\/section>\n\t\t\t\t<section class=\"elementor-section elementor-top-section elementor-element elementor-element-80d8770 one_group_container elementor-section-boxed elementor-section-height-default elementor-section-height-default\" data-id=\"80d8770\" data-element_type=\"section\">\n\t\t\t\t\t\t<div class=\"elementor-container elementor-column-gap-default\">\n\t\t\t\t\t<div class=\"elementor-column elementor-col-100 elementor-top-column elementor-element elementor-element-4adc30b\" data-id=\"4adc30b\" data-element_type=\"column\">\n\t\t\t<div class=\"elementor-widget-wrap elementor-element-populated\">\n\t\t\t\t\t\t<div class=\"elementor-element elementor-element-f14e6a1 elementor-widget elementor-widget-text-editor\" data-id=\"f14e6a1\" data-element_type=\"widget\" data-widget_type=\"text-editor.default\">\n\t\t\t\t<div class=\"elementor-widget-container\">\n\t\t\t\t\t\t\t<p><strong>Regional Head &#8211; LATAM, Iberia e Turquia<\/strong><br \/>Gi Group Holding<\/p>\t\t\t\t\t\t<\/div>\n\t\t\t\t<\/div>\n\t\t\t\t\t<\/div>\n\t\t<\/div>\n\t\t\t\t\t<\/div>\n\t\t<\/section>\n\t\t\t\t<\/div>\n\t\t","protected":false},"excerpt":{"rendered":"<p>O grau acad\u00e9mico ainda tem import\u00e2ncia nos requisitos para contrata\u00e7\u00e3o? As novas tend\u00eancias demonstram que n\u00e3o ser\u00e1 bem assim.<\/p>\n","protected":false},"featured_media":12209,"template":"","meta":{"_acf_changed":false,"_links_to":"","_links_to_target":""},"sustainable-category":[],"class_list":["post-12200","sustainable-works","type-sustainable-works","status-publish","has-post-thumbnail","hentry"],"acf":[],"yoast_head":"<!-- This site is optimized with the Yoast SEO plugin v23.9 - https:\/\/yoast.com\/wordpress\/plugins\/seo\/ -->\n<title>Diploma vs. compet\u00eancias: novos requisitos para contrata\u00e7\u00e3o<\/title>\n<meta name=\"description\" content=\"O grau acad\u00e9mico ainda tem import\u00e2ncia nos requisitos para contrata\u00e7\u00e3o? As novas tend\u00eancias demonstram que n\u00e3o ser\u00e1 bem assim.\" \/>\n<meta name=\"robots\" content=\"index, follow, max-snippet:-1, max-image-preview:large, max-video-preview:-1\" \/>\n<link rel=\"canonical\" href=\"https:\/\/www.gigroupholding.com\/portugal\/insights\/diploma-competencias-requisitos-para-contratacao\/\" \/>\n<meta property=\"og:locale\" content=\"pt_PT\" \/>\n<meta property=\"og:type\" content=\"article\" \/>\n<meta property=\"og:title\" content=\"Diploma vs. compet\u00eancias: novos requisitos para contrata\u00e7\u00e3o\" \/>\n<meta property=\"og:description\" content=\"O grau acad\u00e9mico ainda tem import\u00e2ncia nos requisitos para contrata\u00e7\u00e3o? As novas tend\u00eancias demonstram que n\u00e3o ser\u00e1 bem assim.\" \/>\n<meta property=\"og:url\" content=\"https:\/\/www.gigroupholding.com\/portugal\/insights\/diploma-competencias-requisitos-para-contratacao\/\" \/>\n<meta property=\"og:site_name\" content=\"Gi Group Holding Portugal\" \/>\n<meta property=\"article:modified_time\" content=\"2023-02-06T15:03:25+00:00\" \/>\n<meta property=\"og:image\" content=\"https:\/\/www.gigroupholding.com\/portugal\/wp-content\/uploads\/sites\/10\/2023\/02\/business-job-interview-concept-scaled.jpg\" \/>\n\t<meta property=\"og:image:width\" content=\"2560\" \/>\n\t<meta property=\"og:image:height\" content=\"1707\" \/>\n\t<meta property=\"og:image:type\" content=\"image\/jpeg\" \/>\n<meta name=\"twitter:card\" content=\"summary_large_image\" \/>\n<meta name=\"twitter:label1\" content=\"Est. reading time\" \/>\n\t<meta name=\"twitter:data1\" content=\"5 minutes\" \/>\n<script type=\"application\/ld+json\" class=\"yoast-schema-graph\">{\"@context\":\"https:\/\/schema.org\",\"@graph\":[{\"@type\":\"WebPage\",\"@id\":\"https:\/\/www.gigroupholding.com\/portugal\/insights\/diploma-competencias-requisitos-para-contratacao\/\",\"url\":\"https:\/\/www.gigroupholding.com\/portugal\/insights\/diploma-competencias-requisitos-para-contratacao\/\",\"name\":\"Diploma vs. compet\u00eancias: novos requisitos para contrata\u00e7\u00e3o\",\"isPartOf\":{\"@id\":\"https:\/\/www.gigroupholding.com\/portugal\/#website\"},\"primaryImageOfPage\":{\"@id\":\"https:\/\/www.gigroupholding.com\/portugal\/insights\/diploma-competencias-requisitos-para-contratacao\/#primaryimage\"},\"image\":{\"@id\":\"https:\/\/www.gigroupholding.com\/portugal\/insights\/diploma-competencias-requisitos-para-contratacao\/#primaryimage\"},\"thumbnailUrl\":\"https:\/\/www.gigroupholding.com\/portugal\/wp-content\/uploads\/sites\/10\/2023\/02\/business-job-interview-concept-scaled.jpg\",\"datePublished\":\"2023-02-07T10:00:00+00:00\",\"dateModified\":\"2023-02-06T15:03:25+00:00\",\"description\":\"O grau acad\u00e9mico ainda tem import\u00e2ncia nos requisitos para contrata\u00e7\u00e3o? As novas tend\u00eancias demonstram que n\u00e3o ser\u00e1 bem assim.\",\"breadcrumb\":{\"@id\":\"https:\/\/www.gigroupholding.com\/portugal\/insights\/diploma-competencias-requisitos-para-contratacao\/#breadcrumb\"},\"inLanguage\":\"pt-PT\",\"potentialAction\":[{\"@type\":\"ReadAction\",\"target\":[\"https:\/\/www.gigroupholding.com\/portugal\/insights\/diploma-competencias-requisitos-para-contratacao\/\"]}]},{\"@type\":\"ImageObject\",\"inLanguage\":\"pt-PT\",\"@id\":\"https:\/\/www.gigroupholding.com\/portugal\/insights\/diploma-competencias-requisitos-para-contratacao\/#primaryimage\",\"url\":\"https:\/\/www.gigroupholding.com\/portugal\/wp-content\/uploads\/sites\/10\/2023\/02\/business-job-interview-concept-scaled.jpg\",\"contentUrl\":\"https:\/\/www.gigroupholding.com\/portugal\/wp-content\/uploads\/sites\/10\/2023\/02\/business-job-interview-concept-scaled.jpg\",\"width\":2560,\"height\":1707,\"caption\":\"Business situation, job interview concept.\"},{\"@type\":\"BreadcrumbList\",\"@id\":\"https:\/\/www.gigroupholding.com\/portugal\/insights\/diploma-competencias-requisitos-para-contratacao\/#breadcrumb\",\"itemListElement\":[{\"@type\":\"ListItem\",\"position\":1,\"name\":\"Sustainable works\",\"item\":\"https:\/\/www.gigroupholding.com\/portugal\/blog\/\"},{\"@type\":\"ListItem\",\"position\":2,\"name\":\"Diploma vs. compet\u00eancias: novos requisitos para contrata\u00e7\u00e3o\"}]},{\"@type\":\"WebSite\",\"@id\":\"https:\/\/www.gigroupholding.com\/portugal\/#website\",\"url\":\"https:\/\/www.gigroupholding.com\/portugal\/\",\"name\":\"Gi Group Holding Portugal\",\"description\":\"O nosso ecossistema global de Servi\u00e7os RH desenvolve o mercado de trabalho, cria valor sustent\u00e1vel e transforma vidas num ambiente profissional positivo.\",\"potentialAction\":[{\"@type\":\"SearchAction\",\"target\":{\"@type\":\"EntryPoint\",\"urlTemplate\":\"https:\/\/www.gigroupholding.com\/portugal\/?s={search_term_string}\"},\"query-input\":{\"@type\":\"PropertyValueSpecification\",\"valueRequired\":true,\"valueName\":\"search_term_string\"}}],\"inLanguage\":\"pt-PT\"}]}<\/script>\n<!-- \/ Yoast SEO plugin. -->","yoast_head_json":{"title":"Diploma vs. compet\u00eancias: novos requisitos para contrata\u00e7\u00e3o","description":"O grau acad\u00e9mico ainda tem import\u00e2ncia nos requisitos para contrata\u00e7\u00e3o? As novas tend\u00eancias demonstram que n\u00e3o ser\u00e1 bem assim.","robots":{"index":"index","follow":"follow","max-snippet":"max-snippet:-1","max-image-preview":"max-image-preview:large","max-video-preview":"max-video-preview:-1"},"canonical":"https:\/\/www.gigroupholding.com\/portugal\/insights\/diploma-competencias-requisitos-para-contratacao\/","og_locale":"pt_PT","og_type":"article","og_title":"Diploma vs. compet\u00eancias: novos requisitos para contrata\u00e7\u00e3o","og_description":"O grau acad\u00e9mico ainda tem import\u00e2ncia nos requisitos para contrata\u00e7\u00e3o? As novas tend\u00eancias demonstram que n\u00e3o ser\u00e1 bem assim.","og_url":"https:\/\/www.gigroupholding.com\/portugal\/insights\/diploma-competencias-requisitos-para-contratacao\/","og_site_name":"Gi Group Holding Portugal","article_modified_time":"2023-02-06T15:03:25+00:00","og_image":[{"width":2560,"height":1707,"url":"https:\/\/www.gigroupholding.com\/portugal\/wp-content\/uploads\/sites\/10\/2023\/02\/business-job-interview-concept-scaled.jpg","type":"image\/jpeg"}],"twitter_card":"summary_large_image","twitter_misc":{"Est. reading time":"5 minutes"},"schema":{"@context":"https:\/\/schema.org","@graph":[{"@type":"WebPage","@id":"https:\/\/www.gigroupholding.com\/portugal\/insights\/diploma-competencias-requisitos-para-contratacao\/","url":"https:\/\/www.gigroupholding.com\/portugal\/insights\/diploma-competencias-requisitos-para-contratacao\/","name":"Diploma vs. compet\u00eancias: novos requisitos para contrata\u00e7\u00e3o","isPartOf":{"@id":"https:\/\/www.gigroupholding.com\/portugal\/#website"},"primaryImageOfPage":{"@id":"https:\/\/www.gigroupholding.com\/portugal\/insights\/diploma-competencias-requisitos-para-contratacao\/#primaryimage"},"image":{"@id":"https:\/\/www.gigroupholding.com\/portugal\/insights\/diploma-competencias-requisitos-para-contratacao\/#primaryimage"},"thumbnailUrl":"https:\/\/www.gigroupholding.com\/portugal\/wp-content\/uploads\/sites\/10\/2023\/02\/business-job-interview-concept-scaled.jpg","datePublished":"2023-02-07T10:00:00+00:00","dateModified":"2023-02-06T15:03:25+00:00","description":"O grau acad\u00e9mico ainda tem import\u00e2ncia nos requisitos para contrata\u00e7\u00e3o? As novas tend\u00eancias demonstram que n\u00e3o ser\u00e1 bem assim.","breadcrumb":{"@id":"https:\/\/www.gigroupholding.com\/portugal\/insights\/diploma-competencias-requisitos-para-contratacao\/#breadcrumb"},"inLanguage":"pt-PT","potentialAction":[{"@type":"ReadAction","target":["https:\/\/www.gigroupholding.com\/portugal\/insights\/diploma-competencias-requisitos-para-contratacao\/"]}]},{"@type":"ImageObject","inLanguage":"pt-PT","@id":"https:\/\/www.gigroupholding.com\/portugal\/insights\/diploma-competencias-requisitos-para-contratacao\/#primaryimage","url":"https:\/\/www.gigroupholding.com\/portugal\/wp-content\/uploads\/sites\/10\/2023\/02\/business-job-interview-concept-scaled.jpg","contentUrl":"https:\/\/www.gigroupholding.com\/portugal\/wp-content\/uploads\/sites\/10\/2023\/02\/business-job-interview-concept-scaled.jpg","width":2560,"height":1707,"caption":"Business situation, job interview concept."},{"@type":"BreadcrumbList","@id":"https:\/\/www.gigroupholding.com\/portugal\/insights\/diploma-competencias-requisitos-para-contratacao\/#breadcrumb","itemListElement":[{"@type":"ListItem","position":1,"name":"Sustainable works","item":"https:\/\/www.gigroupholding.com\/portugal\/blog\/"},{"@type":"ListItem","position":2,"name":"Diploma vs. compet\u00eancias: novos requisitos para contrata\u00e7\u00e3o"}]},{"@type":"WebSite","@id":"https:\/\/www.gigroupholding.com\/portugal\/#website","url":"https:\/\/www.gigroupholding.com\/portugal\/","name":"Gi Group Holding Portugal","description":"O nosso ecossistema global de Servi\u00e7os RH desenvolve o mercado de trabalho, cria valor sustent\u00e1vel e transforma vidas num ambiente profissional positivo.","potentialAction":[{"@type":"SearchAction","target":{"@type":"EntryPoint","urlTemplate":"https:\/\/www.gigroupholding.com\/portugal\/?s={search_term_string}"},"query-input":{"@type":"PropertyValueSpecification","valueRequired":true,"valueName":"search_term_string"}}],"inLanguage":"pt-PT"}]}},"_links":{"self":[{"href":"https:\/\/www.gigroupholding.com\/portugal\/wp-json\/wp\/v2\/sustainable-works\/12200","targetHints":{"allow":["GET"]}}],"collection":[{"href":"https:\/\/www.gigroupholding.com\/portugal\/wp-json\/wp\/v2\/sustainable-works"}],"about":[{"href":"https:\/\/www.gigroupholding.com\/portugal\/wp-json\/wp\/v2\/types\/sustainable-works"}],"version-history":[{"count":5,"href":"https:\/\/www.gigroupholding.com\/portugal\/wp-json\/wp\/v2\/sustainable-works\/12200\/revisions"}],"predecessor-version":[{"id":12213,"href":"https:\/\/www.gigroupholding.com\/portugal\/wp-json\/wp\/v2\/sustainable-works\/12200\/revisions\/12213"}],"wp:featuredmedia":[{"embeddable":true,"href":"https:\/\/www.gigroupholding.com\/portugal\/wp-json\/wp\/v2\/media\/12209"}],"wp:attachment":[{"href":"https:\/\/www.gigroupholding.com\/portugal\/wp-json\/wp\/v2\/media?parent=12200"}],"wp:term":[{"taxonomy":"sustainable-category","embeddable":true,"href":"https:\/\/www.gigroupholding.com\/portugal\/wp-json\/wp\/v2\/sustainable-category?post=12200"}],"curies":[{"name":"wp","href":"https:\/\/api.w.org\/{rel}","templated":true}]}}