{"id":35591,"date":"2026-02-12T10:29:04","date_gmt":"2026-02-12T10:29:04","guid":{"rendered":"https:\/\/www.gigroupholding.com\/portugal\/?page_id=35591"},"modified":"2026-02-16T18:02:08","modified_gmt":"2026-02-16T18:02:08","slug":"apoio-financeiro-familias","status":"publish","type":"page","link":"https:\/\/www.gigroupholding.com\/portugal\/apoio-financeiro-familias\/","title":{"rendered":"Medidas de apoio financeiro \u00e0s fam\u00edlias em situa\u00e7\u00e3o de car\u00eancia ou de perda de rendimento"},"content":{"rendered":"\t\t<div data-elementor-type=\"wp-page\" data-elementor-id=\"35591\" class=\"elementor elementor-35591\" data-elementor-post-type=\"page\">\n\t\t\t\t\t\t<section class=\"elementor-section elementor-top-section elementor-element elementor-element-c91079a elementor-section-full_width elementor-section-stretched one_group_container elementor-section-height-default elementor-section-height-default\" data-id=\"c91079a\" data-element_type=\"section\" data-settings=\"{&quot;stretch_section&quot;:&quot;section-stretched&quot;,&quot;background_background&quot;:&quot;classic&quot;}\">\n\t\t\t\t\t\t<div class=\"elementor-container elementor-column-gap-default\">\n\t\t\t\t\t<div class=\"elementor-column elementor-col-100 elementor-top-column elementor-element elementor-element-27967106\" data-id=\"27967106\" data-element_type=\"column\">\n\t\t\t<div class=\"elementor-widget-wrap elementor-element-populated\">\n\t\t\t\t\t\t<div class=\"elementor-element elementor-element-f92dd62 elementor-widget elementor-widget-text-editor\" data-id=\"f92dd62\" data-element_type=\"widget\" data-widget_type=\"text-editor.default\">\n\t\t\t\t<div class=\"elementor-widget-container\">\n\t\t\t\t\t\t\t<p><strong>P\u00e1gina de Informa\u00e7\u00e3o sobre o Estado de Calamidade: Tempestade Kristin\u00a0<\/strong><\/p>\t\t\t\t\t\t<\/div>\n\t\t\t\t<\/div>\n\t\t\t\t<div class=\"elementor-element elementor-element-637a5daa elementor-widget elementor-widget-heading\" data-id=\"637a5daa\" data-element_type=\"widget\" data-widget_type=\"heading.default\">\n\t\t\t\t<div class=\"elementor-widget-container\">\n\t\t\t<h1 class=\"elementor-heading-title elementor-size-default\">Medidas de apoio financeiro \u00e0s fam\u00edlias em situa\u00e7\u00e3o de car\u00eancia ou de perda de rendimento e morat\u00f3ria banc\u00e1ria<\/h1>\t\t<\/div>\n\t\t\t\t<\/div>\n\t\t\t\t\t<\/div>\n\t\t<\/div>\n\t\t\t\t\t<\/div>\n\t\t<\/section>\n\t\t\t\t<section class=\"elementor-section elementor-top-section elementor-element elementor-element-dbca207 elementor-section-boxed elementor-section-height-default elementor-section-height-default\" data-id=\"dbca207\" data-element_type=\"section\">\n\t\t\t\t\t\t<div class=\"elementor-container elementor-column-gap-default\">\n\t\t\t\t\t<div class=\"elementor-column elementor-col-100 elementor-top-column elementor-element elementor-element-b848fab\" data-id=\"b848fab\" data-element_type=\"column\">\n\t\t\t<div class=\"elementor-widget-wrap elementor-element-populated\">\n\t\t\t\t\t\t<div class=\"elementor-element elementor-element-5e6db0b elementor-widget elementor-widget-spacer\" data-id=\"5e6db0b\" data-element_type=\"widget\" data-widget_type=\"spacer.default\">\n\t\t\t\t<div class=\"elementor-widget-container\">\n\t\t\t\t\t<div class=\"elementor-spacer\">\n\t\t\t<div class=\"elementor-spacer-inner\"><\/div>\n\t\t<\/div>\n\t\t\t\t<\/div>\n\t\t\t\t<\/div>\n\t\t\t\t<div class=\"elementor-element elementor-element-dd9afea elementor-toc--minimized-on-tablet elementor-widget elementor-widget-table-of-contents\" data-id=\"dd9afea\" data-element_type=\"widget\" data-settings=\"{&quot;exclude_headings_by_selector&quot;:[],&quot;no_headings_message&quot;:&quot;No headings were found on this page.&quot;,&quot;headings_by_tags&quot;:[&quot;h2&quot;,&quot;h3&quot;,&quot;h4&quot;,&quot;h5&quot;,&quot;h6&quot;],&quot;marker_view&quot;:&quot;numbers&quot;,&quot;minimize_box&quot;:&quot;yes&quot;,&quot;minimized_on&quot;:&quot;tablet&quot;,&quot;hierarchical_view&quot;:&quot;yes&quot;,&quot;min_height&quot;:{&quot;unit&quot;:&quot;px&quot;,&quot;size&quot;:&quot;&quot;,&quot;sizes&quot;:[]},&quot;min_height_tablet&quot;:{&quot;unit&quot;:&quot;px&quot;,&quot;size&quot;:&quot;&quot;,&quot;sizes&quot;:[]},&quot;min_height_mobile&quot;:{&quot;unit&quot;:&quot;px&quot;,&quot;size&quot;:&quot;&quot;,&quot;sizes&quot;:[]}}\" data-widget_type=\"table-of-contents.default\">\n\t\t\t\t<div class=\"elementor-widget-container\">\n\t\t\t\t\t<div class=\"elementor-toc__header\">\n\t\t\t<h4 class=\"elementor-toc__header-title\">\n\t\t\t\tConte\u00fado\t\t\t<\/h4>\n\t\t\t\t\t\t\t<div class=\"elementor-toc__toggle-button elementor-toc__toggle-button--expand\" role=\"button\" tabindex=\"0\" aria-controls=\"elementor-toc__dd9afea\" aria-expanded=\"true\" aria-label=\"Open table of contents\"><i aria-hidden=\"true\" class=\"fas fa-chevron-down\"><\/i><\/div>\n\t\t\t\t<div class=\"elementor-toc__toggle-button elementor-toc__toggle-button--collapse\" role=\"button\" tabindex=\"0\" aria-controls=\"elementor-toc__dd9afea\" aria-expanded=\"true\" aria-label=\"Close table of contents\"><i aria-hidden=\"true\" class=\"fas fa-chevron-up\"><\/i><\/div>\n\t\t\t\t\t<\/div>\n\t\t<div id=\"elementor-toc__dd9afea\" class=\"elementor-toc__body\">\n\t\t\t<div class=\"elementor-toc__spinner-container\">\n\t\t\t\t<i class=\"elementor-toc__spinner eicon-animation-spin eicon-loading\" aria-hidden=\"true\"><\/i>\t\t\t<\/div>\n\t\t<\/div>\n\t\t\t\t<\/div>\n\t\t\t\t<\/div>\n\t\t\t\t<div class=\"elementor-element elementor-element-79d848a elementor-widget elementor-widget-heading\" data-id=\"79d848a\" data-element_type=\"widget\" data-widget_type=\"heading.default\">\n\t\t\t\t<div class=\"elementor-widget-container\">\n\t\t\t<h2 class=\"elementor-heading-title elementor-size-default\">1. Objetivo Geral do apoio financeiro \u00e0s fam\u00edlias em situa\u00e7\u00e3o de car\u00eancia<\/h2>\t\t<\/div>\n\t\t\t\t<\/div>\n\t\t\t\t<div class=\"elementor-element elementor-element-0cacd2d elementor-widget elementor-widget-text-editor\" data-id=\"0cacd2d\" data-element_type=\"widget\" data-widget_type=\"text-editor.default\">\n\t\t\t\t<div class=\"elementor-widget-container\">\n\t\t\t\t\t\t\t<p>Implementar apoios financeiros do Governo que garantam a prote\u00e7\u00e3o \u00e0s fam\u00edlias em situa\u00e7\u00e3o de car\u00eancia ou de perda de rendimento<strong>.<\/strong><\/p>\t\t\t\t\t\t<\/div>\n\t\t\t\t<\/div>\n\t\t\t\t<div class=\"elementor-element elementor-element-02fc8b1 elementor-widget elementor-widget-heading\" data-id=\"02fc8b1\" data-element_type=\"widget\" data-widget_type=\"heading.default\">\n\t\t\t\t<div class=\"elementor-widget-container\">\n\t\t\t<h2 class=\"elementor-heading-title elementor-size-default\">O Que \u00c9 e Quanto?<\/h2>\t\t<\/div>\n\t\t\t\t<\/div>\n\t\t\t\t<div class=\"elementor-element elementor-element-22358b0 elementor-widget elementor-widget-text-editor\" data-id=\"22358b0\" data-element_type=\"widget\" data-widget_type=\"text-editor.default\">\n\t\t\t\t<div class=\"elementor-widget-container\">\n\t\t\t\t\t\t\t<p>Apoio que se destina a fam\u00edlias que se encontrem <strong>em situa\u00e7\u00e3o de car\u00eancia ou de perda de rendimento<\/strong> e que necessitem de proceder a <strong>despesas necess\u00e1rias \u00e0 sua subsist\u00eancia ou \u00e0 aquisi\u00e7\u00e3o de bens imediatos e inadi\u00e1veis<\/strong>.<\/p><p><strong><span style=\"text-decoration: underline\">Valor do apoio comunicado pelo Governo: 537,13 \u20ac por pessoa e 1.074,26 \u20ac por agregado familiar, pass\u00edvel de aumento em casos excepcionais.<\/span><\/strong><\/p>\t\t\t\t\t\t<\/div>\n\t\t\t\t<\/div>\n\t\t\t\t<div class=\"elementor-element elementor-element-dc832c7 elementor-widget elementor-widget-heading\" data-id=\"dc832c7\" data-element_type=\"widget\" data-widget_type=\"heading.default\">\n\t\t\t\t<div class=\"elementor-widget-container\">\n\t\t\t<h2 class=\"elementor-heading-title elementor-size-default\">Destinat\u00e1rios<\/h2>\t\t<\/div>\n\t\t\t\t<\/div>\n\t\t\t\t<div class=\"elementor-element elementor-element-9163bf1 elementor-widget elementor-widget-text-editor\" data-id=\"9163bf1\" data-element_type=\"widget\" data-widget_type=\"text-editor.default\">\n\t\t\t\t<div class=\"elementor-widget-container\">\n\t\t\t\t\t\t\t<ul><li>Fam\u00edlias em situa\u00e7\u00e3o de car\u00eancia ou perda de rendimentos;\u00a0<\/li><li>\u00a0Agregados familiares que perderam bens essenciais ou t\u00eam despesas extraordin\u00e1rias relacionadas com a tempestade.<\/li><\/ul>\t\t\t\t\t\t<\/div>\n\t\t\t\t<\/div>\n\t\t\t\t<div class=\"elementor-element elementor-element-b761154 elementor-widget elementor-widget-heading\" data-id=\"b761154\" data-element_type=\"widget\" data-widget_type=\"heading.default\">\n\t\t\t\t<div class=\"elementor-widget-container\">\n\t\t\t<h2 class=\"elementor-heading-title elementor-size-default\">Localiza\u00e7\u00f5es Abrangidas<\/h2>\t\t<\/div>\n\t\t\t\t<\/div>\n\t\t\t\t<div class=\"elementor-element elementor-element-6078dfd elementor-icon-list--layout-traditional elementor-list-item-link-full_width elementor-widget elementor-widget-icon-list\" data-id=\"6078dfd\" data-element_type=\"widget\" data-widget_type=\"icon-list.default\">\n\t\t\t\t<div class=\"elementor-widget-container\">\n\t\t\t\t\t<ul class=\"elementor-icon-list-items\">\n\t\t\t\t\t\t\t<li class=\"elementor-icon-list-item\">\n\t\t\t\t\t\t\t\t\t\t\t<span class=\"elementor-icon-list-icon\">\n\t\t\t\t\t\t\t<i aria-hidden=\"true\" class=\"fas fa-check\"><\/i>\t\t\t\t\t\t<\/span>\n\t\t\t\t\t\t\t\t\t\t<span class=\"elementor-icon-list-text\">Abrantes, \u00c1gueda, Albergaria-a-Velha, Alc\u00e1cer do Sal, Alcanena, Alcoba\u00e7a, Alvai\u00e1zere, Ansi\u00e3o, Aveiro <\/span>\n\t\t\t\t\t\t\t\t\t<\/li>\n\t\t\t\t\t\t\t\t<li class=\"elementor-icon-list-item\">\n\t\t\t\t\t\t\t\t\t\t\t<span class=\"elementor-icon-list-icon\">\n\t\t\t\t\t\t\t<i aria-hidden=\"true\" class=\"fas fa-check\"><\/i>\t\t\t\t\t\t<\/span>\n\t\t\t\t\t\t\t\t\t\t<span class=\"elementor-icon-list-text\">Batalha, Bombarral<\/span>\n\t\t\t\t\t\t\t\t\t<\/li>\n\t\t\t\t\t\t\t\t<li class=\"elementor-icon-list-item\">\n\t\t\t\t\t\t\t\t\t\t\t<span class=\"elementor-icon-list-icon\">\n\t\t\t\t\t\t\t<i aria-hidden=\"true\" class=\"fas fa-check\"><\/i>\t\t\t\t\t\t<\/span>\n\t\t\t\t\t\t\t\t\t\t<span class=\"elementor-icon-list-text\">Cadaval, Caldas da Rainha, Cantanhede, Castanheira de Pera, Castelo Branco, Coimbra, Condeixa-a-Nova, Const\u00e2ncia, Covilh\u00e3<\/span>\n\t\t\t\t\t\t\t\t\t<\/li>\n\t\t\t\t\t\t\t\t<li class=\"elementor-icon-list-item\">\n\t\t\t\t\t\t\t\t\t\t\t<span class=\"elementor-icon-list-icon\">\n\t\t\t\t\t\t\t<i aria-hidden=\"true\" class=\"fas fa-check\"><\/i>\t\t\t\t\t\t<\/span>\n\t\t\t\t\t\t\t\t\t\t<span class=\"elementor-icon-list-text\">Entroncamento, Estarreja<\/span>\n\t\t\t\t\t\t\t\t\t<\/li>\n\t\t\t\t\t\t\t\t<li class=\"elementor-icon-list-item\">\n\t\t\t\t\t\t\t\t\t\t\t<span class=\"elementor-icon-list-icon\">\n\t\t\t\t\t\t\t<i aria-hidden=\"true\" class=\"fas fa-check\"><\/i>\t\t\t\t\t\t<\/span>\n\t\t\t\t\t\t\t\t\t\t<span class=\"elementor-icon-list-text\">Ferreira do Z\u00eazere; Figueira da Foz, Figueir\u00f3 dos Vinhos, Fund\u00e3o<\/span>\n\t\t\t\t\t\t\t\t\t<\/li>\n\t\t\t\t\t\t\t\t<li class=\"elementor-icon-list-item\">\n\t\t\t\t\t\t\t\t\t\t\t<span class=\"elementor-icon-list-icon\">\n\t\t\t\t\t\t\t<i aria-hidden=\"true\" class=\"fas fa-check\"><\/i>\t\t\t\t\t\t<\/span>\n\t\t\t\t\t\t\t\t\t\t<span class=\"elementor-icon-list-text\">G\u00f3is, Goleg\u00e3<\/span>\n\t\t\t\t\t\t\t\t\t<\/li>\n\t\t\t\t\t\t\t\t<li class=\"elementor-icon-list-item\">\n\t\t\t\t\t\t\t\t\t\t\t<span class=\"elementor-icon-list-icon\">\n\t\t\t\t\t\t\t<i aria-hidden=\"true\" class=\"fas fa-check\"><\/i>\t\t\t\t\t\t<\/span>\n\t\t\t\t\t\t\t\t\t\t<span class=\"elementor-icon-list-text\">Idanha-a-Nova, \u00cdlhavo<\/span>\n\t\t\t\t\t\t\t\t\t<\/li>\n\t\t\t\t\t\t\t\t<li class=\"elementor-icon-list-item\">\n\t\t\t\t\t\t\t\t\t\t\t<span class=\"elementor-icon-list-icon\">\n\t\t\t\t\t\t\t<i aria-hidden=\"true\" class=\"fas fa-check\"><\/i>\t\t\t\t\t\t<\/span>\n\t\t\t\t\t\t\t\t\t\t<span class=\"elementor-icon-list-text\">Leiria, Lourinh\u00e3, Lous\u00e3<\/span>\n\t\t\t\t\t\t\t\t\t<\/li>\n\t\t\t\t\t\t\t\t<li class=\"elementor-icon-list-item\">\n\t\t\t\t\t\t\t\t\t\t\t<span class=\"elementor-icon-list-icon\">\n\t\t\t\t\t\t\t<i aria-hidden=\"true\" class=\"fas fa-check\"><\/i>\t\t\t\t\t\t<\/span>\n\t\t\t\t\t\t\t\t\t\t<span class=\"elementor-icon-list-text\">Ma\u00e7\u00e3o, Marinha Grande, Mealhada, Mira, Miranda do Corvo, Montemor-o-Velho, Murtosa<\/span>\n\t\t\t\t\t\t\t\t\t<\/li>\n\t\t\t\t\t\t\t\t<li class=\"elementor-icon-list-item\">\n\t\t\t\t\t\t\t\t\t\t\t<span class=\"elementor-icon-list-icon\">\n\t\t\t\t\t\t\t<i aria-hidden=\"true\" class=\"fas fa-check\"><\/i>\t\t\t\t\t\t<\/span>\n\t\t\t\t\t\t\t\t\t\t<span class=\"elementor-icon-list-text\">Nazar\u00e9<\/span>\n\t\t\t\t\t\t\t\t\t<\/li>\n\t\t\t\t\t\t\t\t<li class=\"elementor-icon-list-item\">\n\t\t\t\t\t\t\t\t\t\t\t<span class=\"elementor-icon-list-icon\">\n\t\t\t\t\t\t\t<i aria-hidden=\"true\" class=\"fas fa-check\"><\/i>\t\t\t\t\t\t<\/span>\n\t\t\t\t\t\t\t\t\t\t<span class=\"elementor-icon-list-text\">\u00d3bidos, Oleiros, Our\u00e9m, Ovar<\/span>\n\t\t\t\t\t\t\t\t\t<\/li>\n\t\t\t\t\t\t\t\t<li class=\"elementor-icon-list-item\">\n\t\t\t\t\t\t\t\t\t\t\t<span class=\"elementor-icon-list-icon\">\n\t\t\t\t\t\t\t<i aria-hidden=\"true\" class=\"fas fa-check\"><\/i>\t\t\t\t\t\t<\/span>\n\t\t\t\t\t\t\t\t\t\t<span class=\"elementor-icon-list-text\">Pampilhosa da Serra, Pedr\u00f3g\u00e3o Grande, Penacova, Penamacor, Penela, Peniche, Pombal, Porto de M\u00f3s, Proen\u00e7a-a-Nova<\/span>\n\t\t\t\t\t\t\t\t\t<\/li>\n\t\t\t\t\t\t\t\t<li class=\"elementor-icon-list-item\">\n\t\t\t\t\t\t\t\t\t\t\t<span class=\"elementor-icon-list-icon\">\n\t\t\t\t\t\t\t<i aria-hidden=\"true\" class=\"fas fa-check\"><\/i>\t\t\t\t\t\t<\/span>\n\t\t\t\t\t\t\t\t\t\t<span class=\"elementor-icon-list-text\">Rio Maior<\/span>\n\t\t\t\t\t\t\t\t\t<\/li>\n\t\t\t\t\t\t\t\t<li class=\"elementor-icon-list-item\">\n\t\t\t\t\t\t\t\t\t\t\t<span class=\"elementor-icon-list-icon\">\n\t\t\t\t\t\t\t<i aria-hidden=\"true\" class=\"fas fa-check\"><\/i>\t\t\t\t\t\t<\/span>\n\t\t\t\t\t\t\t\t\t\t<span class=\"elementor-icon-list-text\">Santar\u00e9m, Sardoal, Sert\u00e3, Sever do Vouga, Soure<\/span>\n\t\t\t\t\t\t\t\t\t<\/li>\n\t\t\t\t\t\t\t\t<li class=\"elementor-icon-list-item\">\n\t\t\t\t\t\t\t\t\t\t\t<span class=\"elementor-icon-list-icon\">\n\t\t\t\t\t\t\t<i aria-hidden=\"true\" class=\"fas fa-check\"><\/i>\t\t\t\t\t\t<\/span>\n\t\t\t\t\t\t\t\t\t\t<span class=\"elementor-icon-list-text\">Tomar, Torres Novas, Torres Vedras<\/span>\n\t\t\t\t\t\t\t\t\t<\/li>\n\t\t\t\t\t\t\t\t<li class=\"elementor-icon-list-item\">\n\t\t\t\t\t\t\t\t\t\t\t<span class=\"elementor-icon-list-icon\">\n\t\t\t\t\t\t\t<i aria-hidden=\"true\" class=\"fas fa-check\"><\/i>\t\t\t\t\t\t<\/span>\n\t\t\t\t\t\t\t\t\t\t<span class=\"elementor-icon-list-text\">Vagos, Vila de Rei, Vila Nova da Barquinha, Vila Nova de Poiares e Vila Velha de R\u00f3d\u00e3o<\/span>\n\t\t\t\t\t\t\t\t\t<\/li>\n\t\t\t\t\t\t<\/ul>\n\t\t\t\t<\/div>\n\t\t\t\t<\/div>\n\t\t\t\t<div class=\"elementor-element elementor-element-0699384 elementor-widget elementor-widget-spacer\" data-id=\"0699384\" data-element_type=\"widget\" data-widget_type=\"spacer.default\">\n\t\t\t\t<div class=\"elementor-widget-container\">\n\t\t\t\t\t<div class=\"elementor-spacer\">\n\t\t\t<div class=\"elementor-spacer-inner\"><\/div>\n\t\t<\/div>\n\t\t\t\t<\/div>\n\t\t\t\t<\/div>\n\t\t\t\t\t<\/div>\n\t\t<\/div>\n\t\t\t\t\t<\/div>\n\t\t<\/section>\n\t\t\t\t<section class=\"elementor-section elementor-top-section elementor-element elementor-element-3955001 elementor-section-boxed elementor-section-height-default elementor-section-height-default\" data-id=\"3955001\" data-element_type=\"section\">\n\t\t\t\t\t\t<div class=\"elementor-container elementor-column-gap-default\">\n\t\t\t\t\t<div class=\"elementor-column elementor-col-100 elementor-top-column elementor-element elementor-element-4cfe921\" data-id=\"4cfe921\" data-element_type=\"column\" data-settings=\"{&quot;background_background&quot;:&quot;classic&quot;}\">\n\t\t\t<div class=\"elementor-widget-wrap elementor-element-populated\">\n\t\t\t\t\t\t<div class=\"elementor-element elementor-element-faff46a elementor-widget elementor-widget-heading\" data-id=\"faff46a\" data-element_type=\"widget\" data-widget_type=\"heading.default\">\n\t\t\t\t<div class=\"elementor-widget-container\">\n\t\t\t<h2 class=\"elementor-heading-title elementor-size-default\">Procedimentos Legais para requerer apoio financeiro \u00e0 fam\u00edlia - Passo a Passo<\/h2>\t\t<\/div>\n\t\t\t\t<\/div>\n\t\t\t\t<div class=\"elementor-element elementor-element-a530cf1 elementor-widget elementor-widget-spacer\" data-id=\"a530cf1\" data-element_type=\"widget\" data-widget_type=\"spacer.default\">\n\t\t\t\t<div class=\"elementor-widget-container\">\n\t\t\t\t\t<div class=\"elementor-spacer\">\n\t\t\t<div class=\"elementor-spacer-inner\"><\/div>\n\t\t<\/div>\n\t\t\t\t<\/div>\n\t\t\t\t<\/div>\n\t\t\t\t<div class=\"elementor-element elementor-element-1cc42d1 elementor-widget elementor-widget-text-editor\" data-id=\"1cc42d1\" data-element_type=\"widget\" data-widget_type=\"text-editor.default\">\n\t\t\t\t<div class=\"elementor-widget-container\">\n\t\t\t\t\t\t\t<p><strong>1\u00ba <a href=\"https:\/\/www.gigroupholding.com\/portugal\/wp-content\/uploads\/sites\/10\/2026\/02\/AS-115-xQxLjRmrdaKGI3ElZrS6rQ-3.pdf\" target=\"_blank\" rel=\"noopener\">Preenchimento do formul\u00e1rio AS 115<\/a> &#8211;<\/strong> Requerimento &#8211; Subs\u00eddios de Car\u00e1cter Eventual &#8211; Tempestade Kristin 2026<\/p><p><strong>2\u00ba O pedido \u00e9 submetido atrav\u00e9s do gov.pt ou diretamente na Seguran\u00e7a Social (Link: <\/strong><a href=\"https:\/\/www.seg-social.pt\/ptss\/pssd\/menu\/ajuda\/contactos-canais-atendimento\/balcao-e-clic\"><strong>https:\/\/www.seg-social.pt\/ptss\/pssd\/menu\/ajuda\/contactos-canais-atendimento\/balcao-e-clic<\/strong><\/a><strong>)<\/strong><\/p><p><span style=\"text-decoration: underline\">O requerimento implicar\u00e1 um atendimento pelo t\u00e9cnico da Seguran\u00e7a Social onde:<\/span><\/p><ul><li>\u00e9 feita a avalia\u00e7\u00e3o (diagn\u00f3stico) da situa\u00e7\u00e3o socioecon\u00f3mica e familiar da pessoa requerente;<\/li><li>s\u00e3o verificados outros requisitos de elegibilidade (se tem ou n\u00e3o tem direito);<\/li><li>\u00e9 definida a finalidade, se \u00e9 pago de uma s\u00f3 vez ou mensalmente e qual \u00e9 o valor do subs\u00eddio eventual;<\/li><li>\u00e9 esclarecido quais os direitos e deveres no processo do subs\u00eddio eventual.<\/li><\/ul><p><strong>3\u00ba Durante a instru\u00e7\u00e3o do processo, a Seguran\u00e7a Social: <\/strong><\/p><ul><li>pode pedir meios de prova adequados \u00e0 comprova\u00e7\u00e3o da situa\u00e7\u00e3o socioecon\u00f3mica e familiar da\/o requerente;<\/li><li>solicitar outros documentos essenciais para o processo (ex. Declara\u00e7\u00e3o de autoriza\u00e7\u00e3o expressa do benefici\u00e1rio para pagamento do subs\u00eddio ao requerente).<\/li><\/ul><p><strong>4\u00ba Decis\u00e3o emitida em at\u00e9 5 dias \u00fateis.<\/strong><\/p><p><strong>5\u00ba<\/strong> <strong>Pagamento direto ao benefici\u00e1rio ou por meio de fornecedores de bens\/servi\u00e7os.<\/strong><\/p><ul><li><strong>Deveres do Requerente do Apoio<\/strong><\/li><\/ul><p><span style=\"text-decoration: underline\">O benefici\u00e1rio e\/ou o Requerente destes subs\u00eddios eventuais, entre outros, tem: <\/span><\/p><p><strong>\u25aa O dever da verdade <\/strong>certificando que <strong>as declara\u00e7\u00f5es prestadas est\u00e3o corretas e n\u00e3o omitem qualquer informa\u00e7\u00e3o relevante<\/strong>, tomando conhecimento de que as falsas declara\u00e7\u00f5es s\u00e3o punidas nos termos da lei;<\/p><p><strong>\u25aa O dever de informa\u00e7\u00e3o<\/strong>, isto \u00e9, n\u00e3o s\u00f3 apresentar <strong>os documentos comprovativos e a esclarecer todas as quest\u00f5es colocadas pela Seguran\u00e7a Social<\/strong>, mas tamb\u00e9m comunicar-lhe qualquer <strong>facto que possa influenciar a atribui\u00e7\u00e3o ou manuten\u00e7\u00e3o do subs\u00eddio<\/strong> (se isto n\u00e3o for cumprido pode ser exigida a reposi\u00e7\u00e3o do valor (\u20ac) do apoio indevidamente recebido);<\/p><p><strong>\u25aa O dever de prestar<\/strong> contas no <strong>prazo m\u00e1ximo de 60 dias ap\u00f3s a atribui\u00e7\u00e3o do subs\u00eddio<\/strong>, apresentando os <strong>documentos originais de despesa e do respetivo pagamento<\/strong>.<\/p>\t\t\t\t\t\t<\/div>\n\t\t\t\t<\/div>\n\t\t\t\t\t<\/div>\n\t\t<\/div>\n\t\t\t\t\t<\/div>\n\t\t<\/section>\n\t\t\t\t<section class=\"elementor-section elementor-top-section elementor-element elementor-element-1cc8410 elementor-section-boxed elementor-section-height-default elementor-section-height-default\" data-id=\"1cc8410\" data-element_type=\"section\">\n\t\t\t\t\t\t<div class=\"elementor-container elementor-column-gap-default\">\n\t\t\t\t\t<div class=\"elementor-column elementor-col-100 elementor-top-column elementor-element elementor-element-5bc6034\" data-id=\"5bc6034\" data-element_type=\"column\">\n\t\t\t<div class=\"elementor-widget-wrap elementor-element-populated\">\n\t\t\t\t\t\t<div class=\"elementor-element elementor-element-84adee3 elementor-widget elementor-widget-heading\" data-id=\"84adee3\" data-element_type=\"widget\" data-widget_type=\"heading.default\">\n\t\t\t\t<div class=\"elementor-widget-container\">\n\t\t\t<h2 class=\"elementor-heading-title elementor-size-default\">2. Apoio para reconstru\u00e7\u00e3o de Casas, Agricultura e Floresta <\/h2>\t\t<\/div>\n\t\t\t\t<\/div>\n\t\t\t\t<div class=\"elementor-element elementor-element-69ff534 elementor-widget elementor-widget-text-editor\" data-id=\"69ff534\" data-element_type=\"widget\" data-widget_type=\"text-editor.default\">\n\t\t\t\t<div class=\"elementor-widget-container\">\n\t\t\t\t\t\t\t<ul><li>Atribui\u00e7\u00e3o de apoios <strong>at\u00e9 10 mil euros para obras e interven\u00e7\u00f5es de repara\u00e7\u00e3o, reabilita\u00e7\u00e3o ou reconstru\u00e7\u00e3o<\/strong> de\u00a0<strong>habita\u00e7\u00e3o pr\u00f3pria e permanente, sendo que <\/strong>a habita\u00e7\u00e3o deve ser utilizada como resid\u00eancia habitual do agregado. Tamb\u00e9m s\u00e3o eleg\u00edveis despesas de\u00a0<strong>realojamento tempor\u00e1rio<\/strong>;<\/li><li>O\u00a0<strong>apoio \u00e9 de 100% da despesa eleg\u00edvel remanescente<\/strong>, depois de descontada a indemniza\u00e7\u00e3o do seguro ou outros apoios;<\/li><li>Caso o\u00a0<strong>apoio seja at\u00e9 5 mil euros<\/strong>dispensa vistoria, bastando um registo fotogr\u00e1fico ou de v\u00eddeo, apresentado pelo benefici\u00e1rio;<\/li><li>N\u00e3o \u00e9 exigida documenta\u00e7\u00e3o se n\u00e3o existir\u00a0<strong>cobertura de seguro aplic\u00e1vel (coberturas espec\u00edficas no seguro\u00a0multirriscos-habita\u00e7\u00e3o)<\/strong>;<\/li><li>Depende de vistoria das Comiss\u00f5es de Coordena\u00e7\u00e3o e Desenvolvimento Regional (CCDR) e das c\u00e2maras municipais.<\/li><\/ul><p>Os formul\u00e1rios para a\u00a0<strong>declara\u00e7\u00e3o de preju\u00edzos<\/strong>\u00a0encontram-se nos sites das\u00a0<a href=\"https:\/\/www.ccdrc.pt\/pt\/areas-de-atuacao\/administracao-local\/apoio-tecnico-e-financeiro\/tempestades-2026\/\"><strong>CCDR do Centro<\/strong><\/a>\u00a0e da\u00a0<a href=\"https:\/\/www.ccdr-lvt.pt\/2026\/02\/ccdr-lvt-disponibiliza-plataformas-de-apoio-as-pessoas-afetadas-pelas-calamidades-de-2026\/\"><strong>CCDR de Lisboa e Vale do Tejo<\/strong><\/a>, nos links abaixo:<\/p><ul><li><a href=\"https:\/\/www.ccdrc.pt\/pt\/areas-de-atuacao\/administracao-local\/apoio-tecnico-e-financeiro\/tempestades-2026\/\">https:\/\/www.ccdrc.pt\/pt\/areas-de-atuacao\/administracao-local\/apoio-tecnico-e-financeiro\/tempestades-2026\/<\/a><\/li><li><a href=\"https:\/\/www.ccdr-lvt.pt\/apoios-e-incentivos\/calamidades-2026\/calamidades-2026-habitacao\/\">https:\/\/www.ccdr-lvt.pt\/apoios-e-incentivos\/calamidades-2026\/calamidades-2026-habitacao\/<\/a><\/li><\/ul><p><strong>A que danos se aplica:<\/strong><\/p><ul><li><strong>danos e despesas diretamente relacionados com a tempestade<\/strong>, ocorridos entre as <strong>00h00 de 28 de janeiro de 2026 e as 23h59 de 8 de fevereiro de 2026<\/strong>, e eventuais <strong>prorroga\u00e7\u00f5es<\/strong>, nos concelhos abrangidos;<\/li><li>t\u00eam natureza excecional, tempor\u00e1ria, subsidi\u00e1ria e n\u00e3o substituem ou prejudicam as indemniza\u00e7\u00f5es que resultem de seguros ou de outros mecanismos de compensa\u00e7\u00e3o, n\u00e3o podendo montante total recebido n\u00e3o pode exceder o valor dos preju\u00edzos sofridos.\u00a0<\/li><\/ul>\t\t\t\t\t\t<\/div>\n\t\t\t\t<\/div>\n\t\t\t\t<div class=\"elementor-element elementor-element-74b1182 elementor-widget elementor-widget-heading\" data-id=\"74b1182\" data-element_type=\"widget\" data-widget_type=\"heading.default\">\n\t\t\t\t<div class=\"elementor-widget-container\">\n\t\t\t<h2 class=\"elementor-heading-title elementor-size-default\">2.1 A que se destinam os apoios de recupera\u00e7\u00e3o e reconstru\u00e7\u00e3o?<\/h2>\t\t<\/div>\n\t\t\t\t<\/div>\n\t\t\t\t<div class=\"elementor-element elementor-element-07428fa elementor-widget elementor-widget-text-editor\" data-id=\"07428fa\" data-element_type=\"widget\" data-widget_type=\"text-editor.default\">\n\t\t\t\t<div class=\"elementor-widget-container\">\n\t\t\t\t\t\t\t<ul><li>Habita\u00e7\u00e3o pr\u00f3pria e permanente;<\/li><li>explora\u00e7\u00f5es agr\u00edcolas e de povoamentos florestais;<\/li><li>infraestruturas rodovi\u00e1rias e ferrovi\u00e1rias;<\/li><li>infraestruturas e equipamentos municipais e intermunicipais;<\/li><li>infraestruturas e equipamentos sociais e de sa\u00fade;<\/li><li>patrim\u00f3nio natural, cultural e desportivo.<\/li><\/ul><p><strong>Seguro<\/strong><\/p><ul><li>Havendo seguro, a atribui\u00e7\u00e3o dos apoios depende da\u00a0<strong>prova do acionamento do seguro, e da resposta da seguradora <\/strong>a mencionar os montantes pagos ou a pagar, os valores recusados e aqueles que ficam a cargo do segurado, com respetiva fundamenta\u00e7\u00e3o;<\/li><li>O\u00a0<strong>apoio recai sobre a diferen\u00e7a<\/strong>entre <strong>o dano comprovado e a indemniza\u00e7\u00e3o da seguradora, ou da declara\u00e7\u00e3o de inexist\u00eancia ou inaplicabilidade de cobertura<\/strong>.<\/li><\/ul>\t\t\t\t\t\t<\/div>\n\t\t\t\t<\/div>\n\t\t\t\t<div class=\"elementor-element elementor-element-791a933 elementor-widget elementor-widget-text-editor\" data-id=\"791a933\" data-element_type=\"widget\" data-widget_type=\"text-editor.default\">\n\t\t\t\t<div class=\"elementor-widget-container\">\n\t\t\t\t\t\t\t<p>Para saber mais informa\u00e7\u00f5es sobre o <span style=\"text-decoration: underline\"><strong>Apoio para a Reconstru\u00e7\u00e3o de casas, Agricultura e Floresta<\/strong><\/span> aceder <a href=\"https:\/\/www.gigroupholding.com\/portugal\/wp-content\/uploads\/sites\/10\/2026\/02\/Apoio-para-Reconstrucao-de-Casas-Agricultura-e-Floresta.pdf\" target=\"_blank\" rel=\"noopener\"><span style=\"text-decoration: underline\"><strong>AQUI<\/strong><\/span><\/a><\/p>\t\t\t\t\t\t<\/div>\n\t\t\t\t<\/div>\n\t\t\t\t<div class=\"elementor-element elementor-element-2882a28 elementor-widget elementor-widget-heading\" data-id=\"2882a28\" data-element_type=\"widget\" data-widget_type=\"heading.default\">\n\t\t\t\t<div class=\"elementor-widget-container\">\n\t\t\t<h2 class=\"elementor-heading-title elementor-size-default\">3. Morat\u00f3ria para cr\u00e9dito \u00e0 habita\u00e7\u00e3o at\u00e9 27 de abril<\/h2>\t\t<\/div>\n\t\t\t\t<\/div>\n\t\t\t\t<div class=\"elementor-element elementor-element-1e3bb87 elementor-widget elementor-widget-text-editor\" data-id=\"1e3bb87\" data-element_type=\"widget\" data-widget_type=\"text-editor.default\">\n\t\t\t\t<div class=\"elementor-widget-container\">\n\t\t\t\t\t\t\t<ul><li>Com efeitos <strong>desde 28 de janeiro<\/strong>, as fam\u00edlias podem pedir a<strong>suspens\u00e3o do pagamento de empr\u00e9stimos<\/strong>\u00a0de habita\u00e7\u00e3o pr\u00f3pria e permanente <strong>at\u00e9 27 de abril de 2026<\/strong>;<\/li><li>Suspens\u00e3o total dos pagamentos das\u00a0<strong>presta\u00e7\u00f5es de capital e juros<\/strong>, assim como de outros encargos associados ao contrato de cr\u00e9dito relativos a habita\u00e7\u00e3o pr\u00f3pria permanente.<\/li><\/ul>\t\t\t\t\t\t<\/div>\n\t\t\t\t<\/div>\n\t\t\t\t<div class=\"elementor-element elementor-element-80f1984 elementor-widget elementor-widget-heading\" data-id=\"80f1984\" data-element_type=\"widget\" data-widget_type=\"heading.default\">\n\t\t\t\t<div class=\"elementor-widget-container\">\n\t\t\t<h2 class=\"elementor-heading-title elementor-size-default\">3.1 A quem se aplica?<\/h2>\t\t<\/div>\n\t\t\t\t<\/div>\n\t\t\t\t<div class=\"elementor-element elementor-element-8f4ce3d elementor-widget elementor-widget-text-editor\" data-id=\"8f4ce3d\" data-element_type=\"widget\" data-widget_type=\"text-editor.default\">\n\t\t\t\t<div class=\"elementor-widget-container\">\n\t\t\t\t\t\t\t<p>Aos\u00a0<strong>residentes nos concelhos em estado de calamidade;<\/strong><\/p><p>Pessoas singulares que a\u00ed n\u00e3o residam, mas que estejam em situa\u00e7\u00e3o de\u00a0<strong>lay-off, porque as suas empresas t\u00eam sede ou exercem a atividade naqueles concelhos<\/strong>.<\/p>\t\t\t\t\t\t<\/div>\n\t\t\t\t<\/div>\n\t\t\t\t<div class=\"elementor-element elementor-element-ad4c8c8 elementor-widget elementor-widget-text-editor\" data-id=\"ad4c8c8\" data-element_type=\"widget\" data-widget_type=\"text-editor.default\">\n\t\t\t\t<div class=\"elementor-widget-container\">\n\t\t\t\t\t\t\t<p>Para saber mais informa\u00e7\u00f5es sobre a <span style=\"text-decoration: underline\"><strong>Morat\u00f3ria para Cr\u00e9dito \u00e0 Habita\u00e7\u00e3o\u00a0<\/strong><\/span>aceder <a href=\"https:\/\/www.gigroupholding.com\/portugal\/wp-content\/uploads\/sites\/10\/2026\/02\/Apoio-para-Reconstrucao-de-Casas-Agricultura-e-Floresta.pdf\" target=\"_blank\" rel=\"noopener\"><span style=\"text-decoration: underline\"><strong>AQUI<\/strong><\/span><\/a><\/p>\t\t\t\t\t\t<\/div>\n\t\t\t\t<\/div>\n\t\t\t\t\t<\/div>\n\t\t<\/div>\n\t\t\t\t\t<\/div>\n\t\t<\/section>\n\t\t\t\t<\/div>\n\t\t","protected":false},"excerpt":{"rendered":"<p>Informa\u00e7\u00e3o relativa ao apoio do Governo destinado \u00e0s fam\u00edlias afetadas pela tempestade Kristin, atrav\u00e9s de medidas tempor\u00e1rias e excecionais.<\/p>\n","protected":false},"author":87,"featured_media":0,"parent":0,"menu_order":0,"comment_status":"closed","ping_status":"closed","template":"","meta":{"_acf_changed":false,"footnotes":"","_links_to":"","_links_to_target":""},"class_list":["post-35591","page","type-page","status-publish","hentry"],"acf":[],"yoast_head":"<!-- This site is optimized with the Yoast SEO plugin v23.9 - https:\/\/yoast.com\/wordpress\/plugins\/seo\/ -->\n<title>Medidas de apoio financeiro \u00e0s fam\u00edlias em situa\u00e7\u00e3o de car\u00eancia ou de perda de rendimento - Gi Group Holding Portugal<\/title>\n<meta name=\"robots\" content=\"index, follow, max-snippet:-1, max-image-preview:large, max-video-preview:-1\" \/>\n<link rel=\"canonical\" href=\"https:\/\/www.gigroupholding.com\/portugal\/apoio-financeiro-familias\/\" \/>\n<meta property=\"og:locale\" content=\"pt_PT\" \/>\n<meta property=\"og:type\" content=\"article\" \/>\n<meta property=\"og:title\" content=\"Medidas de apoio financeiro \u00e0s fam\u00edlias em situa\u00e7\u00e3o de car\u00eancia ou de perda de rendimento - Gi Group Holding Portugal\" \/>\n<meta property=\"og:description\" content=\"Informa\u00e7\u00e3o relativa ao apoio do Governo destinado \u00e0s fam\u00edlias afetadas pela tempestade Kristin, atrav\u00e9s de medidas tempor\u00e1rias e excecionais.\" \/>\n<meta property=\"og:url\" content=\"https:\/\/www.gigroupholding.com\/portugal\/apoio-financeiro-familias\/\" \/>\n<meta property=\"og:site_name\" content=\"Gi Group Holding Portugal\" \/>\n<meta property=\"article:modified_time\" content=\"2026-02-16T18:02:08+00:00\" \/>\n<meta name=\"twitter:card\" content=\"summary_large_image\" \/>\n<meta name=\"twitter:label1\" content=\"Est. reading time\" \/>\n\t<meta name=\"twitter:data1\" content=\"6 minutes\" \/>\n<script type=\"application\/ld+json\" class=\"yoast-schema-graph\">{\"@context\":\"https:\/\/schema.org\",\"@graph\":[{\"@type\":\"WebPage\",\"@id\":\"https:\/\/www.gigroupholding.com\/portugal\/apoio-financeiro-familias\/\",\"url\":\"https:\/\/www.gigroupholding.com\/portugal\/apoio-financeiro-familias\/\",\"name\":\"Medidas de apoio financeiro \u00e0s fam\u00edlias em situa\u00e7\u00e3o de car\u00eancia ou de perda de rendimento - Gi Group Holding Portugal\",\"isPartOf\":{\"@id\":\"https:\/\/www.gigroupholding.com\/portugal\/#website\"},\"datePublished\":\"2026-02-12T10:29:04+00:00\",\"dateModified\":\"2026-02-16T18:02:08+00:00\",\"inLanguage\":\"pt-PT\",\"potentialAction\":[{\"@type\":\"ReadAction\",\"target\":[\"https:\/\/www.gigroupholding.com\/portugal\/apoio-financeiro-familias\/\"]}]},{\"@type\":\"WebSite\",\"@id\":\"https:\/\/www.gigroupholding.com\/portugal\/#website\",\"url\":\"https:\/\/www.gigroupholding.com\/portugal\/\",\"name\":\"Gi Group Holding Portugal\",\"description\":\"O nosso ecossistema global de Servi\u00e7os RH desenvolve o mercado de trabalho, cria valor sustent\u00e1vel e transforma vidas num ambiente profissional positivo.\",\"potentialAction\":[{\"@type\":\"SearchAction\",\"target\":{\"@type\":\"EntryPoint\",\"urlTemplate\":\"https:\/\/www.gigroupholding.com\/portugal\/?s={search_term_string}\"},\"query-input\":{\"@type\":\"PropertyValueSpecification\",\"valueRequired\":true,\"valueName\":\"search_term_string\"}}],\"inLanguage\":\"pt-PT\"}]}<\/script>\n<!-- \/ Yoast SEO plugin. -->","yoast_head_json":{"title":"Medidas de apoio financeiro \u00e0s fam\u00edlias em situa\u00e7\u00e3o de car\u00eancia ou de perda de rendimento - Gi Group Holding Portugal","robots":{"index":"index","follow":"follow","max-snippet":"max-snippet:-1","max-image-preview":"max-image-preview:large","max-video-preview":"max-video-preview:-1"},"canonical":"https:\/\/www.gigroupholding.com\/portugal\/apoio-financeiro-familias\/","og_locale":"pt_PT","og_type":"article","og_title":"Medidas de apoio financeiro \u00e0s fam\u00edlias em situa\u00e7\u00e3o de car\u00eancia ou de perda de rendimento - Gi Group Holding Portugal","og_description":"Informa\u00e7\u00e3o relativa ao apoio do Governo destinado \u00e0s fam\u00edlias afetadas pela tempestade Kristin, atrav\u00e9s de medidas tempor\u00e1rias e excecionais.","og_url":"https:\/\/www.gigroupholding.com\/portugal\/apoio-financeiro-familias\/","og_site_name":"Gi Group Holding Portugal","article_modified_time":"2026-02-16T18:02:08+00:00","twitter_card":"summary_large_image","twitter_misc":{"Est. reading time":"6 minutes"},"schema":{"@context":"https:\/\/schema.org","@graph":[{"@type":"WebPage","@id":"https:\/\/www.gigroupholding.com\/portugal\/apoio-financeiro-familias\/","url":"https:\/\/www.gigroupholding.com\/portugal\/apoio-financeiro-familias\/","name":"Medidas de apoio financeiro \u00e0s fam\u00edlias em situa\u00e7\u00e3o de car\u00eancia ou de perda de rendimento - Gi Group Holding Portugal","isPartOf":{"@id":"https:\/\/www.gigroupholding.com\/portugal\/#website"},"datePublished":"2026-02-12T10:29:04+00:00","dateModified":"2026-02-16T18:02:08+00:00","inLanguage":"pt-PT","potentialAction":[{"@type":"ReadAction","target":["https:\/\/www.gigroupholding.com\/portugal\/apoio-financeiro-familias\/"]}]},{"@type":"WebSite","@id":"https:\/\/www.gigroupholding.com\/portugal\/#website","url":"https:\/\/www.gigroupholding.com\/portugal\/","name":"Gi Group Holding Portugal","description":"O nosso ecossistema global de Servi\u00e7os RH desenvolve o mercado de trabalho, cria valor sustent\u00e1vel e transforma vidas num ambiente profissional positivo.","potentialAction":[{"@type":"SearchAction","target":{"@type":"EntryPoint","urlTemplate":"https:\/\/www.gigroupholding.com\/portugal\/?s={search_term_string}"},"query-input":{"@type":"PropertyValueSpecification","valueRequired":true,"valueName":"search_term_string"}}],"inLanguage":"pt-PT"}]}},"_links":{"self":[{"href":"https:\/\/www.gigroupholding.com\/portugal\/wp-json\/wp\/v2\/pages\/35591","targetHints":{"allow":["GET"]}}],"collection":[{"href":"https:\/\/www.gigroupholding.com\/portugal\/wp-json\/wp\/v2\/pages"}],"about":[{"href":"https:\/\/www.gigroupholding.com\/portugal\/wp-json\/wp\/v2\/types\/page"}],"author":[{"embeddable":true,"href":"https:\/\/www.gigroupholding.com\/portugal\/wp-json\/wp\/v2\/users\/87"}],"replies":[{"embeddable":true,"href":"https:\/\/www.gigroupholding.com\/portugal\/wp-json\/wp\/v2\/comments?post=35591"}],"version-history":[{"count":118,"href":"https:\/\/www.gigroupholding.com\/portugal\/wp-json\/wp\/v2\/pages\/35591\/revisions"}],"predecessor-version":[{"id":35738,"href":"https:\/\/www.gigroupholding.com\/portugal\/wp-json\/wp\/v2\/pages\/35591\/revisions\/35738"}],"wp:attachment":[{"href":"https:\/\/www.gigroupholding.com\/portugal\/wp-json\/wp\/v2\/media?parent=35591"}],"curies":[{"name":"wp","href":"https:\/\/api.w.org\/{rel}","templated":true}]}}