{"id":24889,"date":"2024-12-03T10:22:56","date_gmt":"2024-12-03T10:22:56","guid":{"rendered":"https:\/\/www.gigroupholding.com\/france\/insights\/la-filiere-des-biomedicaments-en-quete-de-bras-2\/"},"modified":"2024-12-09T13:41:57","modified_gmt":"2024-12-09T13:41:57","slug":"une-approche-humaine-de-l-ia-au-travail","status":"publish","type":"sustainable-works","link":"https:\/\/www.gigroupholding.com\/france\/insights\/une-approche-humaine-de-l-ia-au-travail\/","title":{"rendered":"Une approche humaine de l&rsquo;IA au travail"},"content":{"rendered":"\t\t<div data-elementor-type=\"wp-post\" data-elementor-id=\"24889\" class=\"elementor elementor-24889\" data-elementor-post-type=\"sustainable-works\">\n\t\t\t\t\t\t<section class=\"elementor-section elementor-top-section elementor-element elementor-element-f375663 elementor-section-boxed elementor-section-height-default elementor-section-height-default\" data-id=\"f375663\" data-element_type=\"section\">\n\t\t\t\t\t\t<div class=\"elementor-container elementor-column-gap-default\">\n\t\t\t\t\t<div class=\"elementor-column elementor-col-100 elementor-top-column elementor-element elementor-element-ea5b4eb\" data-id=\"ea5b4eb\" data-element_type=\"column\">\n\t\t\t<div class=\"elementor-widget-wrap\">\n\t\t\t\t\t\t\t<\/div>\n\t\t<\/div>\n\t\t\t\t\t<\/div>\n\t\t<\/section>\n\t\t\t\t<section class=\"elementor-section elementor-top-section elementor-element elementor-element-ac41ffb elementor-section-boxed elementor-section-height-default elementor-section-height-default\" data-id=\"ac41ffb\" data-element_type=\"section\">\n\t\t\t\t\t\t<div class=\"elementor-container elementor-column-gap-default\">\n\t\t\t\t\t<div class=\"elementor-column elementor-col-100 elementor-top-column elementor-element elementor-element-f0ce7d8\" data-id=\"f0ce7d8\" data-element_type=\"column\">\n\t\t\t<div class=\"elementor-widget-wrap\">\n\t\t\t\t\t\t\t<\/div>\n\t\t<\/div>\n\t\t\t\t\t<\/div>\n\t\t<\/section>\n\t\t\t\t<section class=\"elementor-section elementor-top-section elementor-element elementor-element-78c5347 elementor-section-boxed elementor-section-height-default elementor-section-height-default\" data-id=\"78c5347\" data-element_type=\"section\">\n\t\t\t\t\t\t<div class=\"elementor-container elementor-column-gap-default\">\n\t\t\t\t\t<div class=\"elementor-column elementor-col-100 elementor-top-column elementor-element elementor-element-4630284\" data-id=\"4630284\" data-element_type=\"column\">\n\t\t\t<div class=\"elementor-widget-wrap elementor-element-populated\">\n\t\t\t\t\t\t<div class=\"elementor-element elementor-element-79e4b08 elementor-widget elementor-widget-heading\" data-id=\"79e4b08\" data-element_type=\"widget\" data-widget_type=\"heading.default\">\n\t\t\t\t<div class=\"elementor-widget-container\">\n\t\t\t<h1 class=\"elementor-heading-title elementor-size-default\"><br> <span>Une approche humaine de l'IA au travail<\/span><\/h1>\t\t<\/div>\n\t\t\t\t<\/div>\n\t\t\t\t\t<\/div>\n\t\t<\/div>\n\t\t\t\t\t<\/div>\n\t\t<\/section>\n\t\t\t\t<section class=\"elementor-section elementor-top-section elementor-element elementor-element-1f9e93c elementor-section-boxed elementor-section-height-default elementor-section-height-default\" data-id=\"1f9e93c\" data-element_type=\"section\">\n\t\t\t\t\t\t<div class=\"elementor-container elementor-column-gap-default\">\n\t\t\t\t\t<div class=\"elementor-column elementor-col-50 elementor-top-column elementor-element elementor-element-fa8a63f\" data-id=\"fa8a63f\" data-element_type=\"column\">\n\t\t\t<div class=\"elementor-widget-wrap elementor-element-populated\">\n\t\t\t\t\t\t<div class=\"elementor-element elementor-element-9c4fb82 elementor-widget elementor-widget-spacer\" data-id=\"9c4fb82\" data-element_type=\"widget\" data-widget_type=\"spacer.default\">\n\t\t\t\t<div class=\"elementor-widget-container\">\n\t\t\t\t\t<div class=\"elementor-spacer\">\n\t\t\t<div class=\"elementor-spacer-inner\"><\/div>\n\t\t<\/div>\n\t\t\t\t<\/div>\n\t\t\t\t<\/div>\n\t\t\t\t<div class=\"elementor-element elementor-element-2d7d659 elementor-widget elementor-widget-image\" data-id=\"2d7d659\" data-element_type=\"widget\" data-widget_type=\"image.default\">\n\t\t\t\t<div class=\"elementor-widget-container\">\n\t\t\t\t\t\t\t\t\t\t\t\t\t<img fetchpriority=\"high\" decoding=\"async\" width=\"768\" height=\"768\" src=\"https:\/\/www.gigroupholding.com\/france\/wp-content\/uploads\/sites\/5\/2024\/07\/Gi-Group-Holding-Une-approche-humaine-de-lIA-au-travail-768x768.png\" class=\"attachment-medium_large size-medium_large wp-image-24895\" alt=\"Gi Group Holding- Une approche humaine de l&#039;IA au travail\" srcset=\"https:\/\/www.gigroupholding.com\/france\/wp-content\/uploads\/sites\/5\/2024\/07\/Gi-Group-Holding-Une-approche-humaine-de-lIA-au-travail-768x768.png 768w, https:\/\/www.gigroupholding.com\/france\/wp-content\/uploads\/sites\/5\/2024\/07\/Gi-Group-Holding-Une-approche-humaine-de-lIA-au-travail-300x300.png 300w, https:\/\/www.gigroupholding.com\/france\/wp-content\/uploads\/sites\/5\/2024\/07\/Gi-Group-Holding-Une-approche-humaine-de-lIA-au-travail-1024x1024.png 1024w, https:\/\/www.gigroupholding.com\/france\/wp-content\/uploads\/sites\/5\/2024\/07\/Gi-Group-Holding-Une-approche-humaine-de-lIA-au-travail-150x150.png 150w, https:\/\/www.gigroupholding.com\/france\/wp-content\/uploads\/sites\/5\/2024\/07\/Gi-Group-Holding-Une-approche-humaine-de-lIA-au-travail-400x400.png 400w, https:\/\/www.gigroupholding.com\/france\/wp-content\/uploads\/sites\/5\/2024\/07\/Gi-Group-Holding-Une-approche-humaine-de-lIA-au-travail-600x600.png 600w, https:\/\/www.gigroupholding.com\/france\/wp-content\/uploads\/sites\/5\/2024\/07\/Gi-Group-Holding-Une-approche-humaine-de-lIA-au-travail.png 1440w\" sizes=\"(max-width: 768px) 100vw, 768px\" \/>\t\t\t\t\t\t\t\t\t\t\t\t\t<\/div>\n\t\t\t\t<\/div>\n\t\t\t\t\t<\/div>\n\t\t<\/div>\n\t\t\t\t<div class=\"elementor-column elementor-col-50 elementor-top-column elementor-element elementor-element-b86d836\" data-id=\"b86d836\" data-element_type=\"column\">\n\t\t\t<div class=\"elementor-widget-wrap elementor-element-populated\">\n\t\t\t\t\t\t<div class=\"elementor-element elementor-element-5e7fdcf elementor-widget elementor-widget-spacer\" data-id=\"5e7fdcf\" data-element_type=\"widget\" data-widget_type=\"spacer.default\">\n\t\t\t\t<div class=\"elementor-widget-container\">\n\t\t\t\t\t<div class=\"elementor-spacer\">\n\t\t\t<div class=\"elementor-spacer-inner\"><\/div>\n\t\t<\/div>\n\t\t\t\t<\/div>\n\t\t\t\t<\/div>\n\t\t\t\t<div class=\"elementor-element elementor-element-945f5af elementor-widget__width-initial elementor-widget elementor-widget-text-editor\" data-id=\"945f5af\" data-element_type=\"widget\" data-widget_type=\"text-editor.default\">\n\t\t\t\t<div class=\"elementor-widget-container\">\n\t\t\t\t\t\t\t<h3><b>L\u2019essor de l\u2019Intelligence Artificielle constitue un v\u00e9ritable tournant \u2013 non seulement pour les entreprises, mais \u00e9galement pour la soci\u00e9t\u00e9 dans son ensemble.&nbsp;<\/b><\/h3><h3><strong style=\"color: inherit;font-family: inherit;font-size: 1.75rem\"><br><\/strong><\/h3><h3><strong style=\"color: inherit;font-family: inherit;font-size: 1.75rem\">Cependant, sa croissance fulgurante engendre des d\u00e9fis majeurs pour l\u2019ensemble des personnes impliqu\u00e9es dans la gestion de la main d\u2019\u0153uvre.<\/strong><\/h3>\n<h3>&nbsp;<\/h3>\n<h3><strong>C\u2019est ce que r\u00e9v\u00e8le une nouvelle \u00e9tude r\u00e9alis\u00e9e par la World Employment Confederation (WEC) en partenariat avec Gi Group Holding.<\/strong><\/h3>\t\t\t\t\t\t<\/div>\n\t\t\t\t<\/div>\n\t\t\t\t\t<\/div>\n\t\t<\/div>\n\t\t\t\t\t<\/div>\n\t\t<\/section>\n\t\t\t\t<section class=\"elementor-section elementor-top-section elementor-element elementor-element-92d0291 elementor-section-boxed elementor-section-height-default elementor-section-height-default\" data-id=\"92d0291\" data-element_type=\"section\">\n\t\t\t\t\t\t<div class=\"elementor-container elementor-column-gap-default\">\n\t\t\t\t\t<div class=\"elementor-column elementor-col-100 elementor-top-column elementor-element elementor-element-4281256\" data-id=\"4281256\" data-element_type=\"column\">\n\t\t\t<div class=\"elementor-widget-wrap elementor-element-populated\">\n\t\t\t\t\t\t<div class=\"elementor-element elementor-element-aa6603e elementor-widget elementor-widget-spacer\" data-id=\"aa6603e\" data-element_type=\"widget\" data-widget_type=\"spacer.default\">\n\t\t\t\t<div class=\"elementor-widget-container\">\n\t\t\t\t\t<div class=\"elementor-spacer\">\n\t\t\t<div class=\"elementor-spacer-inner\"><\/div>\n\t\t<\/div>\n\t\t\t\t<\/div>\n\t\t\t\t<\/div>\n\t\t\t\t\t<\/div>\n\t\t<\/div>\n\t\t\t\t\t<\/div>\n\t\t<\/section>\n\t\t\t\t<section class=\"elementor-section elementor-top-section elementor-element elementor-element-0c83448 elementor-section-boxed elementor-section-height-default elementor-section-height-default\" data-id=\"0c83448\" data-element_type=\"section\">\n\t\t\t\t\t\t<div class=\"elementor-container elementor-column-gap-default\">\n\t\t\t\t\t<div class=\"elementor-column elementor-col-100 elementor-top-column elementor-element elementor-element-d023f98\" data-id=\"d023f98\" data-element_type=\"column\">\n\t\t\t<div class=\"elementor-widget-wrap elementor-element-populated\">\n\t\t\t\t\t\t<div class=\"elementor-element elementor-element-dfc34e1 elementor-widget elementor-widget-heading\" data-id=\"dfc34e1\" data-element_type=\"widget\" data-widget_type=\"heading.default\">\n\t\t\t\t<div class=\"elementor-widget-container\">\n\t\t\t<h2 class=\"elementor-heading-title elementor-size-default\">IA et gestion des talents : d\u00e9fis, opportunit\u00e9s et r\u00e9invention du monde du travail<\/h2>\t\t<\/div>\n\t\t\t\t<\/div>\n\t\t\t\t\t<\/div>\n\t\t<\/div>\n\t\t\t\t\t<\/div>\n\t\t<\/section>\n\t\t\t\t<section class=\"elementor-section elementor-top-section elementor-element elementor-element-6a1e7b4 elementor-section-boxed elementor-section-height-default elementor-section-height-default\" data-id=\"6a1e7b4\" data-element_type=\"section\">\n\t\t\t\t\t\t<div class=\"elementor-container elementor-column-gap-default\">\n\t\t\t\t\t<div class=\"elementor-column elementor-col-100 elementor-top-column elementor-element elementor-element-297c3d0\" data-id=\"297c3d0\" data-element_type=\"column\">\n\t\t\t<div class=\"elementor-widget-wrap elementor-element-populated\">\n\t\t\t\t\t\t<div class=\"elementor-element elementor-element-6470660 elementor-widget__width-initial e-transform elementor-widget elementor-widget-text-editor\" data-id=\"6470660\" data-element_type=\"widget\" data-settings=\"{&quot;_transform_scale_effect&quot;:{&quot;unit&quot;:&quot;px&quot;,&quot;size&quot;:&quot;&quot;,&quot;sizes&quot;:[]},&quot;_transform_scale_effect_tablet&quot;:{&quot;unit&quot;:&quot;px&quot;,&quot;size&quot;:&quot;&quot;,&quot;sizes&quot;:[]},&quot;_transform_scale_effect_mobile&quot;:{&quot;unit&quot;:&quot;px&quot;,&quot;size&quot;:&quot;&quot;,&quot;sizes&quot;:[]}}\" data-widget_type=\"text-editor.default\">\n\t\t\t\t<div class=\"elementor-widget-container\">\n\t\t\t\t\t\t\t<p>Dans le monde du travail, les sujets de pr\u00e9occupation sont multiples\u00a0: de l\u2019impact de l\u2019IA sur les m\u00e9tiers et les comp\u00e9tences, \u00e0 la mani\u00e8re dont les managers traitent les employ\u00e9s\u2026 Une <a href=\"https:\/\/insights.wecglobal.org\/the-work-we-want\/home\/join-the-conversation\" target=\"_blank\" rel=\"noopener\"><strong>nouvelle \u00e9tude mondiale r\u00e9alis\u00e9e par la WEC<\/strong><\/a><strong> aupr\u00e8s de 715 cadres sup\u00e9rieurs<\/strong> \u2013 dont 265 dirigeants europ\u00e9ens \u2013 r\u00e9v\u00e8le que 82% des dirigeants europ\u00e9ens estiment que la gestion des talents n&rsquo;a jamais \u00e9t\u00e9 aussi difficile qu&rsquo;aujourd&rsquo;hui. De plus, 79% d\u2019entre eux affirment que l&rsquo;IA et autres technologies de rupture obligent les entreprises \u00e0 repenser radicalement la gestion des comp\u00e9tences et des ressources dans l&rsquo;ensemble de l\u2019entreprise. Les dirigeants interrog\u00e9s classent l&rsquo;essor de l&rsquo;IA et la recherche de plus de flexibilit\u00e9 chez les employ\u00e9s parmi les plus grands d\u00e9fis de la gestion des talents au cours des deux prochaines ann\u00e9es.<\/p><p>N\u00e9anmoins, on observe \u00e9galement des opportunit\u00e9s : L&rsquo;IA pr\u00e9sente des atouts r\u00e9volutionnaires pour les employeurs. Dans de nombreux secteurs, elle promet de stimuler consid\u00e9rablement la productivit\u00e9 et de contribuer \u00e0 combler les d\u00e9ficits de comp\u00e9tences auxquels sont confront\u00e9s les entreprises depuis quelques ann\u00e9es. Cela sera d&rsquo;autant plus important au vu de la prochaine vague de d\u00e9parts \u00e0 la retraite, qui devrait encore r\u00e9duire le vivier de talents et cr\u00e9er de nouvelles p\u00e9nuries de main-d&rsquo;\u0153uvre.<\/p>\t\t\t\t\t\t<\/div>\n\t\t\t\t<\/div>\n\t\t\t\t<div class=\"elementor-element elementor-element-ae4e424 elementor-blockquote--skin-border elementor-blockquote--button-color-official elementor-widget elementor-widget-blockquote\" data-id=\"ae4e424\" data-element_type=\"widget\" data-widget_type=\"blockquote.default\">\n\t\t\t\t<div class=\"elementor-widget-container\">\n\t\t\t\t\t<blockquote class=\"elementor-blockquote\">\n\t\t\t<p class=\"elementor-blockquote__content\">\n\t\t\t\t<span><i>\u00ab L'IA est peut-\u00eatre arriv\u00e9e au moment id\u00e9al, si l'on consid\u00e8re la p\u00e9nurie d\u00e9mographique de travailleurs qui s'annonce \u00bb<\/i><\/span>\t\t\t<\/p>\n\t\t\t\t\t\t\t<div class=\"e-q-footer\">\n\t\t\t\t\t\t\t\t\t\t\t<cite class=\"elementor-blockquote__author\">Barry Asin, analyste principal chez Staffing Industry Analysts (SIA) et conseiller mondial en recrutement et solutions de main-d'\u0153uvre.<\/cite>\n\t\t\t\t\t\t\t\t\t\t\t\t\t\t<\/div>\n\t\t\t\t\t<\/blockquote>\n\t\t\t\t<\/div>\n\t\t\t\t<\/div>\n\t\t\t\t<div class=\"elementor-element elementor-element-26ce5e9 elementor-widget elementor-widget-text-editor\" data-id=\"26ce5e9\" data-element_type=\"widget\" data-widget_type=\"text-editor.default\">\n\t\t\t\t<div class=\"elementor-widget-container\">\n\t\t\t\t\t\t\t<p>Si l&rsquo;on peut l\u00e9gitimement craindre que l&rsquo;IA ne rende certains emplois obsol\u00e8tes, il est plut\u00f4t probable qu&rsquo;avec le temps, la plupart des postes \u00e9voluent de mani\u00e8re \u00e0 int\u00e9grer cette technologie. Pour certains professionnels, ce sc\u00e9nario est d\u00e9j\u00e0 r\u00e9alit\u00e9, comme le souligne Johnny C. Taylor Jr, pr\u00e9sident-directeur g\u00e9n\u00e9ral de la SHRM\u00a0: \u00ab Admettons que vous soyez un ing\u00e9nieur talentueux, dipl\u00f4m\u00e9 d&rsquo;une grande universit\u00e9. Il est fort probable qu&rsquo;en quelques ann\u00e9es, la plupart des techniques de codage que vous avez l&rsquo;habitude d&rsquo;utiliser aient d\u00e9j\u00e0 disparu \u00bb, explique M. Taylor. \u00ab C&rsquo;est un ph\u00e9nom\u00e8ne que l&rsquo;on va constater dans de plus en plus de fonctions. Votre travail ne va pas dispara\u00eetre \u2013 il va simplement s&rsquo;adapter au changement.\u00a0\u00bb<\/p><p>De plus, l\u2019application de l\u2019IA et d\u2019autres nouvelles technologies entra\u00eenera la cr\u00e9ation de nouveaux postes. Dans le secteur des services RH, on observe d\u2019ores et d\u00e9j\u00e0 une augmentation fulgurante de la demande en comp\u00e9tences digitales pour aider les organisations \u00e0 d\u00e9ployer l\u2019IA. \u00ab\u00a0Un tout nouveau groupe de professionnels sera n\u00e9cessaire pour effectuer une grande partie du travail de donn\u00e9es autour de l\u2019IA.\u00a0\u00bb explique Stijn Broecke, \u00e9conomiste senior \u00e0 l\u2019OCDE. \u00ab\u00a0L\u2019IA doit \u00eatre entra\u00een\u00e9e, elle doit \u00eatre valid\u00e9e, elle doit \u00eatre v\u00e9rifi\u00e9e. L\u00e0 o\u00f9 nous avons besoin de plus de data, nous avons besoin de plus de professionnels &#8211; et je pense qu\u2019une grande partie d\u2019entre eux seront des int\u00e9rimaires.\u00a0\u00bb<\/p><p>\u00a0<\/p>\t\t\t\t\t\t<\/div>\n\t\t\t\t<\/div>\n\t\t\t\t<div class=\"elementor-element elementor-element-9f14028 elementor-widget elementor-widget-image\" data-id=\"9f14028\" data-element_type=\"widget\" data-widget_type=\"image.default\">\n\t\t\t\t<div class=\"elementor-widget-container\">\n\t\t\t\t\t\t\t\t\t\t\t\t\t<img decoding=\"async\" width=\"724\" height=\"1024\" src=\"https:\/\/www.gigroupholding.com\/france\/wp-content\/uploads\/sites\/5\/2024\/12\/GI-group-Holding-Infographie-1-The-Work-We-Want-Quattends-nous-du-travail-724x1024.png\" class=\"attachment-large size-large wp-image-24937\" alt=\"GI group Holding -Infographie 1-The Work We Want-Qu&#039;attends-nous du travail\" srcset=\"https:\/\/www.gigroupholding.com\/france\/wp-content\/uploads\/sites\/5\/2024\/12\/GI-group-Holding-Infographie-1-The-Work-We-Want-Quattends-nous-du-travail-724x1024.png 724w, https:\/\/www.gigroupholding.com\/france\/wp-content\/uploads\/sites\/5\/2024\/12\/GI-group-Holding-Infographie-1-The-Work-We-Want-Quattends-nous-du-travail-212x300.png 212w, https:\/\/www.gigroupholding.com\/france\/wp-content\/uploads\/sites\/5\/2024\/12\/GI-group-Holding-Infographie-1-The-Work-We-Want-Quattends-nous-du-travail-768x1086.png 768w, https:\/\/www.gigroupholding.com\/france\/wp-content\/uploads\/sites\/5\/2024\/12\/GI-group-Holding-Infographie-1-The-Work-We-Want-Quattends-nous-du-travail-1086x1536.png 1086w, https:\/\/www.gigroupholding.com\/france\/wp-content\/uploads\/sites\/5\/2024\/12\/GI-group-Holding-Infographie-1-The-Work-We-Want-Quattends-nous-du-travail.png 1414w\" sizes=\"(max-width: 724px) 100vw, 724px\" \/>\t\t\t\t\t\t\t\t\t\t\t\t\t<\/div>\n\t\t\t\t<\/div>\n\t\t\t\t<div class=\"elementor-element elementor-element-04787af elementor-widget elementor-widget-spacer\" data-id=\"04787af\" data-element_type=\"widget\" data-widget_type=\"spacer.default\">\n\t\t\t\t<div class=\"elementor-widget-container\">\n\t\t\t\t\t<div class=\"elementor-spacer\">\n\t\t\t<div class=\"elementor-spacer-inner\"><\/div>\n\t\t<\/div>\n\t\t\t\t<\/div>\n\t\t\t\t<\/div>\n\t\t\t\t<div class=\"elementor-element elementor-element-c79c8c2 elementor-widget elementor-widget-heading\" data-id=\"c79c8c2\" data-element_type=\"widget\" data-widget_type=\"heading.default\">\n\t\t\t\t<div class=\"elementor-widget-container\">\n\t\t\t<h2 class=\"elementor-heading-title elementor-size-default\"><span>Une approche plus humaine<\/span><\/h2>\t\t<\/div>\n\t\t\t\t<\/div>\n\t\t\t\t<div class=\"elementor-element elementor-element-32cca09 elementor-widget elementor-widget-text-editor\" data-id=\"32cca09\" data-element_type=\"widget\" data-widget_type=\"text-editor.default\">\n\t\t\t\t<div class=\"elementor-widget-container\">\n\t\t\t\t\t\t\t<p><span style=\"font-size: 12pt;line-height: 17.12px\">Dans les ressources humaines et le recrutement, les professionnels commencent \u00e9galement \u00e0 appr\u00e9hender les possibilit\u00e9s que l\u2019IA cr\u00e9e dans leur domaine. En effet, 82% des dirigeants europ\u00e9ens interrog\u00e9s lors de l\u2019\u00e9tude ont affirm\u00e9 \u00eatre enthousiastes quant \u00e0 son potentiel \u00e0 transformer les processus de s\u00e9lection et de recrutement des talents.<\/span><\/p><p><span style=\"font-size: 12pt;line-height: 17.12px\">Les organisations seront d\u00e9sireuses de tirer parti de ces avantages le plus rapidement possible, mais il est essentiel qu\u2019elles les abordent de mani\u00e8re responsable, en pr\u00e9servant l\u2019apport humain.\u00a0\u00a0<\/span><\/p>\t\t\t\t\t\t<\/div>\n\t\t\t\t<\/div>\n\t\t\t\t<div class=\"elementor-element elementor-element-28fdd4a elementor-blockquote--skin-border elementor-blockquote--button-color-official elementor-widget elementor-widget-blockquote\" data-id=\"28fdd4a\" data-element_type=\"widget\" data-widget_type=\"blockquote.default\">\n\t\t\t\t<div class=\"elementor-widget-container\">\n\t\t\t\t\t<blockquote class=\"elementor-blockquote\">\n\t\t\t<p class=\"elementor-blockquote__content\">\n\t\t\t\t<i>\u00ab&nbsp;L\u2019IA a beaucoup de potentiel, mais nous ne pouvons pas la laisser prendre toutes les d\u00e9cisions, notamment lorsqu\u2019il est question de recrutement ou d\u2019\u00e9valuation de collaborateurs.&nbsp;\u00bb<\/i><i><br><br><span>\u00ab&nbsp;Les d\u00e9cisions relatives aux ressources humaines, au management et au recrutement doivent rester entre les mains de l\u2019homme, pas de l\u2019IA.&nbsp;\u00bb<\/span><\/i>\t\t\t<\/p>\n\t\t\t\t\t\t\t<div class=\"e-q-footer\">\n\t\t\t\t\t\t\t\t\t\t\t<cite class=\"elementor-blockquote__author\">Luc Triangle, secr\u00e9taire g\u00e9n\u00e9ral de la Conf\u00e9d\u00e9ration syndicale internationale (CSI)<\/cite>\n\t\t\t\t\t\t\t\t\t\t\t\t\t\t<\/div>\n\t\t\t\t\t<\/blockquote>\n\t\t\t\t<\/div>\n\t\t\t\t<\/div>\n\t\t\t\t<div class=\"elementor-element elementor-element-82c3cfe elementor-widget elementor-widget-text-editor\" data-id=\"82c3cfe\" data-element_type=\"widget\" data-widget_type=\"text-editor.default\">\n\t\t\t\t<div class=\"elementor-widget-container\">\n\t\t\t\t\t\t\t<p><span style=\"color: var( --e-global-color-text );font-family: var( --e-global-typography-text-font-family ), Sans-serif;font-weight: var( --e-global-typography-text-font-weight );font-size: 12pt;line-height: 17.12px\">Dans son\u00a0<\/span><a style=\"font-family: var( --e-global-typography-text-font-family ), Sans-serif;font-weight: var( --e-global-typography-text-font-weight );font-size: 1rem;background-color: #ffffff\" href=\"https:\/\/wecglobal.org\/uploads\/2023\/04\/AI-principles-WEC-AI-Code-of-Conduct-March-2023.pdf\" target=\"_blank\" rel=\"noopener\"><span style=\"font-size: 12pt;line-height: 17.12px\">Code de principes \u00e9thiques pour l\u2019utilisation de l\u2019intelligence artificielle<\/span><\/a><span style=\"color: var( --e-global-color-text );font-family: var( --e-global-typography-text-font-family ), Sans-serif;font-weight: var( --e-global-typography-text-font-weight );font-size: 12pt;line-height: 17.12px\">, la WEC indique comment les employeurs peuvent adopter l\u2019IA de mani\u00e8re responsable, en mettant l\u2019accent sur une approche centr\u00e9e sur l\u2019humain. Ce code confirme l\u2019id\u00e9e que dans le domaine du recrutement, l\u2019utilisation de syst\u00e8mes d\u2019IA pourrait s\u2019av\u00e9rer b\u00e9n\u00e9fique pour les individus et pour la soci\u00e9t\u00e9 dans son ensemble.<\/span><\/p><p><span style=\"font-size: 12pt;line-height: 17.12px\">Tandis que les d\u00e9cideurs cherchent \u00e0 d\u00e9finir un cadre juridique \u00e0 l\u2019IA, la pr\u00e9sence d\u2019un leadership dans l\u2019industrie est crucial. Le chef de file est pour l\u2019instant l\u2019Union europ\u00e9enne, notamment gr\u00e2ce \u00e0 sa\u00a0<\/span><a href=\"https:\/\/artificialintelligenceact.eu\/ai-act-explorer\/\" target=\"_blank\" rel=\"noopener\"><span style=\"font-size: 12pt;line-height: 17.12px\">Loi sur l\u2019intelligence artificielle<\/span><\/a><span style=\"font-size: 12pt;line-height: 17.12px\">, qui cat\u00e9gorise l\u2019IA comme \u00ab\u00a0risque \u00e9lev\u00e9\u00a0\u00bb au service de l\u2019\u00e9ducation et de la formation professionnelle ainsi que dans l\u2019emploi et la gestion des ressources humaines. Alors que la WEC soutient que ce classement ne tient pas compte de la prudence investie dans l\u2019utilisation de l\u2019IA, elle reconna\u00eet que l\u2019industrie des services RH a un r\u00f4le \u00e0 jouer dans la mise en place et le respect de normes \u00e9thiques.<\/span><\/p><p><span style=\"font-size: 12pt;line-height: 17.12px\">\u00ab\u00a0Les entreprises doivent \u00eatre guid\u00e9es par une approche centr\u00e9e sur l\u2019humain\u00a0\u00bb, d\u00e9clare Denis Pennel, directeur g\u00e9n\u00e9ral de la WEC. \u00ab\u00a0Les personnes qui mettent en \u0153uvre l\u2019IA dans leur structure doivent avoir le contr\u00f4le total, exp\u00e9rimenter en toute s\u00e9curit\u00e9 et pr\u00e9venir les dommages inattendus, tout en ayant la volont\u00e9 d\u2019am\u00e9liorer le quotidien des individus et de la soci\u00e9t\u00e9.\u00a0\u00bb<\/span><\/p><p><span style=\"font-size: 12pt;line-height: 17.12px\">\u00a0<\/span><\/p>\t\t\t\t\t\t<\/div>\n\t\t\t\t<\/div>\n\t\t\t\t<div class=\"elementor-element elementor-element-359b8d7 elementor-widget elementor-widget-heading\" data-id=\"359b8d7\" data-element_type=\"widget\" data-widget_type=\"heading.default\">\n\t\t\t\t<div class=\"elementor-widget-container\">\n\t\t\t<h2 class=\"elementor-heading-title elementor-size-default\"><span>Une lutte contre les pr\u00e9jug\u00e9s<\/span><\/h2>\t\t<\/div>\n\t\t\t\t<\/div>\n\t\t\t\t\t<\/div>\n\t\t<\/div>\n\t\t\t\t\t<\/div>\n\t\t<\/section>\n\t\t\t\t<section class=\"elementor-section elementor-top-section elementor-element elementor-element-25fce30 elementor-section-boxed elementor-section-height-default elementor-section-height-default\" data-id=\"25fce30\" data-element_type=\"section\">\n\t\t\t\t\t\t<div class=\"elementor-container elementor-column-gap-default\">\n\t\t\t\t\t<div class=\"elementor-column elementor-col-100 elementor-top-column elementor-element elementor-element-68059f0\" data-id=\"68059f0\" data-element_type=\"column\">\n\t\t\t<div class=\"elementor-widget-wrap elementor-element-populated\">\n\t\t\t\t\t\t<div class=\"elementor-element elementor-element-1cbca5d elementor-widget elementor-widget-text-editor\" data-id=\"1cbca5d\" data-element_type=\"widget\" data-widget_type=\"text-editor.default\">\n\t\t\t\t<div class=\"elementor-widget-container\">\n\t\t\t\t\t\t\t<p>L&rsquo;IA peut \u00eatre un outil puissant pour aider les recruteurs et charg\u00e9s de recrutement \u00e0 mettre en place des strat\u00e9gies de recrutement bas\u00e9es sur les comp\u00e9tences, en \u00e9liminant les pr\u00e9jug\u00e9s humains potentiels \u00e0 l&rsquo;\u00e9gard de certains dipl\u00f4mes ou de certaines caract\u00e9ristiques d\u00e9mographiques personnelles.<\/p>\t\t\t\t\t\t<\/div>\n\t\t\t\t<\/div>\n\t\t\t\t<div class=\"elementor-element elementor-element-e75629c elementor-blockquote--skin-border elementor-blockquote--button-color-official elementor-widget elementor-widget-blockquote\" data-id=\"e75629c\" data-element_type=\"widget\" data-widget_type=\"blockquote.default\">\n\t\t\t\t<div class=\"elementor-widget-container\">\n\t\t\t\t\t<blockquote class=\"elementor-blockquote\">\n\t\t\t<p class=\"elementor-blockquote__content\">\n\t\t\t\t<i><span>\u00ab L'IA aidera les organisations \u00e0 atteindre leurs objectifs en rendant les processus d'acquisition de talents et de recrutement plus accessibles, et ainsi en leur permettant d\u2019acc\u00e9der \u00e0 des viviers de talents jusqu'alors inexploit\u00e9s \u00bb<\/span><br><br><span>\u00ab L'IA nous aide \u00e0 \u00e9carter les pr\u00e9jug\u00e9s humains \u00bb<\/span><\/i>\t\t\t<\/p>\n\t\t\t\t\t\t\t<div class=\"e-q-footer\">\n\t\t\t\t\t\t\t\t\t\t\t<cite class=\"elementor-blockquote__author\">M. Taylor<\/cite>\n\t\t\t\t\t\t\t\t\t\t\t\t\t\t<\/div>\n\t\t\t\t\t<\/blockquote>\n\t\t\t\t<\/div>\n\t\t\t\t<\/div>\n\t\t\t\t<div class=\"elementor-element elementor-element-30d3d02 elementor-widget elementor-widget-text-editor\" data-id=\"30d3d02\" data-element_type=\"widget\" data-widget_type=\"text-editor.default\">\n\t\t\t\t<div class=\"elementor-widget-container\">\n\t\t\t\t\t\t\t<p>L&rsquo;une des raisons les plus importantes pour lesquelles les d\u00e9cisions guid\u00e9es par l&rsquo;IA doivent toujours faire l&rsquo;objet d&rsquo;une supervision humaine est qu&rsquo;il faut s&rsquo;assurer qu&rsquo;aucun biais ou pr\u00e9jug\u00e9 ne se r\u00e9percute sur les algorithmes, au vu des ensembles de donn\u00e9es sur lesquels les syst\u00e8mes d&rsquo;IA sont entra\u00een\u00e9s.<\/p><p>Cependant, M. Taylor souligne qu&rsquo;il est important de garder ces risques en perspective : \u00ab Il existe aujourd&rsquo;hui de nombreux pr\u00e9jug\u00e9s sur le lieu de travail et dans les processus de recrutement. L&rsquo;IA aura-t-elle aussi des pr\u00e9jug\u00e9s ? Oui. Seront-ils moindres que ceux de l&rsquo;homme ? Absolument. \u00bb<\/p><p>Si l&rsquo;IA cr\u00e9e de vastes incertitudes pour les entreprises et le secteur des services RH, elle sera n\u00e9anmoins un outil essentiel pour relever les d\u00e9fis qui nous attendent. Employ\u00e9e de mani\u00e8re \u00e9thique et efficace, l&rsquo;IA promet de cr\u00e9er de nombreuses opportunit\u00e9s pour les individus comme pour les entreprises.<\/p>\t\t\t\t\t\t<\/div>\n\t\t\t\t<\/div>\n\t\t\t\t\t<\/div>\n\t\t<\/div>\n\t\t\t\t\t<\/div>\n\t\t<\/section>\n\t\t\t\t<\/div>\n\t\t","protected":false},"excerpt":{"rendered":"<p>Une approche humaine de l&rsquo;IA au travail L\u2019essor de l\u2019Intelligence Artificielle constitue un v\u00e9ritable tournant \u2013 non seulement pour les entreprises, mais \u00e9galement pour la soci\u00e9t\u00e9 dans son ensemble.&nbsp; Cependant, sa croissance fulgurante engendre des d\u00e9fis majeurs pour l\u2019ensemble des personnes impliqu\u00e9es dans la gestion de la main d\u2019\u0153uvre. &nbsp; C\u2019est ce que r\u00e9v\u00e8le une [&hellip;]<\/p>\n","protected":false},"featured_media":24895,"template":"","meta":{"_acf_changed":false,"_links_to":"","_links_to_target":""},"sustainable-category":[],"class_list":["post-24889","sustainable-works","type-sustainable-works","status-publish","has-post-thumbnail","hentry"],"acf":[],"yoast_head":"<!-- This site is optimized with the Yoast SEO plugin v23.9 - https:\/\/yoast.com\/wordpress\/plugins\/seo\/ -->\n<title>Une approche humaine de l&#039;IA au travail<\/title>\n<meta name=\"description\" content=\"D\u00e9couvrez comment une IA \u00e9thique et centr\u00e9e sur l&#039;humain transforme le travail, favorisant collaboration, innovation et bien-\u00eatre au quotidien\" \/>\n<meta name=\"robots\" content=\"index, follow, max-snippet:-1, max-image-preview:large, max-video-preview:-1\" \/>\n<link rel=\"canonical\" href=\"https:\/\/www.gigroupholding.com\/france\/insights\/une-approche-humaine-de-l-ia-au-travail\/\" \/>\n<meta property=\"og:locale\" content=\"fr_FR\" \/>\n<meta property=\"og:type\" content=\"article\" \/>\n<meta property=\"og:title\" content=\"Une approche humaine de l&#039;IA au travail\" \/>\n<meta property=\"og:description\" content=\"D\u00e9couvrez comment une IA \u00e9thique et centr\u00e9e sur l&#039;humain transforme le travail, favorisant collaboration, innovation et bien-\u00eatre au quotidien\" \/>\n<meta property=\"og:url\" content=\"https:\/\/www.gigroupholding.com\/france\/insights\/une-approche-humaine-de-l-ia-au-travail\/\" \/>\n<meta property=\"og:site_name\" content=\"Gi Group Holding France\" \/>\n<meta property=\"article:modified_time\" content=\"2024-12-09T13:41:57+00:00\" \/>\n<meta property=\"og:image\" content=\"https:\/\/www.gigroupholding.com\/france\/wp-content\/uploads\/sites\/5\/2024\/07\/Gi-Group-Holding-Une-approche-humaine-de-lIA-au-travail.png\" \/>\n\t<meta property=\"og:image:width\" content=\"1440\" \/>\n\t<meta property=\"og:image:height\" content=\"1440\" \/>\n\t<meta property=\"og:image:type\" content=\"image\/png\" \/>\n<meta name=\"twitter:card\" content=\"summary_large_image\" \/>\n<meta name=\"twitter:label1\" content=\"Dur\u00e9e de lecture estim\u00e9e\" \/>\n\t<meta name=\"twitter:data1\" content=\"6 minutes\" \/>\n<script type=\"application\/ld+json\" class=\"yoast-schema-graph\">{\"@context\":\"https:\/\/schema.org\",\"@graph\":[{\"@type\":\"WebPage\",\"@id\":\"https:\/\/www.gigroupholding.com\/france\/insights\/une-approche-humaine-de-l-ia-au-travail\/\",\"url\":\"https:\/\/www.gigroupholding.com\/france\/insights\/une-approche-humaine-de-l-ia-au-travail\/\",\"name\":\"Une approche humaine de l'IA au travail\",\"isPartOf\":{\"@id\":\"https:\/\/www.gigroupholding.com\/france\/#website\"},\"primaryImageOfPage\":{\"@id\":\"https:\/\/www.gigroupholding.com\/france\/insights\/une-approche-humaine-de-l-ia-au-travail\/#primaryimage\"},\"image\":{\"@id\":\"https:\/\/www.gigroupholding.com\/france\/insights\/une-approche-humaine-de-l-ia-au-travail\/#primaryimage\"},\"thumbnailUrl\":\"https:\/\/www.gigroupholding.com\/france\/wp-content\/uploads\/sites\/5\/2024\/07\/Gi-Group-Holding-Une-approche-humaine-de-lIA-au-travail.png\",\"datePublished\":\"2024-12-03T10:22:56+00:00\",\"dateModified\":\"2024-12-09T13:41:57+00:00\",\"description\":\"D\u00e9couvrez comment une IA \u00e9thique et centr\u00e9e sur l'humain transforme le travail, favorisant collaboration, innovation et bien-\u00eatre au quotidien\",\"breadcrumb\":{\"@id\":\"https:\/\/www.gigroupholding.com\/france\/insights\/une-approche-humaine-de-l-ia-au-travail\/#breadcrumb\"},\"inLanguage\":\"fr-FR\",\"potentialAction\":[{\"@type\":\"ReadAction\",\"target\":[\"https:\/\/www.gigroupholding.com\/france\/insights\/une-approche-humaine-de-l-ia-au-travail\/\"]}]},{\"@type\":\"ImageObject\",\"inLanguage\":\"fr-FR\",\"@id\":\"https:\/\/www.gigroupholding.com\/france\/insights\/une-approche-humaine-de-l-ia-au-travail\/#primaryimage\",\"url\":\"https:\/\/www.gigroupholding.com\/france\/wp-content\/uploads\/sites\/5\/2024\/07\/Gi-Group-Holding-Une-approche-humaine-de-lIA-au-travail.png\",\"contentUrl\":\"https:\/\/www.gigroupholding.com\/france\/wp-content\/uploads\/sites\/5\/2024\/07\/Gi-Group-Holding-Une-approche-humaine-de-lIA-au-travail.png\",\"width\":1440,\"height\":1440,\"caption\":\"Gi Group Holding- Une approche humaine de l'IA au travail\"},{\"@type\":\"BreadcrumbList\",\"@id\":\"https:\/\/www.gigroupholding.com\/france\/insights\/une-approche-humaine-de-l-ia-au-travail\/#breadcrumb\",\"itemListElement\":[{\"@type\":\"ListItem\",\"position\":1,\"name\":\"Sustainable works\",\"item\":\"https:\/\/www.gigroupholding.com\/france\/blog\/\"},{\"@type\":\"ListItem\",\"position\":2,\"name\":\"Une approche humaine de l'IA au travail\"}]},{\"@type\":\"WebSite\",\"@id\":\"https:\/\/www.gigroupholding.com\/france\/#website\",\"url\":\"https:\/\/www.gigroupholding.com\/france\/\",\"name\":\"Gi Group Holding France\",\"description\":\"\",\"potentialAction\":[{\"@type\":\"SearchAction\",\"target\":{\"@type\":\"EntryPoint\",\"urlTemplate\":\"https:\/\/www.gigroupholding.com\/france\/?s={search_term_string}\"},\"query-input\":{\"@type\":\"PropertyValueSpecification\",\"valueRequired\":true,\"valueName\":\"search_term_string\"}}],\"inLanguage\":\"fr-FR\"}]}<\/script>\n<!-- \/ Yoast SEO plugin. -->","yoast_head_json":{"title":"Une approche humaine de l'IA au travail","description":"D\u00e9couvrez comment une IA \u00e9thique et centr\u00e9e sur l'humain transforme le travail, favorisant collaboration, innovation et bien-\u00eatre au quotidien","robots":{"index":"index","follow":"follow","max-snippet":"max-snippet:-1","max-image-preview":"max-image-preview:large","max-video-preview":"max-video-preview:-1"},"canonical":"https:\/\/www.gigroupholding.com\/france\/insights\/une-approche-humaine-de-l-ia-au-travail\/","og_locale":"fr_FR","og_type":"article","og_title":"Une approche humaine de l'IA au travail","og_description":"D\u00e9couvrez comment une IA \u00e9thique et centr\u00e9e sur l'humain transforme le travail, favorisant collaboration, innovation et bien-\u00eatre au quotidien","og_url":"https:\/\/www.gigroupholding.com\/france\/insights\/une-approche-humaine-de-l-ia-au-travail\/","og_site_name":"Gi Group Holding France","article_modified_time":"2024-12-09T13:41:57+00:00","og_image":[{"width":1440,"height":1440,"url":"https:\/\/www.gigroupholding.com\/france\/wp-content\/uploads\/sites\/5\/2024\/07\/Gi-Group-Holding-Une-approche-humaine-de-lIA-au-travail.png","type":"image\/png"}],"twitter_card":"summary_large_image","twitter_misc":{"Dur\u00e9e de lecture estim\u00e9e":"6 minutes"},"schema":{"@context":"https:\/\/schema.org","@graph":[{"@type":"WebPage","@id":"https:\/\/www.gigroupholding.com\/france\/insights\/une-approche-humaine-de-l-ia-au-travail\/","url":"https:\/\/www.gigroupholding.com\/france\/insights\/une-approche-humaine-de-l-ia-au-travail\/","name":"Une approche humaine de l'IA au travail","isPartOf":{"@id":"https:\/\/www.gigroupholding.com\/france\/#website"},"primaryImageOfPage":{"@id":"https:\/\/www.gigroupholding.com\/france\/insights\/une-approche-humaine-de-l-ia-au-travail\/#primaryimage"},"image":{"@id":"https:\/\/www.gigroupholding.com\/france\/insights\/une-approche-humaine-de-l-ia-au-travail\/#primaryimage"},"thumbnailUrl":"https:\/\/www.gigroupholding.com\/france\/wp-content\/uploads\/sites\/5\/2024\/07\/Gi-Group-Holding-Une-approche-humaine-de-lIA-au-travail.png","datePublished":"2024-12-03T10:22:56+00:00","dateModified":"2024-12-09T13:41:57+00:00","description":"D\u00e9couvrez comment une IA \u00e9thique et centr\u00e9e sur l'humain transforme le travail, favorisant collaboration, innovation et bien-\u00eatre au quotidien","breadcrumb":{"@id":"https:\/\/www.gigroupholding.com\/france\/insights\/une-approche-humaine-de-l-ia-au-travail\/#breadcrumb"},"inLanguage":"fr-FR","potentialAction":[{"@type":"ReadAction","target":["https:\/\/www.gigroupholding.com\/france\/insights\/une-approche-humaine-de-l-ia-au-travail\/"]}]},{"@type":"ImageObject","inLanguage":"fr-FR","@id":"https:\/\/www.gigroupholding.com\/france\/insights\/une-approche-humaine-de-l-ia-au-travail\/#primaryimage","url":"https:\/\/www.gigroupholding.com\/france\/wp-content\/uploads\/sites\/5\/2024\/07\/Gi-Group-Holding-Une-approche-humaine-de-lIA-au-travail.png","contentUrl":"https:\/\/www.gigroupholding.com\/france\/wp-content\/uploads\/sites\/5\/2024\/07\/Gi-Group-Holding-Une-approche-humaine-de-lIA-au-travail.png","width":1440,"height":1440,"caption":"Gi Group Holding- Une approche humaine de l'IA au travail"},{"@type":"BreadcrumbList","@id":"https:\/\/www.gigroupholding.com\/france\/insights\/une-approche-humaine-de-l-ia-au-travail\/#breadcrumb","itemListElement":[{"@type":"ListItem","position":1,"name":"Sustainable works","item":"https:\/\/www.gigroupholding.com\/france\/blog\/"},{"@type":"ListItem","position":2,"name":"Une approche humaine de l'IA au travail"}]},{"@type":"WebSite","@id":"https:\/\/www.gigroupholding.com\/france\/#website","url":"https:\/\/www.gigroupholding.com\/france\/","name":"Gi Group Holding France","description":"","potentialAction":[{"@type":"SearchAction","target":{"@type":"EntryPoint","urlTemplate":"https:\/\/www.gigroupholding.com\/france\/?s={search_term_string}"},"query-input":{"@type":"PropertyValueSpecification","valueRequired":true,"valueName":"search_term_string"}}],"inLanguage":"fr-FR"}]}},"_links":{"self":[{"href":"https:\/\/www.gigroupholding.com\/france\/wp-json\/wp\/v2\/sustainable-works\/24889","targetHints":{"allow":["GET"]}}],"collection":[{"href":"https:\/\/www.gigroupholding.com\/france\/wp-json\/wp\/v2\/sustainable-works"}],"about":[{"href":"https:\/\/www.gigroupholding.com\/france\/wp-json\/wp\/v2\/types\/sustainable-works"}],"version-history":[{"count":48,"href":"https:\/\/www.gigroupholding.com\/france\/wp-json\/wp\/v2\/sustainable-works\/24889\/revisions"}],"predecessor-version":[{"id":24979,"href":"https:\/\/www.gigroupholding.com\/france\/wp-json\/wp\/v2\/sustainable-works\/24889\/revisions\/24979"}],"wp:featuredmedia":[{"embeddable":true,"href":"https:\/\/www.gigroupholding.com\/france\/wp-json\/wp\/v2\/media\/24895"}],"wp:attachment":[{"href":"https:\/\/www.gigroupholding.com\/france\/wp-json\/wp\/v2\/media?parent=24889"}],"wp:term":[{"taxonomy":"sustainable-category","embeddable":true,"href":"https:\/\/www.gigroupholding.com\/france\/wp-json\/wp\/v2\/sustainable-category?post=24889"}],"curies":[{"name":"wp","href":"https:\/\/api.w.org\/{rel}","templated":true}]}}