{"id":24443,"date":"2024-05-10T18:33:05","date_gmt":"2024-05-10T18:33:05","guid":{"rendered":"https:\/\/www.gigroupholding.com\/france\/?post_type=sustainable-works&#038;p=24443"},"modified":"2024-10-23T11:45:08","modified_gmt":"2024-10-23T11:45:08","slug":"episode-1-acquisition-kelly-renforcement-de-notre-ecosysteme","status":"publish","type":"sustainable-works","link":"https:\/\/www.gigroupholding.com\/france\/insights\/episode-1-acquisition-kelly-renforcement-de-notre-ecosysteme\/","title":{"rendered":"Episode 1\u00a0: Comment Gi Group Holding se retrouve renforc\u00e9 dans son positionnement d\u2019\u00e9cosyst\u00e8me RH mondial suite \u00e0 l&rsquo;acquisition des activit\u00e9s europ\u00e9ennes de Kelly"},"content":{"rendered":"\t\t<div data-elementor-type=\"wp-post\" data-elementor-id=\"24443\" class=\"elementor elementor-24443\" data-elementor-post-type=\"sustainable-works\">\n\t\t\t\t\t\t<section class=\"elementor-section elementor-top-section elementor-element elementor-element-562255c elementor-section-boxed elementor-section-height-default elementor-section-height-default\" data-id=\"562255c\" data-element_type=\"section\">\n\t\t\t\t\t\t<div class=\"elementor-container elementor-column-gap-default\">\n\t\t\t\t\t<div class=\"elementor-column elementor-col-100 elementor-top-column elementor-element elementor-element-1d1d3be\" data-id=\"1d1d3be\" data-element_type=\"column\">\n\t\t\t<div class=\"elementor-widget-wrap\">\n\t\t\t\t\t\t\t<\/div>\n\t\t<\/div>\n\t\t\t\t\t<\/div>\n\t\t<\/section>\n\t\t\t\t<section class=\"elementor-section elementor-top-section elementor-element elementor-element-0db9add elementor-section-boxed elementor-section-height-default elementor-section-height-default\" data-id=\"0db9add\" data-element_type=\"section\">\n\t\t\t\t\t\t<div class=\"elementor-container elementor-column-gap-default\">\n\t\t\t\t\t<div class=\"elementor-column elementor-col-100 elementor-top-column elementor-element elementor-element-54cc9d4\" data-id=\"54cc9d4\" data-element_type=\"column\">\n\t\t\t<div class=\"elementor-widget-wrap\">\n\t\t\t\t\t\t\t<\/div>\n\t\t<\/div>\n\t\t\t\t\t<\/div>\n\t\t<\/section>\n\t\t\t\t<section class=\"elementor-section elementor-top-section elementor-element elementor-element-d76bcfe elementor-section-boxed elementor-section-height-default elementor-section-height-default\" data-id=\"d76bcfe\" data-element_type=\"section\">\n\t\t\t\t\t\t<div class=\"elementor-container elementor-column-gap-default\">\n\t\t\t\t\t<div class=\"elementor-column elementor-col-50 elementor-top-column elementor-element elementor-element-c39530c\" data-id=\"c39530c\" data-element_type=\"column\">\n\t\t\t<div class=\"elementor-widget-wrap elementor-element-populated\">\n\t\t\t\t\t\t<div class=\"elementor-element elementor-element-b1c9e74 elementor-widget__width-inherit elementor-widget elementor-widget-image\" data-id=\"b1c9e74\" data-element_type=\"widget\" data-widget_type=\"image.default\">\n\t\t\t\t<div class=\"elementor-widget-container\">\n\t\t\t\t\t\t\t\t\t\t\t\t\t<img fetchpriority=\"high\" decoding=\"async\" width=\"800\" height=\"800\" src=\"https:\/\/www.gigroupholding.com\/france\/wp-content\/uploads\/sites\/5\/2024\/05\/Image-mise-en-avant-site-GGh-8-1024x1024.png\" class=\"attachment-large size-large wp-image-24445\" alt=\"Episode 1 : Acquisition Kelly\" srcset=\"https:\/\/www.gigroupholding.com\/france\/wp-content\/uploads\/sites\/5\/2024\/05\/Image-mise-en-avant-site-GGh-8-1024x1024.png 1024w, https:\/\/www.gigroupholding.com\/france\/wp-content\/uploads\/sites\/5\/2024\/05\/Image-mise-en-avant-site-GGh-8-300x300.png 300w, https:\/\/www.gigroupholding.com\/france\/wp-content\/uploads\/sites\/5\/2024\/05\/Image-mise-en-avant-site-GGh-8-150x150.png 150w, https:\/\/www.gigroupholding.com\/france\/wp-content\/uploads\/sites\/5\/2024\/05\/Image-mise-en-avant-site-GGh-8-768x768.png 768w, https:\/\/www.gigroupholding.com\/france\/wp-content\/uploads\/sites\/5\/2024\/05\/Image-mise-en-avant-site-GGh-8.png 1440w\" sizes=\"(max-width: 800px) 100vw, 800px\" \/>\t\t\t\t\t\t\t\t\t\t\t\t\t<\/div>\n\t\t\t\t<\/div>\n\t\t\t\t\t<\/div>\n\t\t<\/div>\n\t\t\t\t<div class=\"elementor-column elementor-col-50 elementor-top-column elementor-element elementor-element-1f7e22d\" data-id=\"1f7e22d\" data-element_type=\"column\">\n\t\t\t<div class=\"elementor-widget-wrap elementor-element-populated\">\n\t\t\t\t\t\t<div class=\"elementor-element elementor-element-5bbbfbe elementor-widget__width-initial elementor-drop-cap-yes elementor-drop-cap-view-default elementor-widget elementor-widget-text-editor\" data-id=\"5bbbfbe\" data-element_type=\"widget\" data-settings=\"{&quot;drop_cap&quot;:&quot;yes&quot;}\" data-widget_type=\"text-editor.default\">\n\t\t\t\t<div class=\"elementor-widget-container\">\n\t\t\t\t\t\t\t<h3 class=\"elementor-heading-title elementor-size-default elementor-inline-editing pen\" data-elementor-setting-key=\"title\" data-pen-placeholder=\"\u00c9crivez ici...\"><strong>Acquisition de Kelly par Gi Group Holding<\/strong><\/h3><h3>Depuis le 3 janvier 2024, nous avons franchi un jalon significatif dans notre expansion en finalisant l&rsquo;acquisition des activit\u00e9s europ\u00e9ennes de Kelly. Cette transaction, la plus importante de notre histoire, marque une \u00e9tape cruciale dans notre strat\u00e9gie de croissance dans le domaine du recrutement et de l&rsquo;int\u00e9rim. Nous souhaitons vous partager, en 4 articles, les b\u00e9n\u00e9fices et l\u2019histoire de cette acquisition pour le Groupe ainsi que pour toutes nos parties prenantes.<\/h3>\t\t\t\t\t\t<\/div>\n\t\t\t\t<\/div>\n\t\t\t\t\t<\/div>\n\t\t<\/div>\n\t\t\t\t\t<\/div>\n\t\t<\/section>\n\t\t\t\t<section class=\"elementor-section elementor-top-section elementor-element elementor-element-28763de elementor-section-boxed elementor-section-height-default elementor-section-height-default\" data-id=\"28763de\" data-element_type=\"section\">\n\t\t\t\t\t\t<div class=\"elementor-container elementor-column-gap-default\">\n\t\t\t\t\t<div class=\"elementor-column elementor-col-100 elementor-top-column elementor-element elementor-element-1e2d675\" data-id=\"1e2d675\" data-element_type=\"column\">\n\t\t\t<div class=\"elementor-widget-wrap elementor-element-populated\">\n\t\t\t\t\t\t<div class=\"elementor-element elementor-element-d3cf704 elementor-widget elementor-widget-heading\" data-id=\"d3cf704\" data-element_type=\"widget\" data-widget_type=\"heading.default\">\n\t\t\t\t<div class=\"elementor-widget-container\">\n\t\t\t<h3 class=\"elementor-heading-title elementor-size-default\">Expansion g\u00e9ographique et opportunit\u00e9s de march\u00e9 <\/h3>\t\t<\/div>\n\t\t\t\t<\/div>\n\t\t\t\t<div class=\"elementor-element elementor-element-0743b85 elementor-widget elementor-widget-text-editor\" data-id=\"0743b85\" data-element_type=\"widget\" data-widget_type=\"text-editor.default\">\n\t\t\t\t<div class=\"elementor-widget-container\">\n\t\t\t\t\t\t\t<p class=\"MsoNormal\">L&rsquo;acquisition des activit\u00e9s europ\u00e9ennes de Kelly nous permet d&rsquo;\u00e9tendre notre empreinte g\u00e9ographique dans onze pays europ\u00e9ens, dont la France, le Portugal et la Suisse, tout en p\u00e9n\u00e9trant de nouveaux march\u00e9s tels que la Belgique, le Luxembourg et la Norv\u00e8ge. Cette expansion nous offre de vastes opportunit\u00e9s de d\u00e9veloppement et de croissance.<\/p>\t\t\t\t\t\t<\/div>\n\t\t\t\t<\/div>\n\t\t\t\t\t<\/div>\n\t\t<\/div>\n\t\t\t\t\t<\/div>\n\t\t<\/section>\n\t\t\t\t<section class=\"elementor-section elementor-top-section elementor-element elementor-element-5f185c1 elementor-section-boxed elementor-section-height-default elementor-section-height-default\" data-id=\"5f185c1\" data-element_type=\"section\">\n\t\t\t\t\t\t<div class=\"elementor-container elementor-column-gap-default\">\n\t\t\t\t\t<div class=\"elementor-column elementor-col-100 elementor-top-column elementor-element elementor-element-af6a5a8\" data-id=\"af6a5a8\" data-element_type=\"column\">\n\t\t\t<div class=\"elementor-widget-wrap elementor-element-populated\">\n\t\t\t\t\t\t<div class=\"elementor-element elementor-element-387292a elementor-widget elementor-widget-heading\" data-id=\"387292a\" data-element_type=\"widget\" data-widget_type=\"heading.default\">\n\t\t\t\t<div class=\"elementor-widget-container\">\n\t\t\t<h3 class=\"elementor-heading-title elementor-size-default\">Diversification des services et proposition de valeur enrichie <\/h3>\t\t<\/div>\n\t\t\t\t<\/div>\n\t\t\t\t<div class=\"elementor-element elementor-element-a2157fb elementor-widget elementor-widget-text-editor\" data-id=\"a2157fb\" data-element_type=\"widget\" data-widget_type=\"text-editor.default\">\n\t\t\t\t<div class=\"elementor-widget-container\">\n\t\t\t\t\t\t\t<p class=\"MsoNormal\">En plus de notre expansion g\u00e9ographique, le rachat des activit\u00e9s europ\u00e9ennes de Kelly renforce notre offre de services dans des secteurs cl\u00e9s tels que l&rsquo;industrie de la sant\u00e9 (Life Sciences), le travail temporaire d\u00e9di\u00e9 aux cols blancs et le RPO (Recruitment Process Outsourcing). Cette diversification de nos services nous permet d&rsquo;enrichir notre proposition de valeur et d&rsquo;offrir des solutions plus compl\u00e8tes \u00e0 nos clients.<\/p>\t\t\t\t\t\t<\/div>\n\t\t\t\t<\/div>\n\t\t\t\t\t<\/div>\n\t\t<\/div>\n\t\t\t\t\t<\/div>\n\t\t<\/section>\n\t\t\t\t<section class=\"elementor-section elementor-top-section elementor-element elementor-element-eea0e68 elementor-section-boxed elementor-section-height-default elementor-section-height-default\" data-id=\"eea0e68\" data-element_type=\"section\">\n\t\t\t\t\t\t<div class=\"elementor-container elementor-column-gap-default\">\n\t\t\t\t\t<div class=\"elementor-column elementor-col-100 elementor-top-column elementor-element elementor-element-4faa9b5\" data-id=\"4faa9b5\" data-element_type=\"column\">\n\t\t\t<div class=\"elementor-widget-wrap elementor-element-populated\">\n\t\t\t\t\t\t<div class=\"elementor-element elementor-element-44656fc elementor-widget elementor-widget-heading\" data-id=\"44656fc\" data-element_type=\"widget\" data-widget_type=\"heading.default\">\n\t\t\t\t<div class=\"elementor-widget-container\">\n\t\t\t<h3 class=\"elementor-heading-title elementor-size-default\">Exploitation de l'expertise de Kelly et consolidation de la confiance <\/h3>\t\t<\/div>\n\t\t\t\t<\/div>\n\t\t\t\t<div class=\"elementor-element elementor-element-e72339d elementor-widget elementor-widget-text-editor\" data-id=\"e72339d\" data-element_type=\"widget\" data-widget_type=\"text-editor.default\">\n\t\t\t\t<div class=\"elementor-widget-container\">\n\t\t\t\t\t\t\t<p>L&rsquo;acquisition de Kelly nous offre \u00e9galement l&rsquo;opportunit\u00e9 de tirer parti de son expertise et de sa r\u00e9putation solide dans le domaine du recrutement. Cette collaboration renforce notre cr\u00e9dibilit\u00e9 et notre confiance en tant que partenaire de choix pour les entreprises \u00e0 la recherche de solutions RH innovantes et fiables.<\/p>\n<p class=\"MsoNormal\">En conclusion, l\u2019int\u00e9gration de Kelly, en France plus particuli\u00e8rement, \u00e0 notre \u00e9cosyst\u00e8me de solutions RH int\u00e9gr\u00e9es, repr\u00e9sente une \u00e9tape importante dans notre strat\u00e9gie de croissance.&nbsp;<span style=\"font-family: var( --e-global-typography-text-font-family ), Sans-serif;font-weight: var( --e-global-typography-text-font-weight );font-size: 1rem\">Au niveau international, notre objectif demeure de proposer une gamme \u00e9largie et qualitative de solutions en ressources humaines, d\u2019\u00e9tendre notre marque europ\u00e9enne en explorant de nouveaux march\u00e9s, tout en consolidant notre pr\u00e9sence sur ceux d\u00e9j\u00e0 existants. Nous sommes , en effet, aujourd\u2019hui davantage arm\u00e9s pour continuer \u00e0 prosp\u00e9rer dans l\u2019industrie mondiale du recrutement et de l\u2019int\u00e9rim, promouvant toujours notre engagement pour un march\u00e9 du travail plus durable et vertueux. Cette op\u00e9ration t\u00e9moigne de notre volont\u00e9 toujours plus forte d\u2019offrir des solutions RH de qualit\u00e9 sup\u00e9rieure \u00e0 nos clients comme \u00e0 nos candidats et de r\u00e9pondre aux besoins \u00e9volutifs du march\u00e9 du travail.&nbsp;<\/span><\/p>\n<p><\/p>\n<div>&nbsp;<\/div>\t\t\t\t\t\t<\/div>\n\t\t\t\t<\/div>\n\t\t\t\t\t<\/div>\n\t\t<\/div>\n\t\t\t\t\t<\/div>\n\t\t<\/section>\n\t\t\t\t<\/div>\n\t\t","protected":false},"excerpt":{"rendered":"<p>Acquisition de Kelly par Gi Group Holding Depuis le 3 janvier 2024, nous avons franchi un jalon significatif dans notre expansion en finalisant l&rsquo;acquisition des activit\u00e9s europ\u00e9ennes de Kelly. Cette transaction, la plus importante de notre histoire, marque une \u00e9tape cruciale dans notre strat\u00e9gie de croissance dans le domaine du recrutement et de l&rsquo;int\u00e9rim. Nous [&hellip;]<\/p>\n","protected":false},"featured_media":24445,"template":"","meta":{"_acf_changed":false,"_links_to":"","_links_to_target":""},"sustainable-category":[],"class_list":["post-24443","sustainable-works","type-sustainable-works","status-publish","has-post-thumbnail","hentry"],"acf":[],"yoast_head":"<!-- This site is optimized with the Yoast SEO plugin v23.9 - https:\/\/yoast.com\/wordpress\/plugins\/seo\/ -->\n<title>Acquisition de Kelly par Gi Group Holding- Ecosyst\u00e8me RH mondial<\/title>\n<meta name=\"description\" content=\"L&#039;acquisition de Kelly par Gi Group Holding renforce notre \u00e9cosyst\u00e8me RH mondial et constitue une \u00e9tape cl\u00e9 de notre strat\u00e9gie de croissance.\" \/>\n<meta name=\"robots\" content=\"index, follow, max-snippet:-1, max-image-preview:large, max-video-preview:-1\" \/>\n<link rel=\"canonical\" href=\"https:\/\/www.gigroupholding.com\/france\/insights\/episode-1-acquisition-kelly-renforcement-de-notre-ecosysteme\/\" \/>\n<meta property=\"og:locale\" content=\"fr_FR\" \/>\n<meta property=\"og:type\" content=\"article\" \/>\n<meta property=\"og:title\" content=\"Acquisition de Kelly par Gi Group Holding- Ecosyst\u00e8me RH mondial\" \/>\n<meta property=\"og:description\" content=\"L&#039;acquisition de Kelly par Gi Group Holding renforce notre \u00e9cosyst\u00e8me RH mondial et constitue une \u00e9tape cl\u00e9 de notre strat\u00e9gie de croissance.\" \/>\n<meta property=\"og:url\" content=\"https:\/\/www.gigroupholding.com\/france\/insights\/episode-1-acquisition-kelly-renforcement-de-notre-ecosysteme\/\" \/>\n<meta property=\"og:site_name\" content=\"Gi Group Holding France\" \/>\n<meta property=\"article:modified_time\" content=\"2024-10-23T11:45:08+00:00\" \/>\n<meta property=\"og:image\" content=\"https:\/\/www.gigroupholding.com\/france\/wp-content\/uploads\/sites\/5\/2024\/05\/Image-mise-en-avant-site-GGh-8.png\" \/>\n\t<meta property=\"og:image:width\" content=\"1440\" \/>\n\t<meta property=\"og:image:height\" content=\"1440\" \/>\n\t<meta property=\"og:image:type\" content=\"image\/png\" \/>\n<meta name=\"twitter:card\" content=\"summary_large_image\" \/>\n<meta name=\"twitter:label1\" content=\"Dur\u00e9e de lecture estim\u00e9e\" \/>\n\t<meta name=\"twitter:data1\" content=\"3 minutes\" \/>\n<script type=\"application\/ld+json\" class=\"yoast-schema-graph\">{\"@context\":\"https:\/\/schema.org\",\"@graph\":[{\"@type\":\"WebPage\",\"@id\":\"https:\/\/www.gigroupholding.com\/france\/insights\/episode-1-acquisition-kelly-renforcement-de-notre-ecosysteme\/\",\"url\":\"https:\/\/www.gigroupholding.com\/france\/insights\/episode-1-acquisition-kelly-renforcement-de-notre-ecosysteme\/\",\"name\":\"Acquisition de Kelly par Gi Group Holding- Ecosyst\u00e8me RH mondial\",\"isPartOf\":{\"@id\":\"https:\/\/www.gigroupholding.com\/france\/#website\"},\"primaryImageOfPage\":{\"@id\":\"https:\/\/www.gigroupholding.com\/france\/insights\/episode-1-acquisition-kelly-renforcement-de-notre-ecosysteme\/#primaryimage\"},\"image\":{\"@id\":\"https:\/\/www.gigroupholding.com\/france\/insights\/episode-1-acquisition-kelly-renforcement-de-notre-ecosysteme\/#primaryimage\"},\"thumbnailUrl\":\"https:\/\/www.gigroupholding.com\/france\/wp-content\/uploads\/sites\/5\/2024\/05\/Image-mise-en-avant-site-GGh-8.png\",\"datePublished\":\"2024-05-10T18:33:05+00:00\",\"dateModified\":\"2024-10-23T11:45:08+00:00\",\"description\":\"L'acquisition de Kelly par Gi Group Holding renforce notre \u00e9cosyst\u00e8me RH mondial et constitue une \u00e9tape cl\u00e9 de notre strat\u00e9gie de croissance.\",\"breadcrumb\":{\"@id\":\"https:\/\/www.gigroupholding.com\/france\/insights\/episode-1-acquisition-kelly-renforcement-de-notre-ecosysteme\/#breadcrumb\"},\"inLanguage\":\"fr-FR\",\"potentialAction\":[{\"@type\":\"ReadAction\",\"target\":[\"https:\/\/www.gigroupholding.com\/france\/insights\/episode-1-acquisition-kelly-renforcement-de-notre-ecosysteme\/\"]}]},{\"@type\":\"ImageObject\",\"inLanguage\":\"fr-FR\",\"@id\":\"https:\/\/www.gigroupholding.com\/france\/insights\/episode-1-acquisition-kelly-renforcement-de-notre-ecosysteme\/#primaryimage\",\"url\":\"https:\/\/www.gigroupholding.com\/france\/wp-content\/uploads\/sites\/5\/2024\/05\/Image-mise-en-avant-site-GGh-8.png\",\"contentUrl\":\"https:\/\/www.gigroupholding.com\/france\/wp-content\/uploads\/sites\/5\/2024\/05\/Image-mise-en-avant-site-GGh-8.png\",\"width\":1440,\"height\":1440,\"caption\":\"Episode 1 : Acquisition Kelly\"},{\"@type\":\"BreadcrumbList\",\"@id\":\"https:\/\/www.gigroupholding.com\/france\/insights\/episode-1-acquisition-kelly-renforcement-de-notre-ecosysteme\/#breadcrumb\",\"itemListElement\":[{\"@type\":\"ListItem\",\"position\":1,\"name\":\"Sustainable works\",\"item\":\"https:\/\/www.gigroupholding.com\/france\/blog\/\"},{\"@type\":\"ListItem\",\"position\":2,\"name\":\"Episode 1\u00a0: Comment Gi Group Holding se retrouve renforc\u00e9 dans son positionnement d\u2019\u00e9cosyst\u00e8me RH mondial suite \u00e0 l&rsquo;acquisition des activit\u00e9s europ\u00e9ennes de Kelly\"}]},{\"@type\":\"WebSite\",\"@id\":\"https:\/\/www.gigroupholding.com\/france\/#website\",\"url\":\"https:\/\/www.gigroupholding.com\/france\/\",\"name\":\"Gi Group Holding France\",\"description\":\"\",\"potentialAction\":[{\"@type\":\"SearchAction\",\"target\":{\"@type\":\"EntryPoint\",\"urlTemplate\":\"https:\/\/www.gigroupholding.com\/france\/?s={search_term_string}\"},\"query-input\":{\"@type\":\"PropertyValueSpecification\",\"valueRequired\":true,\"valueName\":\"search_term_string\"}}],\"inLanguage\":\"fr-FR\"}]}<\/script>\n<!-- \/ Yoast SEO plugin. -->","yoast_head_json":{"title":"Acquisition de Kelly par Gi Group Holding- Ecosyst\u00e8me RH mondial","description":"L'acquisition de Kelly par Gi Group Holding renforce notre \u00e9cosyst\u00e8me RH mondial et constitue une \u00e9tape cl\u00e9 de notre strat\u00e9gie de croissance.","robots":{"index":"index","follow":"follow","max-snippet":"max-snippet:-1","max-image-preview":"max-image-preview:large","max-video-preview":"max-video-preview:-1"},"canonical":"https:\/\/www.gigroupholding.com\/france\/insights\/episode-1-acquisition-kelly-renforcement-de-notre-ecosysteme\/","og_locale":"fr_FR","og_type":"article","og_title":"Acquisition de Kelly par Gi Group Holding- Ecosyst\u00e8me RH mondial","og_description":"L'acquisition de Kelly par Gi Group Holding renforce notre \u00e9cosyst\u00e8me RH mondial et constitue une \u00e9tape cl\u00e9 de notre strat\u00e9gie de croissance.","og_url":"https:\/\/www.gigroupholding.com\/france\/insights\/episode-1-acquisition-kelly-renforcement-de-notre-ecosysteme\/","og_site_name":"Gi Group Holding France","article_modified_time":"2024-10-23T11:45:08+00:00","og_image":[{"width":1440,"height":1440,"url":"https:\/\/www.gigroupholding.com\/france\/wp-content\/uploads\/sites\/5\/2024\/05\/Image-mise-en-avant-site-GGh-8.png","type":"image\/png"}],"twitter_card":"summary_large_image","twitter_misc":{"Dur\u00e9e de lecture estim\u00e9e":"3 minutes"},"schema":{"@context":"https:\/\/schema.org","@graph":[{"@type":"WebPage","@id":"https:\/\/www.gigroupholding.com\/france\/insights\/episode-1-acquisition-kelly-renforcement-de-notre-ecosysteme\/","url":"https:\/\/www.gigroupholding.com\/france\/insights\/episode-1-acquisition-kelly-renforcement-de-notre-ecosysteme\/","name":"Acquisition de Kelly par Gi Group Holding- Ecosyst\u00e8me RH mondial","isPartOf":{"@id":"https:\/\/www.gigroupholding.com\/france\/#website"},"primaryImageOfPage":{"@id":"https:\/\/www.gigroupholding.com\/france\/insights\/episode-1-acquisition-kelly-renforcement-de-notre-ecosysteme\/#primaryimage"},"image":{"@id":"https:\/\/www.gigroupholding.com\/france\/insights\/episode-1-acquisition-kelly-renforcement-de-notre-ecosysteme\/#primaryimage"},"thumbnailUrl":"https:\/\/www.gigroupholding.com\/france\/wp-content\/uploads\/sites\/5\/2024\/05\/Image-mise-en-avant-site-GGh-8.png","datePublished":"2024-05-10T18:33:05+00:00","dateModified":"2024-10-23T11:45:08+00:00","description":"L'acquisition de Kelly par Gi Group Holding renforce notre \u00e9cosyst\u00e8me RH mondial et constitue une \u00e9tape cl\u00e9 de notre strat\u00e9gie de croissance.","breadcrumb":{"@id":"https:\/\/www.gigroupholding.com\/france\/insights\/episode-1-acquisition-kelly-renforcement-de-notre-ecosysteme\/#breadcrumb"},"inLanguage":"fr-FR","potentialAction":[{"@type":"ReadAction","target":["https:\/\/www.gigroupholding.com\/france\/insights\/episode-1-acquisition-kelly-renforcement-de-notre-ecosysteme\/"]}]},{"@type":"ImageObject","inLanguage":"fr-FR","@id":"https:\/\/www.gigroupholding.com\/france\/insights\/episode-1-acquisition-kelly-renforcement-de-notre-ecosysteme\/#primaryimage","url":"https:\/\/www.gigroupholding.com\/france\/wp-content\/uploads\/sites\/5\/2024\/05\/Image-mise-en-avant-site-GGh-8.png","contentUrl":"https:\/\/www.gigroupholding.com\/france\/wp-content\/uploads\/sites\/5\/2024\/05\/Image-mise-en-avant-site-GGh-8.png","width":1440,"height":1440,"caption":"Episode 1 : Acquisition Kelly"},{"@type":"BreadcrumbList","@id":"https:\/\/www.gigroupholding.com\/france\/insights\/episode-1-acquisition-kelly-renforcement-de-notre-ecosysteme\/#breadcrumb","itemListElement":[{"@type":"ListItem","position":1,"name":"Sustainable works","item":"https:\/\/www.gigroupholding.com\/france\/blog\/"},{"@type":"ListItem","position":2,"name":"Episode 1\u00a0: Comment Gi Group Holding se retrouve renforc\u00e9 dans son positionnement d\u2019\u00e9cosyst\u00e8me RH mondial suite \u00e0 l&rsquo;acquisition des activit\u00e9s europ\u00e9ennes de Kelly"}]},{"@type":"WebSite","@id":"https:\/\/www.gigroupholding.com\/france\/#website","url":"https:\/\/www.gigroupholding.com\/france\/","name":"Gi Group Holding France","description":"","potentialAction":[{"@type":"SearchAction","target":{"@type":"EntryPoint","urlTemplate":"https:\/\/www.gigroupholding.com\/france\/?s={search_term_string}"},"query-input":{"@type":"PropertyValueSpecification","valueRequired":true,"valueName":"search_term_string"}}],"inLanguage":"fr-FR"}]}},"_links":{"self":[{"href":"https:\/\/www.gigroupholding.com\/france\/wp-json\/wp\/v2\/sustainable-works\/24443","targetHints":{"allow":["GET"]}}],"collection":[{"href":"https:\/\/www.gigroupholding.com\/france\/wp-json\/wp\/v2\/sustainable-works"}],"about":[{"href":"https:\/\/www.gigroupholding.com\/france\/wp-json\/wp\/v2\/types\/sustainable-works"}],"version-history":[{"count":26,"href":"https:\/\/www.gigroupholding.com\/france\/wp-json\/wp\/v2\/sustainable-works\/24443\/revisions"}],"predecessor-version":[{"id":24828,"href":"https:\/\/www.gigroupholding.com\/france\/wp-json\/wp\/v2\/sustainable-works\/24443\/revisions\/24828"}],"wp:featuredmedia":[{"embeddable":true,"href":"https:\/\/www.gigroupholding.com\/france\/wp-json\/wp\/v2\/media\/24445"}],"wp:attachment":[{"href":"https:\/\/www.gigroupholding.com\/france\/wp-json\/wp\/v2\/media?parent=24443"}],"wp:term":[{"taxonomy":"sustainable-category","embeddable":true,"href":"https:\/\/www.gigroupholding.com\/france\/wp-json\/wp\/v2\/sustainable-category?post=24443"}],"curies":[{"name":"wp","href":"https:\/\/api.w.org\/{rel}","templated":true}]}}